{"id":2725,"date":"2021-02-18T18:37:33","date_gmt":"2021-02-18T18:37:33","guid":{"rendered":"http:\/\/www.xwih1552.odns.fr\/?page_id=2725"},"modified":"2025-12-23T14:08:26","modified_gmt":"2025-12-23T14:08:26","slug":"breteuil-dans-lhistoire","status":"publish","type":"page","link":"https:\/\/www.breteuil.fr\/fr\/breteuil-dans-lhistoire\/","title":{"rendered":"Breteuil dans l&rsquo;histoire"},"content":{"rendered":"\t\t<div data-elementor-type=\"wp-page\" data-elementor-id=\"2725\" class=\"elementor elementor-2725\" data-elementor-post-type=\"page\">\n\t\t\t\t\t\t<section class=\"elementor-section elementor-top-section elementor-element elementor-element-65736b88 elementor-reverse-mobile elementor-section-boxed elementor-section-height-default elementor-section-height-default\" data-id=\"65736b88\" data-element_type=\"section\" data-settings=\"{&quot;background_background&quot;:&quot;classic&quot;,&quot;shape_divider_bottom&quot;:&quot;waves&quot;,&quot;shape_divider_bottom_negative&quot;:&quot;yes&quot;}\">\n\t\t\t\t\t<div class=\"elementor-shape elementor-shape-bottom\" aria-hidden=\"true\" data-negative=\"true\">\n\t\t\t<svg xmlns=\"http:\/\/www.w3.org\/2000\/svg\" viewBox=\"0 0 1000 100\" preserveAspectRatio=\"none\">\n\t<path class=\"elementor-shape-fill\" d=\"M790.5,93.1c-59.3-5.3-116.8-18-192.6-50c-29.6-12.7-76.9-31-100.5-35.9c-23.6-4.9-52.6-7.8-75.5-5.3\n\tc-10.2,1.1-22.6,1.4-50.1,7.4c-27.2,6.3-58.2,16.6-79.4,24.7c-41.3,15.9-94.9,21.9-134,22.6C72,58.2,0,25.8,0,25.8V100h1000V65.3\n\tc0,0-51.5,19.4-106.2,25.7C839.5,97,814.1,95.2,790.5,93.1z\"\/>\n<\/svg>\t\t<\/div>\n\t\t\t\t\t<div class=\"elementor-container elementor-column-gap-default\">\n\t\t\t\t\t<div class=\"elementor-column elementor-col-100 elementor-top-column elementor-element elementor-element-6177ddc4\" data-id=\"6177ddc4\" data-element_type=\"column\">\n\t\t\t<div class=\"elementor-widget-wrap\">\n\t\t\t\t\t\t\t<\/div>\n\t\t<\/div>\n\t\t\t\t\t<\/div>\n\t\t<\/section>\n\t\t\t\t<section class=\"elementor-section elementor-top-section elementor-element elementor-element-211a4774 elementor-section-boxed elementor-section-height-default elementor-section-height-default\" data-id=\"211a4774\" data-element_type=\"section\">\n\t\t\t\t\t\t<div class=\"elementor-container elementor-column-gap-default\">\n\t\t\t\t\t<div class=\"elementor-column elementor-col-100 elementor-top-column elementor-element elementor-element-2ebf51ef\" data-id=\"2ebf51ef\" data-element_type=\"column\">\n\t\t\t<div class=\"elementor-widget-wrap elementor-element-populated\">\n\t\t\t\t\t\t<div class=\"elementor-element elementor-element-76595892 elementor-widget__width-auto elementor-widget elementor-widget-heading\" data-id=\"76595892\" data-element_type=\"widget\" data-widget_type=\"heading.default\">\n\t\t\t\t<div class=\"elementor-widget-container\">\n\t\t\t\t\t<h4 class=\"elementor-heading-title elementor-size-medium\">D\u00e9couvrir le patrimoine<\/h4>\t\t\t\t<\/div>\n\t\t\t\t<\/div>\n\t\t\t\t<div class=\"elementor-element elementor-element-f6c9a09 elementor-widget elementor-widget-heading\" data-id=\"f6c9a09\" data-element_type=\"widget\" data-widget_type=\"heading.default\">\n\t\t\t\t<div class=\"elementor-widget-container\">\n\t\t\t\t\t<h1 class=\"elementor-heading-title elementor-size-xl\">Breteuil dans l'histoire de France<\/h1>\t\t\t\t<\/div>\n\t\t\t\t<\/div>\n\t\t\t\t<div class=\"elementor-element elementor-element-5f7ab047 elementor-widget-divider--view-line elementor-widget elementor-widget-divider\" data-id=\"5f7ab047\" data-element_type=\"widget\" data-widget_type=\"divider.default\">\n\t\t\t\t<div class=\"elementor-widget-container\">\n\t\t\t\t\t\t\t<div class=\"elementor-divider\">\n\t\t\t<span class=\"elementor-divider-separator\">\n\t\t\t\t\t\t<\/span>\n\t\t<\/div>\n\t\t\t\t\t\t<\/div>\n\t\t\t\t<\/div>\n\t\t\t\t\t<\/div>\n\t\t<\/div>\n\t\t\t\t\t<\/div>\n\t\t<\/section>\n\t\t\t\t<section class=\"elementor-section elementor-top-section elementor-element elementor-element-45d256f3 elementor-section-boxed elementor-section-height-default elementor-section-height-default\" data-id=\"45d256f3\" data-element_type=\"section\">\n\t\t\t\t\t\t<div class=\"elementor-container elementor-column-gap-default\">\n\t\t\t\t\t<div class=\"elementor-column elementor-col-100 elementor-top-column elementor-element elementor-element-65eb281\" data-id=\"65eb281\" data-element_type=\"column\">\n\t\t\t<div class=\"elementor-widget-wrap elementor-element-populated\">\n\t\t\t\t\t\t<div class=\"elementor-element elementor-element-77671d5 elementor-widget elementor-widget-text-editor\" data-id=\"77671d5\" data-element_type=\"widget\" data-widget_type=\"text-editor.default\">\n\t\t\t\t<div class=\"elementor-widget-container\">\n\t\t\t\t\t\t\t\t\tEn visitant le ch\u00e2teau de Breteuil, vous vous laisserez transporter dans un autre temps ! L\u2019architecture du XVII\u00e8me si\u00e8cle, les tableaux royaux, le tr\u00e8s beau mobilier du XVIII\u00e8me si\u00e8cle et l\u2019impressionnante collection de portraits de famille sont le d\u00e9cor prestigieux d\u2019une visite captivante, atypique et rendue ludique par la pr\u00e9sence d\u2019une cinquantaine de personnages de cire r\u00e9alis\u00e9s par le  mus\u00e9e Gr\u00e9vin : Elle retrace l\u2019histoire d\u2019une famille au c\u0153ur de l\u2019Histoire de l\u2019Europe.\t\t\t\t\t\t\t\t<\/div>\n\t\t\t\t<\/div>\n\t\t\t\t<div class=\"elementor-element elementor-element-bd06993 elementor-widget elementor-widget-spacer\" data-id=\"bd06993\" data-element_type=\"widget\" data-widget_type=\"spacer.default\">\n\t\t\t\t<div class=\"elementor-widget-container\">\n\t\t\t\t\t\t\t<div class=\"elementor-spacer\">\n\t\t\t<div class=\"elementor-spacer-inner\"><\/div>\n\t\t<\/div>\n\t\t\t\t\t\t<\/div>\n\t\t\t\t<\/div>\n\t\t\t\t\t<\/div>\n\t\t<\/div>\n\t\t\t\t\t<\/div>\n\t\t<\/section>\n\t\t\t\t<section class=\"elementor-section elementor-top-section elementor-element elementor-element-10832826 elementor-section-boxed elementor-section-height-default elementor-section-height-default\" data-id=\"10832826\" data-element_type=\"section\">\n\t\t\t\t\t\t<div class=\"elementor-container elementor-column-gap-default\">\n\t\t\t\t\t<div class=\"elementor-column elementor-col-100 elementor-top-column elementor-element elementor-element-36da499a\" data-id=\"36da499a\" data-element_type=\"column\">\n\t\t\t<div class=\"elementor-widget-wrap elementor-element-populated\">\n\t\t\t\t\t\t<div class=\"elementor-element elementor-element-5feb829d elementor-widget elementor-widget-heading\" data-id=\"5feb829d\" data-element_type=\"widget\" data-widget_type=\"heading.default\">\n\t\t\t\t<div class=\"elementor-widget-container\">\n\t\t\t\t\t<h2 class=\"elementor-heading-title elementor-size-default\">Les origines du domaine de breteuil<\/h2>\t\t\t\t<\/div>\n\t\t\t\t<\/div>\n\t\t\t\t<section class=\"elementor-section elementor-inner-section elementor-element elementor-element-a352709 elementor-section-boxed elementor-section-height-default elementor-section-height-default\" data-id=\"a352709\" data-element_type=\"section\">\n\t\t\t\t\t\t<div class=\"elementor-container elementor-column-gap-default\">\n\t\t\t\t\t<div class=\"elementor-column elementor-col-50 elementor-inner-column elementor-element elementor-element-c41324a\" data-id=\"c41324a\" data-element_type=\"column\">\n\t\t\t<div class=\"elementor-widget-wrap elementor-element-populated\">\n\t\t\t\t\t\t<div class=\"elementor-element elementor-element-fa7faa4 elementor-widget elementor-widget-image\" data-id=\"fa7faa4\" data-element_type=\"widget\" data-widget_type=\"image.default\">\n\t\t\t\t<div class=\"elementor-widget-container\">\n\t\t\t\t\t\t\t\t\t\t\t\t\t\t\t<img fetchpriority=\"high\" decoding=\"async\" width=\"300\" height=\"300\" src=\"https:\/\/www.breteuil.fr\/wp-content\/uploads\/2021\/02\/chateaudebreteuil-armoiries-breteuil-nec-spec-nec-metu-300x300.jpg\" class=\"attachment-medium size-medium wp-image-2834\" alt=\"\" srcset=\"https:\/\/www.breteuil.fr\/wp-content\/uploads\/2021\/02\/chateaudebreteuil-armoiries-breteuil-nec-spec-nec-metu-300x300.jpg 300w, https:\/\/www.breteuil.fr\/wp-content\/uploads\/2021\/02\/chateaudebreteuil-armoiries-breteuil-nec-spec-nec-metu-150x150.jpg 150w, https:\/\/www.breteuil.fr\/wp-content\/uploads\/2021\/02\/chateaudebreteuil-armoiries-breteuil-nec-spec-nec-metu-768x768.jpg 768w, https:\/\/www.breteuil.fr\/wp-content\/uploads\/2021\/02\/chateaudebreteuil-armoiries-breteuil-nec-spec-nec-metu.jpg 1000w\" sizes=\"(max-width: 300px) 100vw, 300px\" \/>\t\t\t\t\t\t\t\t\t\t\t\t\t\t\t<\/div>\n\t\t\t\t<\/div>\n\t\t\t\t\t<\/div>\n\t\t<\/div>\n\t\t\t\t<div class=\"elementor-column elementor-col-50 elementor-inner-column elementor-element elementor-element-5a52427\" data-id=\"5a52427\" data-element_type=\"column\">\n\t\t\t<div class=\"elementor-widget-wrap elementor-element-populated\">\n\t\t\t\t\t\t<div class=\"elementor-element elementor-element-37c8e55 elementor-widget elementor-widget-text-editor\" data-id=\"37c8e55\" data-element_type=\"widget\" data-widget_type=\"text-editor.default\">\n\t\t\t\t<div class=\"elementor-widget-container\">\n\t\t\t\t\t\t\t\t\t<p>Breteuil est b\u00e2ti sur un promontoire dominant la vall\u00e9e de Chevreuse. Le lieu porte le nom de Bevilliers en souvenir des deux villas (fermes) qui auraient \u00e9t\u00e9 construites sur le site \u00e0 l\u2019\u00e9poque gallo-romaine. Avant que la famille Breteuil ne s\u2019attache \u00e0 cette terre, leur nom appara\u00eet en Normandie d\u00e8s 1066 lorsque Guillaume Osbern est fait Comte de Breteuil par Guillaume le Conqu\u00e9rant. Ce dernier le consid\u00e8re comme son plus fid\u00e8le compagnon et le nomme vice-roi d\u2019Angleterre lors de son retour en Normandie.<br \/>A cette m\u00eame \u00e9poque \u00e0 B\u00e9villiers, un ch\u00e2teau fort succ\u00e8de aux villas. Il n\u2019en reste actuellement que le colombier. Les propri\u00e9taires d\u2019alors portent successivement les noms de Choisel, Poissy et Plessis, Allemant, Hotman puis Le Jay.<br \/>Le dernier acte de vente du domaine appel\u00e9 B\u00e9villiers date de 1596. Le vendeur en est Nicolas Le Jay, l\u2019acheteur Thibaut Desportes. Un ch\u00e2teau neuf va \u00eatre d\u00e8s lors construit sur une cour carr\u00e9e avec des foss\u00e9s, un pavillon d\u2019entr\u00e9e et un pont levis. Au fond de la cour se situe le corps de logis donnant sur un jardin d\u2019agr\u00e9ment<\/p>\t\t\t\t\t\t\t\t<\/div>\n\t\t\t\t<\/div>\n\t\t\t\t\t<\/div>\n\t\t<\/div>\n\t\t\t\t\t<\/div>\n\t\t<\/section>\n\t\t\t\t<div class=\"elementor-element elementor-element-d8cef20 elementor-widget elementor-widget-text-editor\" data-id=\"d8cef20\" data-element_type=\"widget\" data-widget_type=\"text-editor.default\">\n\t\t\t\t<div class=\"elementor-widget-container\">\n\t\t\t\t\t\t\t\t\t<p>Morts sans enfants, les h\u00e9ritiers des Desportes sont d\u2019abord des neveux Chanteclerc puis Renouard et enfin en 1712 Claude Charles de Breteuil (1697-1735) qui \u00e9pousera plus tard Laura O\u2019Brien de Clare (1700-1781) ni\u00e8ce du Mar\u00e9chal de Berwick. D\u00e8s lors, le ch\u00e2teau sera transmis de p\u00e8re en fils dans cette famille.<\/p>\t\t\t\t\t\t\t\t<\/div>\n\t\t\t\t<\/div>\n\t\t\t\t\t<\/div>\n\t\t<\/div>\n\t\t\t\t\t<\/div>\n\t\t<\/section>\n\t\t\t\t<section class=\"elementor-section elementor-top-section elementor-element elementor-element-1616535 elementor-section-boxed elementor-section-height-default elementor-section-height-default\" data-id=\"1616535\" data-element_type=\"section\">\n\t\t\t\t\t\t<div class=\"elementor-container elementor-column-gap-default\">\n\t\t\t\t\t<div class=\"elementor-column elementor-col-100 elementor-top-column elementor-element elementor-element-0140504\" data-id=\"0140504\" data-element_type=\"column\">\n\t\t\t<div class=\"elementor-widget-wrap elementor-element-populated\">\n\t\t\t\t\t\t<div class=\"elementor-element elementor-element-f42d89d elementor-widget elementor-widget-spacer\" data-id=\"f42d89d\" data-element_type=\"widget\" data-widget_type=\"spacer.default\">\n\t\t\t\t<div class=\"elementor-widget-container\">\n\t\t\t\t\t\t\t<div class=\"elementor-spacer\">\n\t\t\t<div class=\"elementor-spacer-inner\"><\/div>\n\t\t<\/div>\n\t\t\t\t\t\t<\/div>\n\t\t\t\t<\/div>\n\t\t\t\t<div class=\"elementor-element elementor-element-1112d7c elementor-widget elementor-widget-heading\" data-id=\"1112d7c\" data-element_type=\"widget\" data-widget_type=\"heading.default\">\n\t\t\t\t<div class=\"elementor-widget-container\">\n\t\t\t\t\t<h2 class=\"elementor-heading-title elementor-size-default\">La famille de breteuil et le grand si\u00e8cle<\/h2>\t\t\t\t<\/div>\n\t\t\t\t<\/div>\n\t\t\t\t\t<\/div>\n\t\t<\/div>\n\t\t\t\t\t<\/div>\n\t\t<\/section>\n\t\t\t\t<section class=\"elementor-section elementor-top-section elementor-element elementor-element-4b4e2e6 elementor-section-boxed elementor-section-height-default elementor-section-height-default\" data-id=\"4b4e2e6\" data-element_type=\"section\">\n\t\t\t\t\t\t<div class=\"elementor-container elementor-column-gap-default\">\n\t\t\t\t\t<div class=\"elementor-column elementor-col-50 elementor-top-column elementor-element elementor-element-1761962\" data-id=\"1761962\" data-element_type=\"column\">\n\t\t\t<div class=\"elementor-widget-wrap elementor-element-populated\">\n\t\t\t\t\t\t<div class=\"elementor-element elementor-element-f3af1e7 elementor-widget elementor-widget-text-editor\" data-id=\"f3af1e7\" data-element_type=\"widget\" data-widget_type=\"text-editor.default\">\n\t\t\t\t<div class=\"elementor-widget-container\">\n\t\t\t\t\t\t\t\t\t<p>Les Breteuil vont s\u2019illustrer tout au cours des XVIIe et XVIIIe si\u00e8cles.<\/p><p>Louis de Breteuil conna\u00eet une belle r\u00e9ussite qui le conduit de la robe \u00e0 la Cour.<br \/>Il commence sa carri\u00e8re comme conseiller au Parlement de Bretagne en 1632, puis de Paris en 1637. En 1644, il devient ma\u00eetre des Requ\u00eates au Conseil du roi. En 1646, on le retrouve intendant du Languedoc en puis de Paris en 1653. En 1657, il est nomm\u00e9 Contr\u00f4leur g\u00e9n\u00e9ral des Finances sur une proposition du Cardinal Mazarin. Il est ainsi le premier de la famille \u00e0 avoir un rang de ministre. C\u2019est lui qui initie Colbert aux comptes de la Nation.<br \/>En 1665, Colbert assume seul cette fonction apr\u00e8s la chute du surintendant Fouquet, survenue en 1661, et la r\u00e9organisation du d\u00e9partement minist\u00e9riel. Louis n\u2019en demeure pas moins conseiller d\u2019Etat jusqu\u2019\u00e0 sa mort. <a href=\"#\">Charles Perrault<\/a> fut l\u2019un de ses proches collaborateurs.<\/p>\t\t\t\t\t\t\t\t<\/div>\n\t\t\t\t<\/div>\n\t\t\t\t\t<\/div>\n\t\t<\/div>\n\t\t\t\t<div class=\"elementor-column elementor-col-50 elementor-top-column elementor-element elementor-element-ebc35f6\" data-id=\"ebc35f6\" data-element_type=\"column\">\n\t\t\t<div class=\"elementor-widget-wrap elementor-element-populated\">\n\t\t\t\t\t\t<div class=\"elementor-element elementor-element-b93d760 elementor-widget elementor-widget-gallery\" data-id=\"b93d760\" data-element_type=\"widget\" data-settings=\"{&quot;columns&quot;:1,&quot;lazyload&quot;:&quot;yes&quot;,&quot;gallery_layout&quot;:&quot;grid&quot;,&quot;columns_tablet&quot;:2,&quot;columns_mobile&quot;:1,&quot;gap&quot;:{&quot;unit&quot;:&quot;px&quot;,&quot;size&quot;:10,&quot;sizes&quot;:[]},&quot;gap_tablet&quot;:{&quot;unit&quot;:&quot;px&quot;,&quot;size&quot;:10,&quot;sizes&quot;:[]},&quot;gap_mobile&quot;:{&quot;unit&quot;:&quot;px&quot;,&quot;size&quot;:10,&quot;sizes&quot;:[]},&quot;link_to&quot;:&quot;file&quot;,&quot;aspect_ratio&quot;:&quot;3:2&quot;,&quot;overlay_background&quot;:&quot;yes&quot;,&quot;content_hover_animation&quot;:&quot;fade-in&quot;}\" data-widget_type=\"gallery.default\">\n\t\t\t\t<div class=\"elementor-widget-container\">\n\t\t\t\t\t\t\t<div class=\"elementor-gallery__container\">\n\t\t\t\t\t\t\t<a class=\"e-gallery-item elementor-gallery-item elementor-animated-content\" href=\"https:\/\/www.breteuil.fr\/wp-content\/uploads\/2021\/03\/chateaudebreteuil-louis-de-breteuil.jpg\" data-elementor-open-lightbox=\"yes\" data-elementor-lightbox-slideshow=\"b93d760\" data-elementor-lightbox-title=\"Portrait de Louis Nicolas de Breteuil\" data-elementor-lightbox-description=\"Portrait de Louis Nicolas de Breteuil\" data-e-action-hash=\"#elementor-action%3Aaction%3Dlightbox%26settings%3DeyJpZCI6Mzg1MSwidXJsIjoiaHR0cHM6XC9cL3d3dy5icmV0ZXVpbC5mclwvd3AtY29udGVudFwvdXBsb2Fkc1wvMjAyMVwvMDNcL2NoYXRlYXVkZWJyZXRldWlsLWxvdWlzLWRlLWJyZXRldWlsLmpwZyIsInNsaWRlc2hvdyI6ImI5M2Q3NjAifQ%3D%3D\">\n\t\t\t\t\t<div class=\"e-gallery-image elementor-gallery-item__image\" data-thumbnail=\"https:\/\/www.breteuil.fr\/wp-content\/uploads\/2021\/03\/chateaudebreteuil-louis-de-breteuil-768x960.jpg\" data-width=\"768\" data-height=\"960\" aria-label=\"Portrait de Louis Nicolas de Breteuil\" role=\"img\" ><\/div>\n\t\t\t\t\t\t\t\t\t\t\t<div class=\"elementor-gallery-item__overlay\"><\/div>\n\t\t\t\t\t\t\t\t\t\t\t\t\t\t<\/a>\n\t\t\t\t\t<\/div>\n\t\t\t\t\t<\/div>\n\t\t\t\t<\/div>\n\t\t\t\t\t<\/div>\n\t\t<\/div>\n\t\t\t\t\t<\/div>\n\t\t<\/section>\n\t\t\t\t<section class=\"elementor-section elementor-top-section elementor-element elementor-element-8b6616d elementor-section-boxed elementor-section-height-default elementor-section-height-default\" data-id=\"8b6616d\" data-element_type=\"section\">\n\t\t\t\t\t\t<div class=\"elementor-container elementor-column-gap-default\">\n\t\t\t\t\t<div class=\"elementor-column elementor-col-100 elementor-top-column elementor-element elementor-element-a2dd28e\" data-id=\"a2dd28e\" data-element_type=\"column\">\n\t\t\t<div class=\"elementor-widget-wrap elementor-element-populated\">\n\t\t\t\t\t\t<div class=\"elementor-element elementor-element-72e52eb elementor-widget elementor-widget-text-editor\" data-id=\"72e52eb\" data-element_type=\"widget\" data-widget_type=\"text-editor.default\">\n\t\t\t\t<div class=\"elementor-widget-container\">\n\t\t\t\t\t\t\t\t\tLouis Nicolas, le septi\u00e8me fils de Louis, premier Baron de Preuilly et de Breteuil est envoy\u00e9 extraordinaire \u00e0 la cour de Mantoue (1682) avant d\u2019obtenir la charge prestigieuse d\u2019Introducteur des Ambassadeurs et Princes \u00e9trangers aupr\u00e8s de Louis XIV. A ce titre, il fixe avec la plus grande pr\u00e9cision, les r\u00e8gles du protocole \u00e0 la cour de Versailles et les consigne dans ses m\u00e9moires.\t\t\t\t\t\t\t\t<\/div>\n\t\t\t\t<\/div>\n\t\t\t\t\t<\/div>\n\t\t<\/div>\n\t\t\t\t\t<\/div>\n\t\t<\/section>\n\t\t\t\t<section class=\"elementor-section elementor-top-section elementor-element elementor-element-1dc4816 elementor-section-boxed elementor-section-height-default elementor-section-height-default\" data-id=\"1dc4816\" data-element_type=\"section\">\n\t\t\t\t\t\t<div class=\"elementor-container elementor-column-gap-default\">\n\t\t\t\t\t<div class=\"elementor-column elementor-col-100 elementor-top-column elementor-element elementor-element-c56a21a\" data-id=\"c56a21a\" data-element_type=\"column\">\n\t\t\t<div class=\"elementor-widget-wrap elementor-element-populated\">\n\t\t\t\t\t\t<div class=\"elementor-element elementor-element-dd3c682 elementor-widget elementor-widget-gallery\" data-id=\"dd3c682\" data-element_type=\"widget\" data-settings=\"{&quot;columns&quot;:2,&quot;lazyload&quot;:&quot;yes&quot;,&quot;gallery_layout&quot;:&quot;grid&quot;,&quot;columns_tablet&quot;:2,&quot;columns_mobile&quot;:1,&quot;gap&quot;:{&quot;unit&quot;:&quot;px&quot;,&quot;size&quot;:10,&quot;sizes&quot;:[]},&quot;gap_tablet&quot;:{&quot;unit&quot;:&quot;px&quot;,&quot;size&quot;:10,&quot;sizes&quot;:[]},&quot;gap_mobile&quot;:{&quot;unit&quot;:&quot;px&quot;,&quot;size&quot;:10,&quot;sizes&quot;:[]},&quot;link_to&quot;:&quot;file&quot;,&quot;aspect_ratio&quot;:&quot;3:2&quot;,&quot;overlay_background&quot;:&quot;yes&quot;,&quot;content_hover_animation&quot;:&quot;fade-in&quot;}\" data-widget_type=\"gallery.default\">\n\t\t\t\t<div class=\"elementor-widget-container\">\n\t\t\t\t\t\t\t<div class=\"elementor-gallery__container\">\n\t\t\t\t\t\t\t<a class=\"e-gallery-item elementor-gallery-item elementor-animated-content\" href=\"https:\/\/www.breteuil.fr\/wp-content\/uploads\/2021\/03\/chateaudebreteuil-louis-nicolas-de-breteuil.jpg\" data-elementor-open-lightbox=\"yes\" data-elementor-lightbox-slideshow=\"dd3c682\" data-elementor-lightbox-title=\"Portrait de Louis Nicolas de Breteuil\" data-elementor-lightbox-description=\"Portrait de Louis Nicolas de Breteuil\" data-e-action-hash=\"#elementor-action%3Aaction%3Dlightbox%26settings%3DeyJpZCI6Mzg1MiwidXJsIjoiaHR0cHM6XC9cL3d3dy5icmV0ZXVpbC5mclwvd3AtY29udGVudFwvdXBsb2Fkc1wvMjAyMVwvMDNcL2NoYXRlYXVkZWJyZXRldWlsLWxvdWlzLW5pY29sYXMtZGUtYnJldGV1aWwuanBnIiwic2xpZGVzaG93IjoiZGQzYzY4MiJ9\">\n\t\t\t\t\t<div class=\"e-gallery-image elementor-gallery-item__image\" data-thumbnail=\"https:\/\/www.breteuil.fr\/wp-content\/uploads\/2021\/03\/chateaudebreteuil-louis-nicolas-de-breteuil-768x960.jpg\" data-width=\"768\" data-height=\"960\" aria-label=\"Portrait de Louis Nicolas de Breteuil\" role=\"img\" ><\/div>\n\t\t\t\t\t\t\t\t\t\t\t<div class=\"elementor-gallery-item__overlay\"><\/div>\n\t\t\t\t\t\t\t\t\t\t\t\t\t\t<\/a>\n\t\t\t\t\t\t\t<a class=\"e-gallery-item elementor-gallery-item elementor-animated-content\" href=\"https:\/\/www.breteuil.fr\/wp-content\/uploads\/2021\/03\/chateaudebreteuil-gabrielle-anne-de-breteuil.jpg\" data-elementor-open-lightbox=\"yes\" data-elementor-lightbox-slideshow=\"dd3c682\" data-elementor-lightbox-title=\"Portrait de Gabrielle Anne de Breteuil\" data-elementor-lightbox-description=\"Portrait de Gabrielle Anne de Breteuil\" data-e-action-hash=\"#elementor-action%3Aaction%3Dlightbox%26settings%3DeyJpZCI6Mzg0OCwidXJsIjoiaHR0cHM6XC9cL3d3dy5icmV0ZXVpbC5mclwvd3AtY29udGVudFwvdXBsb2Fkc1wvMjAyMVwvMDNcL2NoYXRlYXVkZWJyZXRldWlsLWdhYnJpZWxsZS1hbm5lLWRlLWJyZXRldWlsLmpwZyIsInNsaWRlc2hvdyI6ImRkM2M2ODIifQ%3D%3D\">\n\t\t\t\t\t<div class=\"e-gallery-image elementor-gallery-item__image\" data-thumbnail=\"https:\/\/www.breteuil.fr\/wp-content\/uploads\/2021\/03\/chateaudebreteuil-gabrielle-anne-de-breteuil-768x960.jpg\" data-width=\"768\" data-height=\"960\" aria-label=\"Portrait de Gabrielle Anne de Breteuil\" role=\"img\" ><\/div>\n\t\t\t\t\t\t\t\t\t\t\t<div class=\"elementor-gallery-item__overlay\"><\/div>\n\t\t\t\t\t\t\t\t\t\t\t\t\t\t<\/a>\n\t\t\t\t\t<\/div>\n\t\t\t\t\t<\/div>\n\t\t\t\t<\/div>\n\t\t\t\t<div class=\"elementor-element elementor-element-7c05e7b elementor-widget elementor-widget-spacer\" data-id=\"7c05e7b\" data-element_type=\"widget\" data-widget_type=\"spacer.default\">\n\t\t\t\t<div class=\"elementor-widget-container\">\n\t\t\t\t\t\t\t<div class=\"elementor-spacer\">\n\t\t\t<div class=\"elementor-spacer-inner\"><\/div>\n\t\t<\/div>\n\t\t\t\t\t\t<\/div>\n\t\t\t\t<\/div>\n\t\t\t\t\t<\/div>\n\t\t<\/div>\n\t\t\t\t\t<\/div>\n\t\t<\/section>\n\t\t\t\t<section class=\"elementor-section elementor-top-section elementor-element elementor-element-f7bfafa elementor-section-boxed elementor-section-height-default elementor-section-height-default\" data-id=\"f7bfafa\" data-element_type=\"section\">\n\t\t\t\t\t\t<div class=\"elementor-container elementor-column-gap-default\">\n\t\t\t\t\t<div class=\"elementor-column elementor-col-100 elementor-top-column elementor-element elementor-element-f9a3123\" data-id=\"f9a3123\" data-element_type=\"column\">\n\t\t\t<div class=\"elementor-widget-wrap elementor-element-populated\">\n\t\t\t\t\t\t<div class=\"elementor-element elementor-element-d2b517b elementor-widget elementor-widget-heading\" data-id=\"d2b517b\" data-element_type=\"widget\" data-widget_type=\"heading.default\">\n\t\t\t\t<div class=\"elementor-widget-container\">\n\t\t\t\t\t<h2 class=\"elementor-heading-title elementor-size-default\">LA FAMILLE DE BRETEUIL, ACTRICE DU SI\u00c8CLE DES LUMI\u00c8RES\u200b<\/h2>\t\t\t\t<\/div>\n\t\t\t\t<\/div>\n\t\t\t\t\t<\/div>\n\t\t<\/div>\n\t\t\t\t\t<\/div>\n\t\t<\/section>\n\t\t\t\t<section class=\"elementor-section elementor-top-section elementor-element elementor-element-1194332 elementor-section-boxed elementor-section-height-default elementor-section-height-default\" data-id=\"1194332\" data-element_type=\"section\">\n\t\t\t\t\t\t<div class=\"elementor-container elementor-column-gap-default\">\n\t\t\t\t\t<div class=\"elementor-column elementor-col-50 elementor-top-column elementor-element elementor-element-324a886\" data-id=\"324a886\" data-element_type=\"column\">\n\t\t\t<div class=\"elementor-widget-wrap elementor-element-populated\">\n\t\t\t\t\t\t<div class=\"elementor-element elementor-element-4f8274c elementor-widget elementor-widget-text-editor\" data-id=\"4f8274c\" data-element_type=\"widget\" data-widget_type=\"text-editor.default\">\n\t\t\t\t<div class=\"elementor-widget-container\">\n\t\t\t\t\t\t\t\t\t<p>Louis Nicolas de Breteuil et Gabrielle Anne de Froullay donnent naissance \u00e0 Gabrielle Emilie de Breteuil, future Marquise du Ch\u00e2telet et premi\u00e8re femme de sciences de notre histoire.<\/p><p>Totalement acquise aux <i>Principes Math\u00e9matiques<\/i> de Newton \u00e9crits dans un latin tr\u00e8s difficile, elle traduit et commente cet ouvrage afin de le mettre \u00e0 la port\u00e9e des scientifiques de son \u00e9poque. Elle compl\u00e8te l\u2019\u0153uvre de ses nouvelles d\u00e9couvertes. Aujourd\u2019hui encore des travaux retiennent l\u2019attention des chercheurs du monde entier.<\/p><p>Vivant 15 ans avec Voltaire, ils forment l\u2019un des plus c\u00e9l\u00e8bres couples du XVIIIe si\u00e8cle.<\/p><p>Cette brillante Femme des Lumi\u00e8res compte parmi les anc\u00eatres les plus illustres de la famille.<\/p><p>Ses appartements, chambre et salon de musique, rappellent son appartenance \u00e0 la famille de Breteuil.<\/p>\t\t\t\t\t\t\t\t<\/div>\n\t\t\t\t<\/div>\n\t\t\t\t\t<\/div>\n\t\t<\/div>\n\t\t\t\t<div class=\"elementor-column elementor-col-50 elementor-top-column elementor-element elementor-element-d363e3e\" data-id=\"d363e3e\" data-element_type=\"column\">\n\t\t\t<div class=\"elementor-widget-wrap elementor-element-populated\">\n\t\t\t\t\t\t<div class=\"elementor-element elementor-element-4ecfaa2 elementor-widget elementor-widget-gallery\" data-id=\"4ecfaa2\" data-element_type=\"widget\" data-settings=\"{&quot;columns&quot;:2,&quot;aspect_ratio&quot;:&quot;9:16&quot;,&quot;lazyload&quot;:&quot;yes&quot;,&quot;gallery_layout&quot;:&quot;grid&quot;,&quot;columns_tablet&quot;:2,&quot;columns_mobile&quot;:1,&quot;gap&quot;:{&quot;unit&quot;:&quot;px&quot;,&quot;size&quot;:10,&quot;sizes&quot;:[]},&quot;gap_tablet&quot;:{&quot;unit&quot;:&quot;px&quot;,&quot;size&quot;:10,&quot;sizes&quot;:[]},&quot;gap_mobile&quot;:{&quot;unit&quot;:&quot;px&quot;,&quot;size&quot;:10,&quot;sizes&quot;:[]},&quot;link_to&quot;:&quot;file&quot;,&quot;overlay_background&quot;:&quot;yes&quot;,&quot;content_hover_animation&quot;:&quot;fade-in&quot;}\" data-widget_type=\"gallery.default\">\n\t\t\t\t<div class=\"elementor-widget-container\">\n\t\t\t\t\t\t\t<div class=\"elementor-gallery__container\">\n\t\t\t\t\t\t\t<a class=\"e-gallery-item elementor-gallery-item elementor-animated-content\" href=\"https:\/\/www.breteuil.fr\/wp-content\/uploads\/2021\/02\/chateaudebreteuil-portrait-voltaire-gabrielle-emilie-chatelet.jpg\" data-elementor-open-lightbox=\"yes\" data-elementor-lightbox-slideshow=\"4ecfaa2\" data-elementor-lightbox-title=\"chateaudebreteuil-portrait-voltaire-gabrielle-emilie-chatelet\" data-e-action-hash=\"#elementor-action%3Aaction%3Dlightbox%26settings%3DeyJpZCI6Mjg1NCwidXJsIjoiaHR0cHM6XC9cL3d3dy5icmV0ZXVpbC5mclwvd3AtY29udGVudFwvdXBsb2Fkc1wvMjAyMVwvMDJcL2NoYXRlYXVkZWJyZXRldWlsLXBvcnRyYWl0LXZvbHRhaXJlLWdhYnJpZWxsZS1lbWlsaWUtY2hhdGVsZXQuanBnIiwic2xpZGVzaG93IjoiNGVjZmFhMiJ9\">\n\t\t\t\t\t<div class=\"e-gallery-image elementor-gallery-item__image\" data-thumbnail=\"https:\/\/www.breteuil.fr\/wp-content\/uploads\/2021\/02\/chateaudebreteuil-portrait-voltaire-gabrielle-emilie-chatelet-768x964.jpg\" data-width=\"768\" data-height=\"964\" aria-label=\"\" role=\"img\" ><\/div>\n\t\t\t\t\t\t\t\t\t\t\t<div class=\"elementor-gallery-item__overlay\"><\/div>\n\t\t\t\t\t\t\t\t\t\t\t\t\t\t<\/a>\n\t\t\t\t\t\t\t<a class=\"e-gallery-item elementor-gallery-item elementor-animated-content\" href=\"https:\/\/www.breteuil.fr\/wp-content\/uploads\/2021\/03\/chateaudebreteuil-salon-musique.jpg\" data-elementor-open-lightbox=\"yes\" data-elementor-lightbox-slideshow=\"4ecfaa2\" data-elementor-lightbox-title=\"Le salon de musique d&#039;Emilie du Ch\u00e2telet\" data-elementor-lightbox-description=\"Le salon de musique d&#039;Emilie du Ch\u00e2telet\" data-e-action-hash=\"#elementor-action%3Aaction%3Dlightbox%26settings%3DeyJpZCI6Mzg1NywidXJsIjoiaHR0cHM6XC9cL3d3dy5icmV0ZXVpbC5mclwvd3AtY29udGVudFwvdXBsb2Fkc1wvMjAyMVwvMDNcL2NoYXRlYXVkZWJyZXRldWlsLXNhbG9uLW11c2lxdWUuanBnIiwic2xpZGVzaG93IjoiNGVjZmFhMiJ9\">\n\t\t\t\t\t<div class=\"e-gallery-image elementor-gallery-item__image\" data-thumbnail=\"https:\/\/www.breteuil.fr\/wp-content\/uploads\/2021\/03\/chateaudebreteuil-salon-musique-768x512.jpg\" data-width=\"768\" data-height=\"512\" aria-label=\"Le salon de musique d&#039;Emilie du Ch\u00e2telet\" role=\"img\" ><\/div>\n\t\t\t\t\t\t\t\t\t\t\t<div class=\"elementor-gallery-item__overlay\"><\/div>\n\t\t\t\t\t\t\t\t\t\t\t\t\t\t<\/a>\n\t\t\t\t\t<\/div>\n\t\t\t\t\t<\/div>\n\t\t\t\t<\/div>\n\t\t\t\t\t<\/div>\n\t\t<\/div>\n\t\t\t\t\t<\/div>\n\t\t<\/section>\n\t\t\t\t<section class=\"elementor-section elementor-top-section elementor-element elementor-element-0b5af4c elementor-section-boxed elementor-section-height-default elementor-section-height-default\" data-id=\"0b5af4c\" data-element_type=\"section\">\n\t\t\t\t\t\t<div class=\"elementor-container elementor-column-gap-default\">\n\t\t\t\t\t<div class=\"elementor-column elementor-col-100 elementor-top-column elementor-element elementor-element-b0fae86\" data-id=\"b0fae86\" data-element_type=\"column\">\n\t\t\t<div class=\"elementor-widget-wrap elementor-element-populated\">\n\t\t\t\t\t\t<div class=\"elementor-element elementor-element-019b225 elementor-widget elementor-widget-text-editor\" data-id=\"019b225\" data-element_type=\"widget\" data-widget_type=\"text-editor.default\">\n\t\t\t\t<div class=\"elementor-widget-container\">\n\t\t\t\t\t\t\t\t\t<p>Cousin germain d\u2019Emilie du Ch\u00e2telet, Fran\u00e7ois Victor de Breteuil est ministre de la guerre de Louis XV de 1723 \u00e0 1726. Il est rappel\u00e9 \u00e0 ce poste en 1738 \u00e0 la demande de l\u2019arm\u00e9e. Il est l\u2019instigateur d\u2019une importante r\u00e9forme visant \u00e0 d\u00e9mocratiser l\u2019acc\u00e8s au grade d\u2019officier. Il fait partie du Conseil du Roi o\u00f9 il occupe la place vis-\u00e0-vis du souverain. Chef de famille car descendant du fils ain\u00e9 de Louis, le ministre de Louis XIV, il porte le titre de Marquis de Fontenay Tr\u00e9signy et de Breteuil. Son souvenir est \u00e9voqu\u00e9 dans \u00ab le salon des quatre saisons \u00bb au d\u00e9but de la visite.<\/p>\t\t\t\t\t\t\t\t<\/div>\n\t\t\t\t<\/div>\n\t\t\t\t\t<\/div>\n\t\t<\/div>\n\t\t\t\t\t<\/div>\n\t\t<\/section>\n\t\t\t\t<section class=\"elementor-section elementor-top-section elementor-element elementor-element-a5ae43a elementor-section-boxed elementor-section-height-default elementor-section-height-default\" data-id=\"a5ae43a\" data-element_type=\"section\">\n\t\t\t\t\t\t<div class=\"elementor-container elementor-column-gap-default\">\n\t\t\t\t\t<div class=\"elementor-column elementor-col-50 elementor-top-column elementor-element elementor-element-603f64c\" data-id=\"603f64c\" data-element_type=\"column\">\n\t\t\t<div class=\"elementor-widget-wrap elementor-element-populated\">\n\t\t\t\t\t\t<div class=\"elementor-element elementor-element-22f8584 elementor-widget elementor-widget-gallery\" data-id=\"22f8584\" data-element_type=\"widget\" data-settings=\"{&quot;columns&quot;:2,&quot;aspect_ratio&quot;:&quot;9:16&quot;,&quot;lazyload&quot;:&quot;yes&quot;,&quot;gallery_layout&quot;:&quot;grid&quot;,&quot;columns_tablet&quot;:2,&quot;columns_mobile&quot;:1,&quot;gap&quot;:{&quot;unit&quot;:&quot;px&quot;,&quot;size&quot;:10,&quot;sizes&quot;:[]},&quot;gap_tablet&quot;:{&quot;unit&quot;:&quot;px&quot;,&quot;size&quot;:10,&quot;sizes&quot;:[]},&quot;gap_mobile&quot;:{&quot;unit&quot;:&quot;px&quot;,&quot;size&quot;:10,&quot;sizes&quot;:[]},&quot;link_to&quot;:&quot;file&quot;,&quot;overlay_background&quot;:&quot;yes&quot;,&quot;content_hover_animation&quot;:&quot;fade-in&quot;}\" data-widget_type=\"gallery.default\">\n\t\t\t\t<div class=\"elementor-widget-container\">\n\t\t\t\t\t\t\t<div class=\"elementor-gallery__container\">\n\t\t\t\t\t\t\t<a class=\"e-gallery-item elementor-gallery-item elementor-animated-content\" href=\"https:\/\/www.breteuil.fr\/wp-content\/uploads\/2021\/03\/chateaudebreteuil-louis-auguste-baron-breteuil.jpg\" data-elementor-open-lightbox=\"yes\" data-elementor-lightbox-slideshow=\"22f8584\" data-elementor-lightbox-title=\"Buste de Louis Auguste, baron de Breteuil\" data-elementor-lightbox-description=\"Buste de Louis Auguste, baron de Breteuil\" data-e-action-hash=\"#elementor-action%3Aaction%3Dlightbox%26settings%3DeyJpZCI6Mzg1MCwidXJsIjoiaHR0cHM6XC9cL3d3dy5icmV0ZXVpbC5mclwvd3AtY29udGVudFwvdXBsb2Fkc1wvMjAyMVwvMDNcL2NoYXRlYXVkZWJyZXRldWlsLWxvdWlzLWF1Z3VzdGUtYmFyb24tYnJldGV1aWwuanBnIiwic2xpZGVzaG93IjoiMjJmODU4NCJ9\">\n\t\t\t\t\t<div class=\"e-gallery-image elementor-gallery-item__image\" data-thumbnail=\"https:\/\/www.breteuil.fr\/wp-content\/uploads\/2021\/03\/chateaudebreteuil-louis-auguste-baron-breteuil.jpg\" data-width=\"714\" data-height=\"1000\" aria-label=\"Buste de Louis Auguste, baron de Breteuil\" role=\"img\" ><\/div>\n\t\t\t\t\t\t\t\t\t\t\t<div class=\"elementor-gallery-item__overlay\"><\/div>\n\t\t\t\t\t\t\t\t\t\t\t\t\t\t<\/a>\n\t\t\t\t\t\t\t<a class=\"e-gallery-item elementor-gallery-item elementor-animated-content\" href=\"https:\/\/www.breteuil.fr\/wp-content\/uploads\/2021\/03\/chateaudebreteuil-pot-punch.jpg\" data-elementor-open-lightbox=\"yes\" data-elementor-lightbox-slideshow=\"22f8584\" data-elementor-lightbox-title=\"Le pot \u00e0 punch\" data-elementor-lightbox-description=\"Le pot \u00e0 punch\" data-e-action-hash=\"#elementor-action%3Aaction%3Dlightbox%26settings%3DeyJpZCI6Mzg1NSwidXJsIjoiaHR0cHM6XC9cL3d3dy5icmV0ZXVpbC5mclwvd3AtY29udGVudFwvdXBsb2Fkc1wvMjAyMVwvMDNcL2NoYXRlYXVkZWJyZXRldWlsLXBvdC1wdW5jaC5qcGciLCJzbGlkZXNob3ciOiIyMmY4NTg0In0%3D\">\n\t\t\t\t\t<div class=\"e-gallery-image elementor-gallery-item__image\" data-thumbnail=\"https:\/\/www.breteuil.fr\/wp-content\/uploads\/2021\/03\/chateaudebreteuil-pot-punch-768x512.jpg\" data-width=\"768\" data-height=\"512\" aria-label=\"Le pot \u00e0 punch\" role=\"img\" ><\/div>\n\t\t\t\t\t\t\t\t\t\t\t<div class=\"elementor-gallery-item__overlay\"><\/div>\n\t\t\t\t\t\t\t\t\t\t\t\t\t\t<\/a>\n\t\t\t\t\t<\/div>\n\t\t\t\t\t<\/div>\n\t\t\t\t<\/div>\n\t\t\t\t\t<\/div>\n\t\t<\/div>\n\t\t\t\t<div class=\"elementor-column elementor-col-50 elementor-top-column elementor-element elementor-element-a16ce3a\" data-id=\"a16ce3a\" data-element_type=\"column\">\n\t\t\t<div class=\"elementor-widget-wrap elementor-element-populated\">\n\t\t\t\t\t\t<div class=\"elementor-element elementor-element-33bd4ef elementor-widget elementor-widget-text-editor\" data-id=\"33bd4ef\" data-element_type=\"widget\" data-widget_type=\"text-editor.default\">\n\t\t\t\t<div class=\"elementor-widget-container\">\n\t\t\t\t\t\t\t\t\t<p>A la veille de la R\u00e9volution, le grand homme de la famille est Louis-Auguste (1730-1807), Baron de Breteuil, arri\u00e8re-petit-fils de Louis et petit-fils de l\u2019Introducteur des Ambassadeurs. Il est de la branche des Barons de Preuilly comme sa tante, Emilie du Ch\u00e2telet.<\/p><p>Diplomate, envoy\u00e9 en mission aux Pays-Bas puis \u00e0 Cologne, il est nomm\u00e9 Ambassadeur successivement \u00e0 Saint P\u00e9tersbourg, Stockholm, Naples et Vienne. Il accepte d\u2019\u00eatre grand viguier d\u2019Andorre ce dont la principaut\u00e9 conserve encore la m\u00e9moire. En prenant ce poste que toutes les personnalit\u00e9s refusaient, il \u00e9vite alors \u00e0 cette principaut\u00e9 d\u2019\u00eatre rattach\u00e9e \u00e0 Pampelune et sauve ainsi son ind\u00e9pendance.<\/p><p>En tant qu\u2019ambassadeur \u00e0 Stockholm, il re\u00e7oit une magnifique vaisselle \u00e0 ses armoiries provenant de la prestigieuse manufacture de Marieberg. Les plus belles pi\u00e8ces dont un monumental pot \u00e0 punch sont \u00e0 d\u00e9couvrir dans le Cabinet des porcelaines du ch\u00e2teau du Breteuil.<\/p>\t\t\t\t\t\t\t\t<\/div>\n\t\t\t\t<\/div>\n\t\t\t\t\t<\/div>\n\t\t<\/div>\n\t\t\t\t\t<\/div>\n\t\t<\/section>\n\t\t\t\t<section class=\"elementor-section elementor-top-section elementor-element elementor-element-9f904f5 elementor-section-boxed elementor-section-height-default elementor-section-height-default\" data-id=\"9f904f5\" data-element_type=\"section\">\n\t\t\t\t\t\t<div class=\"elementor-container elementor-column-gap-default\">\n\t\t\t\t\t<div class=\"elementor-column elementor-col-100 elementor-top-column elementor-element elementor-element-8a2eb29\" data-id=\"8a2eb29\" data-element_type=\"column\">\n\t\t\t<div class=\"elementor-widget-wrap elementor-element-populated\">\n\t\t\t\t\t\t<div class=\"elementor-element elementor-element-a3e6156 elementor-widget elementor-widget-text-editor\" data-id=\"a3e6156\" data-element_type=\"widget\" data-widget_type=\"text-editor.default\">\n\t\t\t\t<div class=\"elementor-widget-container\">\n\t\t\t\t\t\t\t\t\t<p>La mission la plus m\u00e9morable confi\u00e9e par Louis XVI au Baron de Breteuil est celle de M\u00e9diateur entre l\u2019Autriche et la Prusse en conflit \u00e0 la suite de la mort sans h\u00e9ritier direct du Prince Electeur de Bavi\u00e8re en 1778. Il a partag\u00e9 cette responsabilit\u00e9 avec le Prince Repnin, envoy\u00e9 par la Tsarine.<br \/>L\u2019\u00e9lecteur Palatin alli\u00e9 de Joseph II et sa m\u00e8re Marie-Th\u00e9r\u00e8se d\u2019Autriche s\u2019opposaient \u00e0 l\u2019Electeur de Saxe et au Duc des Deux-Ponts, dont les int\u00e9r\u00eats \u00e9taient d\u00e9fendus par le Roi Fr\u00e9d\u00e9ric II de Prusse.<\/p>\t\t\t\t\t\t\t\t<\/div>\n\t\t\t\t<\/div>\n\t\t\t\t\t<\/div>\n\t\t<\/div>\n\t\t\t\t\t<\/div>\n\t\t<\/section>\n\t\t\t\t<section class=\"elementor-section elementor-top-section elementor-element elementor-element-929fea0 elementor-section-boxed elementor-section-height-default elementor-section-height-default\" data-id=\"929fea0\" data-element_type=\"section\">\n\t\t\t\t\t\t<div class=\"elementor-container elementor-column-gap-default\">\n\t\t\t\t\t<div class=\"elementor-column elementor-col-50 elementor-top-column elementor-element elementor-element-2033a36\" data-id=\"2033a36\" data-element_type=\"column\">\n\t\t\t<div class=\"elementor-widget-wrap elementor-element-populated\">\n\t\t\t\t\t\t<div class=\"elementor-element elementor-element-01cf69c elementor-widget elementor-widget-image\" data-id=\"01cf69c\" data-element_type=\"widget\" data-widget_type=\"image.default\">\n\t\t\t\t<div class=\"elementor-widget-container\">\n\t\t\t\t\t\t\t\t\t\t\t\t\t\t\t<img decoding=\"async\" width=\"800\" height=\"1000\" src=\"https:\/\/www.breteuil.fr\/wp-content\/uploads\/2021\/02\/chateaudebreteuil-table-neuber.jpg\" class=\"attachment-large size-large wp-image-2857\" alt=\"\" srcset=\"https:\/\/www.breteuil.fr\/wp-content\/uploads\/2021\/02\/chateaudebreteuil-table-neuber.jpg 800w, https:\/\/www.breteuil.fr\/wp-content\/uploads\/2021\/02\/chateaudebreteuil-table-neuber-240x300.jpg 240w, https:\/\/www.breteuil.fr\/wp-content\/uploads\/2021\/02\/chateaudebreteuil-table-neuber-768x960.jpg 768w\" sizes=\"(max-width: 800px) 100vw, 800px\" \/>\t\t\t\t\t\t\t\t\t\t\t\t\t\t\t<\/div>\n\t\t\t\t<\/div>\n\t\t\t\t\t<\/div>\n\t\t<\/div>\n\t\t\t\t<div class=\"elementor-column elementor-col-50 elementor-top-column elementor-element elementor-element-5817b1a\" data-id=\"5817b1a\" data-element_type=\"column\">\n\t\t\t<div class=\"elementor-widget-wrap elementor-element-populated\">\n\t\t\t\t\t\t<div class=\"elementor-element elementor-element-568c4d3 elementor-widget elementor-widget-text-editor\" data-id=\"568c4d3\" data-element_type=\"widget\" data-widget_type=\"text-editor.default\">\n\t\t\t\t<div class=\"elementor-widget-container\">\n\t\t\t\t\t\t\t\t\t<p>Sous l\u2019instigation du Baron de Breteuil, les \u00e9missaires se sont r\u00e9unis \u00e0 Teschen, petite ville actuellement partag\u00e9e entre la Slovaquie et la Pologne. Les routes pour y acc\u00e9der \u00e9taient ex\u00e9crables et les distractions inexistantes. Teschen ne poss\u00e9dait m\u00eame pas de th\u00e9\u00e2tre ! Les conditions \u00e9taient ainsi r\u00e9unies pour abr\u00e9ger les n\u00e9gociations. Celles-ci ont tout de m\u00eame dur\u00e9 4 mois, la paix a \u00e9t\u00e9 sign\u00e9e le 13 mai 1779 et la Table dite de Teschen a \u00e9t\u00e9 donn\u00e9e au Baron de Breteuil en reconnaissance pour la paix retrouv\u00e9e. Cette table, objet d\u2019art sans \u00e9gal, \u00e0 la fois meuble et bijou, est l\u2019\u0153uvre du grand orf\u00e8vre min\u00e9ralogiste saxon Neuber. En 2015 la Table est c\u00e9d\u00e9e au Louvre. Une fid\u00e8le r\u00e9plique est expos\u00e9e au ch\u00e2teau de Breteuil depuis Avril 2016.<\/p><p>Louis XVI, rassur\u00e9 sur le front de l\u2019Europe peut, d\u00e8s lors, envoyer ses troupes disponibles en Am\u00e9rique dont les colonies sont en r\u00e9volte contre nos ennemis traditionnels, les anglais. Ceci a permis aux Etats-Unis de gagner plus rapidement leur ind\u00e9pendance.<\/p><p>Ministre de la Maison du Roi de 1783 \u00e0 1788, le Baron de Breteuil est per\u00e7u comme le premier ministre de l\u2019int\u00e9rieur dans le sens moderne du mot. Il se passionne pour l\u2019am\u00e9lioration des conditions d\u2019hospitalisation \u00e0 Paris et le portrait de Jean-Laurent Mosnier expos\u00e9 au salon du Louvre de 1787 le repr\u00e9sente montrant les plans de l\u2019h\u00f4tel Dieu. Il travaille \u00e0 l\u2019urbanisme, supprime le dernier pont encombr\u00e9 de boutiques, innove en cr\u00e9ant une avenue montante et une autre descendante s\u00e9par\u00e9es par un terre-plein derri\u00e8re les Invalides, l\u2019actuelle Avenue de Breteuil.<\/p>\t\t\t\t\t\t\t\t<\/div>\n\t\t\t\t<\/div>\n\t\t\t\t\t<\/div>\n\t\t<\/div>\n\t\t\t\t\t<\/div>\n\t\t<\/section>\n\t\t\t\t<section class=\"elementor-section elementor-top-section elementor-element elementor-element-bfb6323 elementor-section-boxed elementor-section-height-default elementor-section-height-default\" data-id=\"bfb6323\" data-element_type=\"section\">\n\t\t\t\t\t\t<div class=\"elementor-container elementor-column-gap-default\">\n\t\t\t\t\t<div class=\"elementor-column elementor-col-100 elementor-top-column elementor-element elementor-element-302ac5a\" data-id=\"302ac5a\" data-element_type=\"column\">\n\t\t\t<div class=\"elementor-widget-wrap elementor-element-populated\">\n\t\t\t\t\t\t<div class=\"elementor-element elementor-element-6761805 elementor-widget elementor-widget-text-editor\" data-id=\"6761805\" data-element_type=\"widget\" data-widget_type=\"text-editor.default\">\n\t\t\t\t<div class=\"elementor-widget-container\">\n\t\t\t\t\t\t\t\t\t<p>Toujours du c\u00f4t\u00e9 des sciences, il encourage les Montgolfier et le physicien Charles. Il soutient les exp\u00e9riences des vols de ballons habit\u00e9s. Sous son minist\u00e8re est cr\u00e9e dans l\u2019arm\u00e9e le corps des a\u00e9rostiers. Ce premier corps volant, pr\u00e9cieux pour l\u2019observation des positions ennemies, a permis \u00e0 l\u2019arm\u00e9e r\u00e9volutionnaire de gagner la bataille de Jemmapes. Il a \u00e9t\u00e9 dispers\u00e9 en Egypte \u00e0 l\u2019\u00e9poque de Napol\u00e9on Bonaparte et non reconstitu\u00e9 ensuite.<br \/>Partisan des libert\u00e9s, Breteuil supprime les lettres de cachet et autorise Beaumarchais \u00e0 faire jouer <em>Le Mariage de Figaro<\/em>, pi\u00e8ce peu respectueuse de l\u2019ordre \u00e9tabli.<\/p>\t\t\t\t\t\t\t\t<\/div>\n\t\t\t\t<\/div>\n\t\t\t\t<div class=\"elementor-element elementor-element-216da32 elementor-widget elementor-widget-heading\" data-id=\"216da32\" data-element_type=\"widget\" data-widget_type=\"heading.default\">\n\t\t\t\t<div class=\"elementor-widget-container\">\n\t\t\t\t\t<h2 class=\"elementor-heading-title elementor-size-default\">La famille de breteuil \u00e0 l'aube de la r\u00e9volution fran\u00e7aise<\/h2>\t\t\t\t<\/div>\n\t\t\t\t<\/div>\n\t\t\t\t<section class=\"elementor-section elementor-inner-section elementor-element elementor-element-a74de9a elementor-section-boxed elementor-section-height-default elementor-section-height-default\" data-id=\"a74de9a\" data-element_type=\"section\">\n\t\t\t\t\t\t<div class=\"elementor-container elementor-column-gap-default\">\n\t\t\t\t\t<div class=\"elementor-column elementor-col-50 elementor-inner-column elementor-element elementor-element-ff48c29\" data-id=\"ff48c29\" data-element_type=\"column\">\n\t\t\t<div class=\"elementor-widget-wrap elementor-element-populated\">\n\t\t\t\t\t\t<div class=\"elementor-element elementor-element-3e5a493 elementor-widget elementor-widget-text-editor\" data-id=\"3e5a493\" data-element_type=\"widget\" data-widget_type=\"text-editor.default\">\n\t\t\t\t<div class=\"elementor-widget-container\">\n\t\t\t\t\t\t\t\t\t<p>Durant son minist\u00e8re, le 15 ao\u00fbt 1785 \u00e9clate l\u2019affaire du Collier de la Reine. Dans \u00ab le salon de la Reine \u00bb est \u00e9voqu\u00e9e gr\u00e2ce au concours du mus\u00e9e Gr\u00e9vin, la signature de l\u2019ordre d\u2019arrestation du Cardinal de Rohan. Celui-ci a achet\u00e9 au nom de la Reine et sans le consentement de celle-ci, un v\u00e9ritable tr\u00e9sor : un collier constitu\u00e9 de pr\u00e8s de 650 diamants. La France est endett\u00e9e, la reine impopulaire. Le Roi, accompagn\u00e9 de Marie-Antoinette et du baron de Breteuil, est furieux. Il ordonne d\u2019arr\u00eater le cardinal en pleine Galerie des Glaces devant une cour m\u00e9dus\u00e9e. En qualit\u00e9 de Ministre de la Maison du Roi, Louis Auguste de Breteuil ex\u00e9cute la volont\u00e9 de Louis XVI et se charge d\u2019organiser l\u2019arrestation.<\/p><p>Le Cardinal de Rohan est emprisonn\u00e9. Apr\u00e8s enqu\u00eate, Madame de La Motte est d\u00e9clar\u00e9e coupable, le Cardinal est innocent\u00e9 mais une campagne m\u00e9diatique sans pr\u00e9c\u00e9dent accable Marie-Antoinette et Louis XVI. Ce scandale renforce l\u2019impopularit\u00e9 du couple royal, une des causes profondes de la R\u00e9volution fran\u00e7aise.<\/p><p>Le collier de la reine, objet du scandale, se trouve dans le cabinet des tr\u00e9sors. La r\u00e9plique pr\u00e9sent\u00e9e dans le ch\u00e2teau de Breteuil est fid\u00e8le au bijou con\u00e7u par les joailliers Bassenge et Bo\u00ebhmer.<\/p>\t\t\t\t\t\t\t\t<\/div>\n\t\t\t\t<\/div>\n\t\t\t\t<div class=\"elementor-element elementor-element-c1e4ffa elementor-widget elementor-widget-spacer\" data-id=\"c1e4ffa\" data-element_type=\"widget\" data-widget_type=\"spacer.default\">\n\t\t\t\t<div class=\"elementor-widget-container\">\n\t\t\t\t\t\t\t<div class=\"elementor-spacer\">\n\t\t\t<div class=\"elementor-spacer-inner\"><\/div>\n\t\t<\/div>\n\t\t\t\t\t\t<\/div>\n\t\t\t\t<\/div>\n\t\t\t\t\t<\/div>\n\t\t<\/div>\n\t\t\t\t<div class=\"elementor-column elementor-col-50 elementor-inner-column elementor-element elementor-element-7e78d44\" data-id=\"7e78d44\" data-element_type=\"column\">\n\t\t\t<div class=\"elementor-widget-wrap elementor-element-populated\">\n\t\t\t\t\t\t<div class=\"elementor-element elementor-element-9403102 elementor-widget elementor-widget-image\" data-id=\"9403102\" data-element_type=\"widget\" data-widget_type=\"image.default\">\n\t\t\t\t<div class=\"elementor-widget-container\">\n\t\t\t\t\t\t\t\t\t\t\t\t\t\t\t<img decoding=\"async\" width=\"1000\" height=\"1000\" src=\"https:\/\/www.breteuil.fr\/wp-content\/uploads\/2021\/02\/chateaudebreteuil-collier-de-la-reine.jpg\" class=\"attachment-large size-large wp-image-2836\" alt=\"\" srcset=\"https:\/\/www.breteuil.fr\/wp-content\/uploads\/2021\/02\/chateaudebreteuil-collier-de-la-reine.jpg 1000w, https:\/\/www.breteuil.fr\/wp-content\/uploads\/2021\/02\/chateaudebreteuil-collier-de-la-reine-300x300.jpg 300w, https:\/\/www.breteuil.fr\/wp-content\/uploads\/2021\/02\/chateaudebreteuil-collier-de-la-reine-150x150.jpg 150w, https:\/\/www.breteuil.fr\/wp-content\/uploads\/2021\/02\/chateaudebreteuil-collier-de-la-reine-768x768.jpg 768w\" sizes=\"(max-width: 1000px) 100vw, 1000px\" \/>\t\t\t\t\t\t\t\t\t\t\t\t\t\t\t<\/div>\n\t\t\t\t<\/div>\n\t\t\t\t\t<\/div>\n\t\t<\/div>\n\t\t\t\t\t<\/div>\n\t\t<\/section>\n\t\t\t\t\t<\/div>\n\t\t<\/div>\n\t\t\t\t\t<\/div>\n\t\t<\/section>\n\t\t\t\t<section class=\"elementor-section elementor-top-section elementor-element elementor-element-af7a420 elementor-section-full_width elementor-section-height-default elementor-section-height-default\" data-id=\"af7a420\" data-element_type=\"section\" data-settings=\"{&quot;background_background&quot;:&quot;classic&quot;}\">\n\t\t\t\t\t\t<div class=\"elementor-container elementor-column-gap-default\">\n\t\t\t\t\t<div class=\"elementor-column elementor-col-100 elementor-top-column elementor-element elementor-element-ad41f19\" data-id=\"ad41f19\" data-element_type=\"column\">\n\t\t\t<div class=\"elementor-widget-wrap elementor-element-populated\">\n\t\t\t\t\t\t<div class=\"elementor-element elementor-element-816f70e elementor-widget elementor-widget-spacer\" data-id=\"816f70e\" data-element_type=\"widget\" data-widget_type=\"spacer.default\">\n\t\t\t\t<div class=\"elementor-widget-container\">\n\t\t\t\t\t\t\t<div class=\"elementor-spacer\">\n\t\t\t<div class=\"elementor-spacer-inner\"><\/div>\n\t\t<\/div>\n\t\t\t\t\t\t<\/div>\n\t\t\t\t<\/div>\n\t\t\t\t\t<\/div>\n\t\t<\/div>\n\t\t\t\t\t<\/div>\n\t\t<\/section>\n\t\t\t\t<section class=\"elementor-section elementor-top-section elementor-element elementor-element-2e20c29 elementor-section-boxed elementor-section-height-default elementor-section-height-default\" data-id=\"2e20c29\" data-element_type=\"section\">\n\t\t\t\t\t\t<div class=\"elementor-container elementor-column-gap-default\">\n\t\t\t\t\t<div class=\"elementor-column elementor-col-100 elementor-top-column elementor-element elementor-element-4588711\" data-id=\"4588711\" data-element_type=\"column\">\n\t\t\t<div class=\"elementor-widget-wrap elementor-element-populated\">\n\t\t\t\t\t\t<div class=\"elementor-element elementor-element-dd7e2f9 elementor-widget elementor-widget-spacer\" data-id=\"dd7e2f9\" data-element_type=\"widget\" data-widget_type=\"spacer.default\">\n\t\t\t\t<div class=\"elementor-widget-container\">\n\t\t\t\t\t\t\t<div class=\"elementor-spacer\">\n\t\t\t<div class=\"elementor-spacer-inner\"><\/div>\n\t\t<\/div>\n\t\t\t\t\t\t<\/div>\n\t\t\t\t<\/div>\n\t\t\t\t<div class=\"elementor-element elementor-element-684aac0 elementor-widget elementor-widget-text-editor\" data-id=\"684aac0\" data-element_type=\"widget\" data-widget_type=\"text-editor.default\">\n\t\t\t\t<div class=\"elementor-widget-container\">\n\t\t\t\t\t\t\t\t\t<p>Le 11 juillet 1789, le roi tr\u00e8s d\u00e9stabilis\u00e9 par la mort de son fils ain\u00e9, le premier Dauphin, et l\u2019agitation des Etats G\u00e9n\u00e9raux renvoi Necker et nomme le Baron de Breteuil Principal Ministre. Il esp\u00e8re reprendre un peu d\u2019autorit\u00e9 et conna\u00eet la fid\u00e9lit\u00e9 de son ancien ministre. Les d\u00e9put\u00e9s des Etats G\u00e9n\u00e9raux et la rue s\u2019inqui\u00e8tent, le 14 juillet le peuple parisien prend la Bastille o\u00f9 il ne trouve qu\u2019un malheureux prisonnier. Monsieur de Launay, le Gouverneur de la Bastille est massacr\u00e9. Sous la pression, le roi renvoi Breteuil et rappelle Necker. Breteuil part en \u00e9migration. Il s\u2019\u00e9tablit en Suisse \u00e0 Soleure, puis \u00e0 Hambourg o\u00f9 il recevra en octobre 1791 une lettre du Roi lui confiant les pleins pouvoirs pour l\u2019aider \u00e0 r\u00e9tablir son autorit\u00e9 pour \u00ab le bonheur de son peuple \u00bb.<\/p><p>Lorsque la R\u00e9volution \u00e9clate, le ch\u00e2teau est poss\u00e9d\u00e9 par deux enfants, Charles 5\u00e8me Marquis de Breteuil (1781-1864) et Laure (future Duchesse de Praslin). Ils restent en France ainsi que leur m\u00e8re. Le ch\u00e2teau est mis sous s\u00e9questre mais les enfants en gardent la propri\u00e9t\u00e9. Les difficult\u00e9s sont innombrables.<\/p><p><span style=\"font-size: 14px; font-style: normal; font-weight: 400;\">Les enfants Charles et Laure sont confi\u00e9s \u00e0 un serrurier afin d\u2019en assurer la bonne \u00e9ducation. Dans ce but, ils sont emmen\u00e9s place de la R\u00e9volution, actuelle Place de la Concorde, le 21 janvier 1793, pour assister \u00e0 la d\u00e9capitation du roi. Leur m\u00e8re Genevi\u00e8ve est emprisonn\u00e9e sous la Terreur, \u00absuspect\u00e9e d\u2019\u00eatre suspecte\u00bb. Leur oncle, Anne Fran\u00e7ois Victor de Breteuil, \u00e9v\u00eaque de Montauban et d\u00e9put\u00e9 du clerg\u00e9 aux Etats G\u00e9n\u00e9raux meurt en prison \u00e0 Rouen.<\/span><\/p>\t\t\t\t\t\t\t\t<\/div>\n\t\t\t\t<\/div>\n\t\t\t\t<div class=\"elementor-element elementor-element-8dc8ae8 elementor-widget elementor-widget-gallery\" data-id=\"8dc8ae8\" data-element_type=\"widget\" data-settings=\"{&quot;columns&quot;:2,&quot;lazyload&quot;:&quot;yes&quot;,&quot;gallery_layout&quot;:&quot;grid&quot;,&quot;columns_tablet&quot;:2,&quot;columns_mobile&quot;:1,&quot;gap&quot;:{&quot;unit&quot;:&quot;px&quot;,&quot;size&quot;:10,&quot;sizes&quot;:[]},&quot;gap_tablet&quot;:{&quot;unit&quot;:&quot;px&quot;,&quot;size&quot;:10,&quot;sizes&quot;:[]},&quot;gap_mobile&quot;:{&quot;unit&quot;:&quot;px&quot;,&quot;size&quot;:10,&quot;sizes&quot;:[]},&quot;link_to&quot;:&quot;file&quot;,&quot;aspect_ratio&quot;:&quot;3:2&quot;,&quot;overlay_background&quot;:&quot;yes&quot;,&quot;content_hover_animation&quot;:&quot;fade-in&quot;}\" data-widget_type=\"gallery.default\">\n\t\t\t\t<div class=\"elementor-widget-container\">\n\t\t\t\t\t\t\t<div class=\"elementor-gallery__container\">\n\t\t\t\t\t\t\t<a class=\"e-gallery-item elementor-gallery-item elementor-animated-content\" href=\"https:\/\/www.breteuil.fr\/wp-content\/uploads\/2021\/02\/chateaudebreteuil-portrait-charles-comte-breteuil.jpg\" data-elementor-open-lightbox=\"yes\" data-elementor-lightbox-slideshow=\"8dc8ae8\" data-elementor-lightbox-title=\"chateaudebreteuil-portrait-charles-comte-breteuil\" data-e-action-hash=\"#elementor-action%3Aaction%3Dlightbox%26settings%3DeyJpZCI6Mjg0OCwidXJsIjoiaHR0cHM6XC9cL3d3dy5icmV0ZXVpbC5mclwvd3AtY29udGVudFwvdXBsb2Fkc1wvMjAyMVwvMDJcL2NoYXRlYXVkZWJyZXRldWlsLXBvcnRyYWl0LWNoYXJsZXMtY29tdGUtYnJldGV1aWwuanBnIiwic2xpZGVzaG93IjoiOGRjOGFlOCJ9\">\n\t\t\t\t\t<div class=\"e-gallery-image elementor-gallery-item__image\" data-thumbnail=\"https:\/\/www.breteuil.fr\/wp-content\/uploads\/2021\/02\/chateaudebreteuil-portrait-charles-comte-breteuil.jpg\" data-width=\"800\" data-height=\"1000\" aria-label=\"\" role=\"img\" ><\/div>\n\t\t\t\t\t\t\t\t\t\t\t<div class=\"elementor-gallery-item__overlay\"><\/div>\n\t\t\t\t\t\t\t\t\t\t\t\t\t\t<\/a>\n\t\t\t\t\t\t\t<a class=\"e-gallery-item elementor-gallery-item elementor-animated-content\" href=\"https:\/\/www.breteuil.fr\/wp-content\/uploads\/2021\/02\/chateaudebreteuil-portrait-charlotte-louise-olympe-breteuil.jpg\" data-elementor-open-lightbox=\"yes\" data-elementor-lightbox-slideshow=\"8dc8ae8\" data-elementor-lightbox-title=\"chateaudebreteuil-portrait-charlotte-louise-olympe-breteuil\" data-e-action-hash=\"#elementor-action%3Aaction%3Dlightbox%26settings%3DeyJpZCI6Mjg1MCwidXJsIjoiaHR0cHM6XC9cL3d3dy5icmV0ZXVpbC5mclwvd3AtY29udGVudFwvdXBsb2Fkc1wvMjAyMVwvMDJcL2NoYXRlYXVkZWJyZXRldWlsLXBvcnRyYWl0LWNoYXJsb3R0ZS1sb3Vpc2Utb2x5bXBlLWJyZXRldWlsLmpwZyIsInNsaWRlc2hvdyI6IjhkYzhhZTgifQ%3D%3D\">\n\t\t\t\t\t<div class=\"e-gallery-image elementor-gallery-item__image\" data-thumbnail=\"https:\/\/www.breteuil.fr\/wp-content\/uploads\/2021\/02\/chateaudebreteuil-portrait-charlotte-louise-olympe-breteuil.jpg\" data-width=\"799\" data-height=\"1000\" aria-label=\"\" role=\"img\" ><\/div>\n\t\t\t\t\t\t\t\t\t\t\t<div class=\"elementor-gallery-item__overlay\"><\/div>\n\t\t\t\t\t\t\t\t\t\t\t\t\t\t<\/a>\n\t\t\t\t\t<\/div>\n\t\t\t\t\t<\/div>\n\t\t\t\t<\/div>\n\t\t\t\t\t<\/div>\n\t\t<\/div>\n\t\t\t\t\t<\/div>\n\t\t<\/section>\n\t\t\t\t<section class=\"elementor-section elementor-top-section elementor-element elementor-element-f24973d elementor-section-boxed elementor-section-height-default elementor-section-height-default\" data-id=\"f24973d\" data-element_type=\"section\">\n\t\t\t\t\t\t<div class=\"elementor-container elementor-column-gap-default\">\n\t\t\t\t\t<div class=\"elementor-column elementor-col-100 elementor-top-column elementor-element elementor-element-6e2a69a\" data-id=\"6e2a69a\" data-element_type=\"column\">\n\t\t\t<div class=\"elementor-widget-wrap elementor-element-populated\">\n\t\t\t\t\t\t<div class=\"elementor-element elementor-element-1ca7519 elementor-widget elementor-widget-spacer\" data-id=\"1ca7519\" data-element_type=\"widget\" data-widget_type=\"spacer.default\">\n\t\t\t\t<div class=\"elementor-widget-container\">\n\t\t\t\t\t\t\t<div class=\"elementor-spacer\">\n\t\t\t<div class=\"elementor-spacer-inner\"><\/div>\n\t\t<\/div>\n\t\t\t\t\t\t<\/div>\n\t\t\t\t<\/div>\n\t\t\t\t<div class=\"elementor-element elementor-element-42491df elementor-widget elementor-widget-heading\" data-id=\"42491df\" data-element_type=\"widget\" data-widget_type=\"heading.default\">\n\t\t\t\t<div class=\"elementor-widget-container\">\n\t\t\t\t\t<h2 class=\"elementor-heading-title elementor-size-default\">La famille de breteuil au XIXe si\u00e8cle<\/h2>\t\t\t\t<\/div>\n\t\t\t\t<\/div>\n\t\t\t\t\t<\/div>\n\t\t<\/div>\n\t\t\t\t\t<\/div>\n\t\t<\/section>\n\t\t\t\t<section class=\"elementor-section elementor-top-section elementor-element elementor-element-663905d elementor-section-boxed elementor-section-height-default elementor-section-height-default\" data-id=\"663905d\" data-element_type=\"section\">\n\t\t\t\t\t\t<div class=\"elementor-container elementor-column-gap-default\">\n\t\t\t\t\t<div class=\"elementor-column elementor-col-50 elementor-top-column elementor-element elementor-element-969ecd5\" data-id=\"969ecd5\" data-element_type=\"column\">\n\t\t\t<div class=\"elementor-widget-wrap elementor-element-populated\">\n\t\t\t\t\t\t<div class=\"elementor-element elementor-element-ea1a274 elementor-widget elementor-widget-text-editor\" data-id=\"ea1a274\" data-element_type=\"widget\" data-widget_type=\"text-editor.default\">\n\t\t\t\t<div class=\"elementor-widget-container\">\n\t\t\t\t\t\t\t\t\t<p>Apr\u00e8s la p\u00e9riode tourment\u00e9e de la R\u00e9volution, Charles construit une belle carri\u00e8re. Il est tout d\u2019abord l\u2019un des premiers dipl\u00f4m\u00e9s de la jeune Ecole Polytechnique (1801). Il s\u2019attache d\u00e9j\u00e0 \u00e0 redonner vie \u00e0 son ch\u00e2teau pratiquement inhabit\u00e9 depuis 18 ans.<\/p><p>Charles s\u2019illustre ensuite \u00e0 la bataille de Wagram (1809) o\u00f9 il fait soigner les bless\u00e9s des deux camps. Intendant de la Styrie et de la Corinthie, puis pr\u00e9fet de la Ni\u00e8vre et des Bouches de l\u2019Elbe sous l\u2019Empire, il continuera sa carri\u00e8re de pr\u00e9fet pendant la Restauration dans la Ni\u00e8vre, l\u2019Eure et Loir, la Sarthe et la Gironde.<\/p><p>Charles de Breteuil est repr\u00e9sent\u00e9 dans la biblioth\u00e8que en pr\u00e9sence du Duc Decazes alors premier Ministre (1820) et du Roi Louis XVIII, fr\u00e8re de Louis XVI, assis dans son fauteuil roulant. \u0152uvre de Jacob avec un m\u00e9canisme de Callas, ce si\u00e8ge est une pi\u00e8ce maitresse du mobilier du ch\u00e2teau.<\/p>\t\t\t\t\t\t\t\t<\/div>\n\t\t\t\t<\/div>\n\t\t\t\t\t<\/div>\n\t\t<\/div>\n\t\t\t\t<div class=\"elementor-column elementor-col-50 elementor-top-column elementor-element elementor-element-f486fb4\" data-id=\"f486fb4\" data-element_type=\"column\">\n\t\t\t<div class=\"elementor-widget-wrap elementor-element-populated\">\n\t\t\t\t\t\t<div class=\"elementor-element elementor-element-9ed9fda elementor-widget elementor-widget-gallery\" data-id=\"9ed9fda\" data-element_type=\"widget\" data-settings=\"{&quot;columns&quot;:1,&quot;aspect_ratio&quot;:&quot;4:3&quot;,&quot;lazyload&quot;:&quot;yes&quot;,&quot;gallery_layout&quot;:&quot;grid&quot;,&quot;columns_tablet&quot;:2,&quot;columns_mobile&quot;:1,&quot;gap&quot;:{&quot;unit&quot;:&quot;px&quot;,&quot;size&quot;:10,&quot;sizes&quot;:[]},&quot;gap_tablet&quot;:{&quot;unit&quot;:&quot;px&quot;,&quot;size&quot;:10,&quot;sizes&quot;:[]},&quot;gap_mobile&quot;:{&quot;unit&quot;:&quot;px&quot;,&quot;size&quot;:10,&quot;sizes&quot;:[]},&quot;link_to&quot;:&quot;file&quot;,&quot;overlay_background&quot;:&quot;yes&quot;,&quot;content_hover_animation&quot;:&quot;fade-in&quot;}\" data-widget_type=\"gallery.default\">\n\t\t\t\t<div class=\"elementor-widget-container\">\n\t\t\t\t\t\t\t<div class=\"elementor-gallery__container\">\n\t\t\t\t\t\t\t<a class=\"e-gallery-item elementor-gallery-item elementor-animated-content\" href=\"https:\/\/www.breteuil.fr\/wp-content\/uploads\/2021\/03\/chateaudebreteuil-charles-breteuil-duc-decazes-louis-XVIII.jpg\" data-elementor-open-lightbox=\"yes\" data-elementor-lightbox-slideshow=\"9ed9fda\" data-elementor-lightbox-title=\"Charles de Breteuil, le duc Decazes et Louis XVIII\" data-elementor-lightbox-description=\"Charles de Breteuil, le duc Decazes et Louis XVIII\" data-e-action-hash=\"#elementor-action%3Aaction%3Dlightbox%26settings%3DeyJpZCI6Mzg0NywidXJsIjoiaHR0cHM6XC9cL3d3dy5icmV0ZXVpbC5mclwvd3AtY29udGVudFwvdXBsb2Fkc1wvMjAyMVwvMDNcL2NoYXRlYXVkZWJyZXRldWlsLWNoYXJsZXMtYnJldGV1aWwtZHVjLWRlY2F6ZXMtbG91aXMtWFZJSUkuanBnIiwic2xpZGVzaG93IjoiOWVkOWZkYSJ9\">\n\t\t\t\t\t<div class=\"e-gallery-image elementor-gallery-item__image\" data-thumbnail=\"https:\/\/www.breteuil.fr\/wp-content\/uploads\/2021\/03\/chateaudebreteuil-charles-breteuil-duc-decazes-louis-XVIII-768x512.jpg\" data-width=\"768\" data-height=\"512\" aria-label=\"Charles de Breteuil, le duc Decazes et Louis XVIII\" role=\"img\" ><\/div>\n\t\t\t\t\t\t\t\t\t\t\t<div class=\"elementor-gallery-item__overlay\"><\/div>\n\t\t\t\t\t\t\t\t\t\t\t\t\t\t<\/a>\n\t\t\t\t\t<\/div>\n\t\t\t\t\t<\/div>\n\t\t\t\t<\/div>\n\t\t\t\t\t<\/div>\n\t\t<\/div>\n\t\t\t\t\t<\/div>\n\t\t<\/section>\n\t\t\t\t<section class=\"elementor-section elementor-top-section elementor-element elementor-element-c0be4ce elementor-section-boxed elementor-section-height-default elementor-section-height-default\" data-id=\"c0be4ce\" data-element_type=\"section\">\n\t\t\t\t\t\t<div class=\"elementor-container elementor-column-gap-default\">\n\t\t\t\t\t<div class=\"elementor-column elementor-col-100 elementor-top-column elementor-element elementor-element-1c787d4\" data-id=\"1c787d4\" data-element_type=\"column\">\n\t\t\t<div class=\"elementor-widget-wrap elementor-element-populated\">\n\t\t\t\t\t\t<div class=\"elementor-element elementor-element-bd0cd2c elementor-widget elementor-widget-text-editor\" data-id=\"bd0cd2c\" data-element_type=\"widget\" data-widget_type=\"text-editor.default\">\n\t\t\t\t<div class=\"elementor-widget-container\">\n\t\t\t\t\t\t\t\t\t<p>Charles acc\u00e8de \u00e0 la Pairie en 1823. Comme tous les Pairs de France, il re\u00e7oit comme cadeau du jour de l\u2019An 1830 de la part du Roi Charles X (fr\u00e8re de Louis XVI et Louis XVIII) un exemplaire complet (26 volumes) de \u00ab La description de l\u2019Egypte \u00bb.<\/p><p>En 1798, Le g\u00e9n\u00e9ral Bonaparte lance l&rsquo;exp\u00e9dition d&rsquo;\u00c9gypte et emm\u00e8ne avec lui une commission de 167 artistes, savants et historiens pour qu&rsquo;ils transcrivent tout ce qu&rsquo;ils ont pu apercevoir en \u00c9gypte en vue d&rsquo;une \u00e9dition command\u00e9e par Napol\u00e9on \u00e0 leur retour en France. Cet ouvrage est compos\u00e9 de 3000 dessins et 900 planches grav\u00e9es sur cuivre est pr\u00e9sent\u00e9 dans le Cabinet d\u2019Egyptologie du ch\u00e2teau.<\/p><p>Charles veut mettre son ch\u00e2teau \u00e0 la mode de son \u00e9poque. Il cr\u00e9pit les fa\u00e7ades en blanc ce qui lui donne une allure qui peut faire penser \u00e0 la Malmaison chez l\u2019imp\u00e9ratrice Jos\u00e9phine. Plut\u00f4t que de restaurer les parterres et bosquets du XVIII\u00e8me si\u00e8cle, il d\u00e9cide de cr\u00e9er un \u00abbeau jardin anglais, bien dessin\u00e9 et bien plant\u00e9\u00bb.<\/p>\t\t\t\t\t\t\t\t<\/div>\n\t\t\t\t<\/div>\n\t\t\t\t\t<\/div>\n\t\t<\/div>\n\t\t\t\t\t<\/div>\n\t\t<\/section>\n\t\t\t\t<section class=\"elementor-section elementor-top-section elementor-element elementor-element-adde61c elementor-section-boxed elementor-section-height-default elementor-section-height-default\" data-id=\"adde61c\" data-element_type=\"section\">\n\t\t\t\t\t\t<div class=\"elementor-container elementor-column-gap-default\">\n\t\t\t\t\t<div class=\"elementor-column elementor-col-100 elementor-top-column elementor-element elementor-element-34eeeff\" data-id=\"34eeeff\" data-element_type=\"column\">\n\t\t\t<div class=\"elementor-widget-wrap elementor-element-populated\">\n\t\t\t\t\t\t<div class=\"elementor-element elementor-element-22076c6 elementor-widget elementor-widget-spacer\" data-id=\"22076c6\" data-element_type=\"widget\" data-widget_type=\"spacer.default\">\n\t\t\t\t<div class=\"elementor-widget-container\">\n\t\t\t\t\t\t\t<div class=\"elementor-spacer\">\n\t\t\t<div class=\"elementor-spacer-inner\"><\/div>\n\t\t<\/div>\n\t\t\t\t\t\t<\/div>\n\t\t\t\t<\/div>\n\t\t\t\t\t<\/div>\n\t\t<\/div>\n\t\t\t\t\t<\/div>\n\t\t<\/section>\n\t\t\t\t<section class=\"elementor-section elementor-top-section elementor-element elementor-element-e1e7f62 elementor-section-full_width elementor-section-height-default elementor-section-height-default\" data-id=\"e1e7f62\" data-element_type=\"section\" data-settings=\"{&quot;background_background&quot;:&quot;classic&quot;}\">\n\t\t\t\t\t\t<div class=\"elementor-container elementor-column-gap-default\">\n\t\t\t\t\t<div class=\"elementor-column elementor-col-100 elementor-top-column elementor-element elementor-element-2f3ed61\" data-id=\"2f3ed61\" data-element_type=\"column\">\n\t\t\t<div class=\"elementor-widget-wrap elementor-element-populated\">\n\t\t\t\t\t\t<div class=\"elementor-element elementor-element-7962da1 elementor-widget elementor-widget-spacer\" data-id=\"7962da1\" data-element_type=\"widget\" data-widget_type=\"spacer.default\">\n\t\t\t\t<div class=\"elementor-widget-container\">\n\t\t\t\t\t\t\t<div class=\"elementor-spacer\">\n\t\t\t<div class=\"elementor-spacer-inner\"><\/div>\n\t\t<\/div>\n\t\t\t\t\t\t<\/div>\n\t\t\t\t<\/div>\n\t\t\t\t\t<\/div>\n\t\t<\/div>\n\t\t\t\t\t<\/div>\n\t\t<\/section>\n\t\t\t\t<section class=\"elementor-section elementor-top-section elementor-element elementor-element-c4b2b92 elementor-section-boxed elementor-section-height-default elementor-section-height-default\" data-id=\"c4b2b92\" data-element_type=\"section\">\n\t\t\t\t\t\t<div class=\"elementor-container elementor-column-gap-default\">\n\t\t\t\t\t<div class=\"elementor-column elementor-col-100 elementor-top-column elementor-element elementor-element-c3340b9\" data-id=\"c3340b9\" data-element_type=\"column\">\n\t\t\t<div class=\"elementor-widget-wrap elementor-element-populated\">\n\t\t\t\t\t\t<div class=\"elementor-element elementor-element-c4ebfe7 elementor-widget elementor-widget-spacer\" data-id=\"c4ebfe7\" data-element_type=\"widget\" data-widget_type=\"spacer.default\">\n\t\t\t\t<div class=\"elementor-widget-container\">\n\t\t\t\t\t\t\t<div class=\"elementor-spacer\">\n\t\t\t<div class=\"elementor-spacer-inner\"><\/div>\n\t\t<\/div>\n\t\t\t\t\t\t<\/div>\n\t\t\t\t<\/div>\n\t\t\t\t<div class=\"elementor-element elementor-element-f46957e elementor-widget elementor-widget-text-editor\" data-id=\"f46957e\" data-element_type=\"widget\" data-widget_type=\"text-editor.default\">\n\t\t\t\t<div class=\"elementor-widget-container\">\n\t\t\t\t\t\t\t\t\t<p>Joseph 7\u00e8me Marquis de Breteuil, fils de Charles, \u00e9pouse le 4 mai 1846 Charlotte Fould, fille du futur ministre des finances de Napol\u00e9on III, Achille Fould. Le contrat de mariage est sign\u00e9 par le roi Louis-Philippe, la reine Marie-Am\u00e9lie, tous les princes de sang, la plupart des ministres et toute la soci\u00e9t\u00e9 mondaine de l\u2019\u00e9poque. M\u00e9rim\u00e9e compte parmi leurs intimes. Joseph et Charlotte de Breteuil reviennent \u00e0 des jardins sym\u00e9triques et \u00e0 des fa\u00e7ades o\u00f9 briques et pierres sont joliment associ\u00e9es.<\/p><p><span style=\"font-size: 14px; font-style: normal; font-weight: 400;\">Une nouvelle chapelle est construite sous Napol\u00e9on III dans le style n\u00e9ogothique pour recevoir trois vitraux qui proviennent de Chartres. Sont repr\u00e9sent\u00e9s Sainte Catherine et Saint Jean-Baptiste (XVI\u00e8me si\u00e8cle) et Saint Martin (XV\u00e8me si\u00e8cle). Un remarquable antependium du d\u00e9but du XVIII\u00e8me si\u00e8cle orne le devant de l\u2019autel.<\/span><\/p>\t\t\t\t\t\t\t\t<\/div>\n\t\t\t\t<\/div>\n\t\t\t\t<div class=\"elementor-element elementor-element-109b148 elementor-widget elementor-widget-gallery\" data-id=\"109b148\" data-element_type=\"widget\" data-settings=\"{&quot;aspect_ratio&quot;:&quot;9:16&quot;,&quot;lazyload&quot;:&quot;yes&quot;,&quot;gallery_layout&quot;:&quot;grid&quot;,&quot;columns&quot;:4,&quot;columns_tablet&quot;:2,&quot;columns_mobile&quot;:1,&quot;gap&quot;:{&quot;unit&quot;:&quot;px&quot;,&quot;size&quot;:10,&quot;sizes&quot;:[]},&quot;gap_tablet&quot;:{&quot;unit&quot;:&quot;px&quot;,&quot;size&quot;:10,&quot;sizes&quot;:[]},&quot;gap_mobile&quot;:{&quot;unit&quot;:&quot;px&quot;,&quot;size&quot;:10,&quot;sizes&quot;:[]},&quot;link_to&quot;:&quot;file&quot;,&quot;overlay_background&quot;:&quot;yes&quot;,&quot;content_hover_animation&quot;:&quot;fade-in&quot;}\" data-widget_type=\"gallery.default\">\n\t\t\t\t<div class=\"elementor-widget-container\">\n\t\t\t\t\t\t\t<div class=\"elementor-gallery__container\">\n\t\t\t\t\t\t\t<a class=\"e-gallery-item elementor-gallery-item elementor-animated-content\" href=\"https:\/\/www.breteuil.fr\/wp-content\/uploads\/2021\/02\/chateaudebreteuil-chapelle-interieur.jpg\" data-elementor-open-lightbox=\"yes\" data-elementor-lightbox-slideshow=\"109b148\" data-elementor-lightbox-title=\"chateaudebreteuil-chapelle-interieur\" data-e-action-hash=\"#elementor-action%3Aaction%3Dlightbox%26settings%3DeyJpZCI6MjgzNSwidXJsIjoiaHR0cHM6XC9cL3d3dy5icmV0ZXVpbC5mclwvd3AtY29udGVudFwvdXBsb2Fkc1wvMjAyMVwvMDJcL2NoYXRlYXVkZWJyZXRldWlsLWNoYXBlbGxlLWludGVyaWV1ci5qcGciLCJzbGlkZXNob3ciOiIxMDliMTQ4In0%3D\">\n\t\t\t\t\t<div class=\"e-gallery-image elementor-gallery-item__image\" data-thumbnail=\"https:\/\/www.breteuil.fr\/wp-content\/uploads\/2021\/02\/chateaudebreteuil-chapelle-interieur.jpg\" data-width=\"1500\" data-height=\"1000\" aria-label=\"\" role=\"img\" ><\/div>\n\t\t\t\t\t\t\t\t\t\t\t<div class=\"elementor-gallery-item__overlay\"><\/div>\n\t\t\t\t\t\t\t\t\t\t\t\t\t\t<\/a>\n\t\t\t\t\t\t\t<a class=\"e-gallery-item elementor-gallery-item elementor-animated-content\" href=\"https:\/\/www.breteuil.fr\/wp-content\/uploads\/2021\/02\/jardindebreteuil-colombier-miroir-eau-vasque.jpg\" data-elementor-open-lightbox=\"yes\" data-elementor-lightbox-slideshow=\"109b148\" data-elementor-lightbox-title=\"Colombier, parc du ch\u00e2teau de Breteuil\" data-elementor-lightbox-description=\"Colombier, parc du ch\u00e2teau de Breteuil\" data-e-action-hash=\"#elementor-action%3Aaction%3Dlightbox%26settings%3DeyJpZCI6MzMxOSwidXJsIjoiaHR0cHM6XC9cL3d3dy5icmV0ZXVpbC5mclwvd3AtY29udGVudFwvdXBsb2Fkc1wvMjAyMVwvMDJcL2phcmRpbmRlYnJldGV1aWwtY29sb21iaWVyLW1pcm9pci1lYXUtdmFzcXVlLmpwZyIsInNsaWRlc2hvdyI6IjEwOWIxNDgifQ%3D%3D\">\n\t\t\t\t\t<div class=\"e-gallery-image elementor-gallery-item__image\" data-thumbnail=\"https:\/\/www.breteuil.fr\/wp-content\/uploads\/2021\/02\/jardindebreteuil-colombier-miroir-eau-vasque.jpg\" data-width=\"714\" data-height=\"1000\" aria-label=\"Colombier, parc du ch\u00e2teau de Breteuil\" role=\"img\" ><\/div>\n\t\t\t\t\t\t\t\t\t\t\t<div class=\"elementor-gallery-item__overlay\"><\/div>\n\t\t\t\t\t\t\t\t\t\t\t\t\t\t<\/a>\n\t\t\t\t\t\t\t<a class=\"e-gallery-item elementor-gallery-item elementor-animated-content\" href=\"https:\/\/www.breteuil.fr\/wp-content\/uploads\/2021\/02\/jardindebreteuil-colombier-interieur.jpg\" data-elementor-open-lightbox=\"yes\" data-elementor-lightbox-slideshow=\"109b148\" data-elementor-lightbox-title=\"Colombier, parc du ch\u00e2teau de Breteuil\" data-elementor-lightbox-description=\"Colombier, parc du ch\u00e2teau de Breteuil\" data-e-action-hash=\"#elementor-action%3Aaction%3Dlightbox%26settings%3DeyJpZCI6MzMxOCwidXJsIjoiaHR0cHM6XC9cL3d3dy5icmV0ZXVpbC5mclwvd3AtY29udGVudFwvdXBsb2Fkc1wvMjAyMVwvMDJcL2phcmRpbmRlYnJldGV1aWwtY29sb21iaWVyLWludGVyaWV1ci5qcGciLCJzbGlkZXNob3ciOiIxMDliMTQ4In0%3D\">\n\t\t\t\t\t<div class=\"e-gallery-image elementor-gallery-item__image\" data-thumbnail=\"https:\/\/www.breteuil.fr\/wp-content\/uploads\/2021\/02\/jardindebreteuil-colombier-interieur.jpg\" data-width=\"1000\" data-height=\"1000\" aria-label=\"Colombier, parc du ch\u00e2teau de Breteuil\" role=\"img\" ><\/div>\n\t\t\t\t\t\t\t\t\t\t\t<div class=\"elementor-gallery-item__overlay\"><\/div>\n\t\t\t\t\t\t\t\t\t\t\t\t\t\t<\/a>\n\t\t\t\t\t\t\t<a class=\"e-gallery-item elementor-gallery-item elementor-animated-content\" href=\"https:\/\/www.breteuil.fr\/wp-content\/uploads\/2021\/02\/chateaudebreteuil-faisanderie-neige.jpg\" data-elementor-open-lightbox=\"yes\" data-elementor-lightbox-slideshow=\"109b148\" data-elementor-lightbox-title=\"chateaudebreteuil-faisanderie-neige\" data-e-action-hash=\"#elementor-action%3Aaction%3Dlightbox%26settings%3DeyJpZCI6Mjg0MSwidXJsIjoiaHR0cHM6XC9cL3d3dy5icmV0ZXVpbC5mclwvd3AtY29udGVudFwvdXBsb2Fkc1wvMjAyMVwvMDJcL2NoYXRlYXVkZWJyZXRldWlsLWZhaXNhbmRlcmllLW5laWdlLmpwZyIsInNsaWRlc2hvdyI6IjEwOWIxNDgifQ%3D%3D\">\n\t\t\t\t\t<div class=\"e-gallery-image elementor-gallery-item__image\" data-thumbnail=\"https:\/\/www.breteuil.fr\/wp-content\/uploads\/2021\/02\/chateaudebreteuil-faisanderie-neige.jpg\" data-width=\"1500\" data-height=\"1001\" aria-label=\"\" role=\"img\" ><\/div>\n\t\t\t\t\t\t\t\t\t\t\t<div class=\"elementor-gallery-item__overlay\"><\/div>\n\t\t\t\t\t\t\t\t\t\t\t\t\t\t<\/a>\n\t\t\t\t\t<\/div>\n\t\t\t\t\t<\/div>\n\t\t\t\t<\/div>\n\t\t\t\t<div class=\"elementor-element elementor-element-400fd7b elementor-widget elementor-widget-text-editor\" data-id=\"400fd7b\" data-element_type=\"widget\" data-widget_type=\"text-editor.default\">\n\t\t\t\t<div class=\"elementor-widget-container\">\n\t\t\t\t\t\t\t\t\t<p>Joseph et Charlotte rasent les anciens communs jug\u00e9s trop proches du ch\u00e2teau (il ne reste aujourd\u2019hui que le colombier m\u00e9di\u00e9val qui \u00e9tait une tour d\u2019angle de ces d\u00e9pendances), et reconstruisent en 1874 deux grands corps de b\u00e2timents l\u00e0 o\u00f9 on les voit encore maintenant : une ferme et des \u00e9curies dot\u00e9es du confort moderne pour l\u2019\u00e9poque et plus conformes \u00e0 l\u2019essor du domaine. Ces d\u00e9pendances, en pierre meuli\u00e8re typique de la r\u00e9gion, accueillent aujourd\u2019hui les mises en sc\u00e8nes des contes de Perrault.<\/p><p>Henri 8\u00e8me Marquis de Breteuil (1848-1916), fils de Joseph et Charlotte dipl\u00f4m\u00e9 de Saint Cyr est d\u00e9put\u00e9 des Hautes Pyr\u00e9n\u00e9es, circonscription tenue pr\u00e9c\u00e9demment par son grand-p\u00e8re Achille Fould.\u00a0Ami intime du Prince de Galles, futur Roi Edouard VII d\u2019Angleterre, il organise plusieurs rencontres avec L\u00e9on Gambetta, pr\u00e9sident de la chambre des d\u00e9put\u00e9s. L\u2019entrevue du 12 mars 1881 est reconstitu\u00e9e gr\u00e2ce \u00e0 Gr\u00e9vin dans le fumoir. Ensemble, les trois hommes jettent les bases de l\u2019Entente Cordiale sign\u00e9e seulement en 1904 par les gouvernements anglais et fran\u00e7ais.<br \/>Grand voyageur, il chasse aux Indes et va en Russie o\u00f9 il rencontre, en tant qu\u2019 \u00ab Eminence grise \u00bb du Comte de Paris, le Tsar Alexandre III et la Tsarine ainsi que les grands Ducs Wladimir et Nicolas. Il est l\u2019un des promoteurs de l\u2019Alliance Franco-Russe puis de la Triple Entente, accord sign\u00e9 en 1907 par la Russie, la France et l\u2019Angleterre.<\/p><p>Henri de Breteuil inspire \u00e9galement Marcel Proust pour son personnage d\u2019Hannibal de Br\u00e9aut\u00e9 dont il porte les m\u00eames initiales \u00ab H.B. \u00bb. La chambre de laque rend hommage \u00e0 ce c\u00e9l\u00e8bre \u00e9crivain en accueillant son personnage par Gr\u00e9vin.<\/p>\t\t\t\t\t\t\t\t<\/div>\n\t\t\t\t<\/div>\n\t\t\t\t<div class=\"elementor-element elementor-element-0869faa elementor-widget elementor-widget-gallery\" data-id=\"0869faa\" data-element_type=\"widget\" data-settings=\"{&quot;columns&quot;:2,&quot;lazyload&quot;:&quot;yes&quot;,&quot;gallery_layout&quot;:&quot;grid&quot;,&quot;columns_tablet&quot;:2,&quot;columns_mobile&quot;:1,&quot;gap&quot;:{&quot;unit&quot;:&quot;px&quot;,&quot;size&quot;:10,&quot;sizes&quot;:[]},&quot;gap_tablet&quot;:{&quot;unit&quot;:&quot;px&quot;,&quot;size&quot;:10,&quot;sizes&quot;:[]},&quot;gap_mobile&quot;:{&quot;unit&quot;:&quot;px&quot;,&quot;size&quot;:10,&quot;sizes&quot;:[]},&quot;link_to&quot;:&quot;file&quot;,&quot;aspect_ratio&quot;:&quot;3:2&quot;,&quot;overlay_background&quot;:&quot;yes&quot;,&quot;content_hover_animation&quot;:&quot;fade-in&quot;}\" data-widget_type=\"gallery.default\">\n\t\t\t\t<div class=\"elementor-widget-container\">\n\t\t\t\t\t\t\t<div class=\"elementor-gallery__container\">\n\t\t\t\t\t\t\t<a class=\"e-gallery-item elementor-gallery-item elementor-animated-content\" href=\"https:\/\/www.breteuil.fr\/wp-content\/uploads\/2021\/02\/chateaudebreteuil-fumoir-studio-sebert.jpg\" data-elementor-open-lightbox=\"yes\" data-elementor-lightbox-slideshow=\"0869faa\" data-elementor-lightbox-title=\"chateaudebreteuil-fumoir-studio-sebert\" data-e-action-hash=\"#elementor-action%3Aaction%3Dlightbox%26settings%3DeyJpZCI6Mjg0MiwidXJsIjoiaHR0cHM6XC9cL3d3dy5icmV0ZXVpbC5mclwvd3AtY29udGVudFwvdXBsb2Fkc1wvMjAyMVwvMDJcL2NoYXRlYXVkZWJyZXRldWlsLWZ1bW9pci1zdHVkaW8tc2ViZXJ0LmpwZyIsInNsaWRlc2hvdyI6IjA4NjlmYWEifQ%3D%3D\">\n\t\t\t\t\t<div class=\"e-gallery-image elementor-gallery-item__image\" data-thumbnail=\"https:\/\/www.breteuil.fr\/wp-content\/uploads\/2021\/02\/chateaudebreteuil-fumoir-studio-sebert.jpg\" data-width=\"1500\" data-height=\"1125\" aria-label=\"\" role=\"img\" ><\/div>\n\t\t\t\t\t\t\t\t\t\t\t<div class=\"elementor-gallery-item__overlay\"><\/div>\n\t\t\t\t\t\t\t\t\t\t\t\t\t\t<\/a>\n\t\t\t\t\t\t\t<a class=\"e-gallery-item elementor-gallery-item elementor-animated-content\" href=\"https:\/\/www.breteuil.fr\/wp-content\/uploads\/2021\/02\/chateaudebreteuil-marcel-proust.jpg\" data-elementor-open-lightbox=\"yes\" data-elementor-lightbox-slideshow=\"0869faa\" data-elementor-lightbox-title=\"Marcel Proust dans la chambre de laque-marcel-proust\" data-elementor-lightbox-description=\"Marcel Proust dans la chambre de laque\" data-e-action-hash=\"#elementor-action%3Aaction%3Dlightbox%26settings%3DeyJpZCI6Mjg0NSwidXJsIjoiaHR0cHM6XC9cL3d3dy5icmV0ZXVpbC5mclwvd3AtY29udGVudFwvdXBsb2Fkc1wvMjAyMVwvMDJcL2NoYXRlYXVkZWJyZXRldWlsLW1hcmNlbC1wcm91c3QuanBnIiwic2xpZGVzaG93IjoiMDg2OWZhYSJ9\">\n\t\t\t\t\t<div class=\"e-gallery-image elementor-gallery-item__image\" data-thumbnail=\"https:\/\/www.breteuil.fr\/wp-content\/uploads\/2021\/02\/chateaudebreteuil-marcel-proust.jpg\" data-width=\"1500\" data-height=\"1000\" aria-label=\"Marcel Proust dans la chambre de laque\" role=\"img\" ><\/div>\n\t\t\t\t\t\t\t\t\t\t\t<div class=\"elementor-gallery-item__overlay\"><\/div>\n\t\t\t\t\t\t\t\t\t\t\t\t\t\t<\/a>\n\t\t\t\t\t<\/div>\n\t\t\t\t\t<\/div>\n\t\t\t\t<\/div>\n\t\t\t\t\t<\/div>\n\t\t<\/div>\n\t\t\t\t\t<\/div>\n\t\t<\/section>\n\t\t\t\t<section class=\"elementor-section elementor-top-section elementor-element elementor-element-8911b48 elementor-section-boxed elementor-section-height-default elementor-section-height-default\" data-id=\"8911b48\" data-element_type=\"section\">\n\t\t\t\t\t\t<div class=\"elementor-container elementor-column-gap-default\">\n\t\t\t\t\t<div class=\"elementor-column elementor-col-100 elementor-top-column elementor-element elementor-element-c230c83\" data-id=\"c230c83\" data-element_type=\"column\">\n\t\t\t<div class=\"elementor-widget-wrap elementor-element-populated\">\n\t\t\t\t\t\t<div class=\"elementor-element elementor-element-bd6e8d2 elementor-widget elementor-widget-spacer\" data-id=\"bd6e8d2\" data-element_type=\"widget\" data-widget_type=\"spacer.default\">\n\t\t\t\t<div class=\"elementor-widget-container\">\n\t\t\t\t\t\t\t<div class=\"elementor-spacer\">\n\t\t\t<div class=\"elementor-spacer-inner\"><\/div>\n\t\t<\/div>\n\t\t\t\t\t\t<\/div>\n\t\t\t\t<\/div>\n\t\t\t\t<div class=\"elementor-element elementor-element-7e80f46 elementor-widget elementor-widget-heading\" data-id=\"7e80f46\" data-element_type=\"widget\" data-widget_type=\"heading.default\">\n\t\t\t\t<div class=\"elementor-widget-container\">\n\t\t\t\t\t<h2 class=\"elementor-heading-title elementor-size-default\">LE RENOUVEAU DU DOMAINE DE BRETEUIL\u200b<\/h2>\t\t\t\t<\/div>\n\t\t\t\t<\/div>\n\t\t\t\t\t<\/div>\n\t\t<\/div>\n\t\t\t\t\t<\/div>\n\t\t<\/section>\n\t\t\t\t<section class=\"elementor-section elementor-top-section elementor-element elementor-element-562ed47 elementor-section-boxed elementor-section-height-default elementor-section-height-default\" data-id=\"562ed47\" data-element_type=\"section\">\n\t\t\t\t\t\t<div class=\"elementor-container elementor-column-gap-default\">\n\t\t\t\t\t<div class=\"elementor-column elementor-col-50 elementor-top-column elementor-element elementor-element-551d388\" data-id=\"551d388\" data-element_type=\"column\">\n\t\t\t<div class=\"elementor-widget-wrap elementor-element-populated\">\n\t\t\t\t\t\t<div class=\"elementor-element elementor-element-792951b elementor-widget elementor-widget-text-editor\" data-id=\"792951b\" data-element_type=\"widget\" data-widget_type=\"text-editor.default\">\n\t\t\t\t<div class=\"elementor-widget-container\">\n\t\t\t\t\t\t\t\t\t<p>Veuf de Constance de Castelbajac, Henri de Breteuil \u00e9pouse en seconde noces une am\u00e9ricaine, Marcellite Garner (1868-1943) dont il aura 2 fils, Fran\u00e7ois et Jacques. Henri et Lita font de gros travaux \u00e0 Breteuil et y installent le confort moderne (chauffage central, \u00e9lectricit\u00e9, eau courante\u2026) et cr\u00e9ent de nouvelles cuisines au sous-sol du ch\u00e2teau.<\/p><p>Ils souhaitent revenir \u00e0 un jardin \u00e0 la fran\u00e7aise dans la plus pure tradition. Les paysagistes, Henri et Achille Duch\u00eane, cr\u00e9ent les magnifiques parterres et le miroir d\u2019eau qui accompagnent si bien les fa\u00e7ades.<\/p><p>C\u2019est dans ce ch\u00e2teau nouvellement r\u00e9nov\u00e9 que le jeune Prince de Galles, futur Edouard VIII et Duc de Windsor va longuement s\u00e9journer en 1912. Henri de Breteuil meurt en 1916 et son \u00e9pouse en 1943.<\/p>\t\t\t\t\t\t\t\t<\/div>\n\t\t\t\t<\/div>\n\t\t\t\t\t<\/div>\n\t\t<\/div>\n\t\t\t\t<div class=\"elementor-column elementor-col-50 elementor-top-column elementor-element elementor-element-b9515d7\" data-id=\"b9515d7\" data-element_type=\"column\">\n\t\t\t<div class=\"elementor-widget-wrap elementor-element-populated\">\n\t\t\t\t\t\t<section class=\"elementor-section elementor-inner-section elementor-element elementor-element-90eb32f elementor-section-boxed elementor-section-height-default elementor-section-height-default\" data-id=\"90eb32f\" data-element_type=\"section\">\n\t\t\t\t\t\t<div class=\"elementor-container elementor-column-gap-default\">\n\t\t\t\t\t<div class=\"elementor-column elementor-col-100 elementor-inner-column elementor-element elementor-element-151e23a\" data-id=\"151e23a\" data-element_type=\"column\">\n\t\t\t<div class=\"elementor-widget-wrap elementor-element-populated\">\n\t\t\t\t\t\t<div class=\"elementor-element elementor-element-a8724f1 elementor-widget elementor-widget-gallery\" data-id=\"a8724f1\" data-element_type=\"widget\" data-settings=\"{&quot;columns&quot;:1,&quot;lazyload&quot;:&quot;yes&quot;,&quot;gallery_layout&quot;:&quot;grid&quot;,&quot;columns_tablet&quot;:2,&quot;columns_mobile&quot;:1,&quot;gap&quot;:{&quot;unit&quot;:&quot;px&quot;,&quot;size&quot;:10,&quot;sizes&quot;:[]},&quot;gap_tablet&quot;:{&quot;unit&quot;:&quot;px&quot;,&quot;size&quot;:10,&quot;sizes&quot;:[]},&quot;gap_mobile&quot;:{&quot;unit&quot;:&quot;px&quot;,&quot;size&quot;:10,&quot;sizes&quot;:[]},&quot;link_to&quot;:&quot;file&quot;,&quot;aspect_ratio&quot;:&quot;3:2&quot;,&quot;overlay_background&quot;:&quot;yes&quot;,&quot;content_hover_animation&quot;:&quot;fade-in&quot;}\" data-widget_type=\"gallery.default\">\n\t\t\t\t<div class=\"elementor-widget-container\">\n\t\t\t\t\t\t\t<div class=\"elementor-gallery__container\">\n\t\t\t\t\t\t\t<a class=\"e-gallery-item elementor-gallery-item elementor-animated-content\" href=\"https:\/\/www.breteuil.fr\/wp-content\/uploads\/2021\/02\/chateaudebreteuil-portrait-henri-breteuil.jpg\" data-elementor-open-lightbox=\"yes\" data-elementor-lightbox-slideshow=\"a8724f1\" data-elementor-lightbox-title=\"chateaudebreteuil-portrait-henri-breteuil\" data-e-action-hash=\"#elementor-action%3Aaction%3Dlightbox%26settings%3DeyJpZCI6Mjg1MiwidXJsIjoiaHR0cHM6XC9cL3d3dy5icmV0ZXVpbC5mclwvd3AtY29udGVudFwvdXBsb2Fkc1wvMjAyMVwvMDJcL2NoYXRlYXVkZWJyZXRldWlsLXBvcnRyYWl0LWhlbnJpLWJyZXRldWlsLmpwZyIsInNsaWRlc2hvdyI6ImE4NzI0ZjEifQ%3D%3D\">\n\t\t\t\t\t<div class=\"e-gallery-image elementor-gallery-item__image\" data-thumbnail=\"https:\/\/www.breteuil.fr\/wp-content\/uploads\/2021\/02\/chateaudebreteuil-portrait-henri-breteuil.jpg\" data-width=\"1000\" data-height=\"1000\" aria-label=\"\" role=\"img\" ><\/div>\n\t\t\t\t\t\t\t\t\t\t\t<div class=\"elementor-gallery-item__overlay\"><\/div>\n\t\t\t\t\t\t\t\t\t\t\t\t\t\t<\/a>\n\t\t\t\t\t<\/div>\n\t\t\t\t\t<\/div>\n\t\t\t\t<\/div>\n\t\t\t\t\t<\/div>\n\t\t<\/div>\n\t\t\t\t\t<\/div>\n\t\t<\/section>\n\t\t\t\t\t<\/div>\n\t\t<\/div>\n\t\t\t\t\t<\/div>\n\t\t<\/section>\n\t\t\t\t<section class=\"elementor-section elementor-top-section elementor-element elementor-element-1df2ef8 elementor-section-boxed elementor-section-height-default elementor-section-height-default\" data-id=\"1df2ef8\" data-element_type=\"section\">\n\t\t\t\t\t\t<div class=\"elementor-container elementor-column-gap-default\">\n\t\t\t\t\t<div class=\"elementor-column elementor-col-100 elementor-top-column elementor-element elementor-element-7de4bc2\" data-id=\"7de4bc2\" data-element_type=\"column\">\n\t\t\t<div class=\"elementor-widget-wrap elementor-element-populated\">\n\t\t\t\t\t\t<div class=\"elementor-element elementor-element-b07dfb9 elementor-widget elementor-widget-text-editor\" data-id=\"b07dfb9\" data-element_type=\"widget\" data-widget_type=\"text-editor.default\">\n\t\t\t\t<div class=\"elementor-widget-container\">\n\t\t\t\t\t\t\t\t\t<p>Le XXe si\u00e8cle a connu deux guerres. Fran\u00e7ois 9\u00e8me Marquis de Breteuil, fils d\u2019Henri et Marcelite, a \u00e9t\u00e9 mobilis\u00e9 deux fois. Le ch\u00e2teau a \u00e9t\u00e9 occup\u00e9 en 1940 et 1944, et lib\u00e9r\u00e9 par une unit\u00e9 de l\u2019arm\u00e9e am\u00e9ricaine sous les ordres du commandant Burgess. Fran\u00e7ois essaya ensuite de reprendre le domaine mais, vite d\u00e9courag\u00e9 par le temps qu\u2019il aurait fallu qu\u2019il y consacre et les moyens financiers qu\u2019il n\u2019avait pas, il le mit en vente en 1958. Apr\u00e8s deux promesses de vente qui n\u2019ont pas abouti, il consentit \u00e0 donner Breteuil \u00e0 son fils Henri-Fran\u00e7ois n\u00e9 de son mariage avec Martine de Breteuil, actrice.<\/p>\t\t\t\t\t\t\t\t<\/div>\n\t\t\t\t<\/div>\n\t\t\t\t\t<\/div>\n\t\t<\/div>\n\t\t\t\t\t<\/div>\n\t\t<\/section>\n\t\t\t\t<section class=\"elementor-section elementor-top-section elementor-element elementor-element-f7b898b elementor-section-boxed elementor-section-height-default elementor-section-height-default\" data-id=\"f7b898b\" data-element_type=\"section\">\n\t\t\t\t\t\t<div class=\"elementor-container elementor-column-gap-default\">\n\t\t\t\t\t<div class=\"elementor-column elementor-col-100 elementor-top-column elementor-element elementor-element-e1b7bf3\" data-id=\"e1b7bf3\" data-element_type=\"column\">\n\t\t\t<div class=\"elementor-widget-wrap elementor-element-populated\">\n\t\t\t\t\t\t<div class=\"elementor-element elementor-element-ab10921 elementor-widget elementor-widget-heading\" data-id=\"ab10921\" data-element_type=\"widget\" data-widget_type=\"heading.default\">\n\t\t\t\t<div class=\"elementor-widget-container\">\n\t\t\t\t\t<h2 class=\"elementor-heading-title elementor-size-default\">Breteuil s'ouvre au Public<\/h2>\t\t\t\t<\/div>\n\t\t\t\t<\/div>\n\t\t\t\t\t<\/div>\n\t\t<\/div>\n\t\t\t\t\t<\/div>\n\t\t<\/section>\n\t\t\t\t<section class=\"elementor-section elementor-top-section elementor-element elementor-element-bced3b8 elementor-section-boxed elementor-section-height-default elementor-section-height-default\" data-id=\"bced3b8\" data-element_type=\"section\">\n\t\t\t\t\t\t<div class=\"elementor-container elementor-column-gap-default\">\n\t\t\t\t\t<div class=\"elementor-column elementor-col-50 elementor-top-column elementor-element elementor-element-483bd39\" data-id=\"483bd39\" data-element_type=\"column\">\n\t\t\t<div class=\"elementor-widget-wrap elementor-element-populated\">\n\t\t\t\t\t\t<div class=\"elementor-element elementor-element-2170d73 elementor-widget elementor-widget-text-editor\" data-id=\"2170d73\" data-element_type=\"widget\" data-widget_type=\"text-editor.default\">\n\t\t\t\t<div class=\"elementor-widget-container\">\n\t\t\t\t\t\t\t\t\t<p>Ag\u00e9 de 23 ans en 1967,Henri-Fran\u00e7ois d\u00e9cide alors avec son \u00e9pouse S\u00e9verine Decazes de redonner vie au ch\u00e2teau de famille apr\u00e8s un long endormissement. Breteuil ouvre ses portes au public en 1969 et accueille cette premi\u00e8re ann\u00e9e 5000 visiteurs. En 1971, le domaine re\u00e7oit le premier prix des \u00ab Chefs d\u2019\u0153uvre en p\u00e9ril \u00bb. Le ch\u00e2teau, ses jardins et son parc ont \u00e9t\u00e9 class\u00e9s Monument Historique le 18 juin 1973.<\/p><p>Les travaux de r\u00e9novation ont \u00e9t\u00e9 men\u00e9s successivement sous l\u2019autorit\u00e9 des architectes en chef des Monuments Historiques responsables des Yvelines, Jean-Claude Rochette, Bernard Fonquernie, Philippe Oudin et Pierre-Andr\u00e9 Lablaude avec, pour une partie, l\u2019aide du Minist\u00e8re de la Culture et de l\u2019Agence des Espaces Verts de la R\u00e9gion Ile-de-France. En 1987 s\u2019est cr\u00e9\u00e9 le Parc Naturel R\u00e9gional de la Haute Vall\u00e9e de Chevreuse. Breteuil en est l\u2019un des fleurons. Au fil des ans, les visiteurs, des plus jeunes aux ain\u00e9s, se sont appropri\u00e9 le domaine qui allie d\u00e9tente et culture.<\/p>\t\t\t\t\t\t\t\t<\/div>\n\t\t\t\t<\/div>\n\t\t\t\t\t<\/div>\n\t\t<\/div>\n\t\t\t\t<div class=\"elementor-column elementor-col-50 elementor-top-column elementor-element elementor-element-e9b88cf\" data-id=\"e9b88cf\" data-element_type=\"column\">\n\t\t\t<div class=\"elementor-widget-wrap elementor-element-populated\">\n\t\t\t\t\t\t<div class=\"elementor-element elementor-element-6e1856c elementor-widget__width-initial elementor-widget elementor-widget-image\" data-id=\"6e1856c\" data-element_type=\"widget\" data-widget_type=\"image.default\">\n\t\t\t\t<div class=\"elementor-widget-container\">\n\t\t\t\t\t\t\t\t\t\t\t\t\t\t\t<img loading=\"lazy\" decoding=\"async\" width=\"1024\" height=\"682\" src=\"https:\/\/www.breteuil.fr\/wp-content\/uploads\/2025\/12\/chateaudebreteuil-portraits-henri-francois-severine-breteuil-1024x682-1-1.jpg\" class=\"attachment-large size-large wp-image-10680\" alt=\"\" srcset=\"https:\/\/www.breteuil.fr\/wp-content\/uploads\/2025\/12\/chateaudebreteuil-portraits-henri-francois-severine-breteuil-1024x682-1-1.jpg 1024w, https:\/\/www.breteuil.fr\/wp-content\/uploads\/2025\/12\/chateaudebreteuil-portraits-henri-francois-severine-breteuil-1024x682-1-1-300x200.jpg 300w, https:\/\/www.breteuil.fr\/wp-content\/uploads\/2025\/12\/chateaudebreteuil-portraits-henri-francois-severine-breteuil-1024x682-1-1-768x512.jpg 768w\" sizes=\"(max-width: 1024px) 100vw, 1024px\" \/>\t\t\t\t\t\t\t\t\t\t\t\t\t\t\t<\/div>\n\t\t\t\t<\/div>\n\t\t\t\t\t<\/div>\n\t\t<\/div>\n\t\t\t\t\t<\/div>\n\t\t<\/section>\n\t\t\t\t<section class=\"elementor-section elementor-top-section elementor-element elementor-element-d5e0264 elementor-section-boxed elementor-section-height-default elementor-section-height-default\" data-id=\"d5e0264\" data-element_type=\"section\">\n\t\t\t\t\t\t<div class=\"elementor-container elementor-column-gap-default\">\n\t\t\t\t\t<div class=\"elementor-column elementor-col-100 elementor-top-column elementor-element elementor-element-046900c\" data-id=\"046900c\" data-element_type=\"column\">\n\t\t\t<div class=\"elementor-widget-wrap elementor-element-populated\">\n\t\t\t\t\t\t<div class=\"elementor-element elementor-element-0770723 elementor-widget elementor-widget-heading\" data-id=\"0770723\" data-element_type=\"widget\" data-widget_type=\"heading.default\">\n\t\t\t\t<div class=\"elementor-widget-container\">\n\t\t\t\t\t<h2 class=\"elementor-heading-title elementor-size-default\">Un nouveau chapitre s'ouvre <\/h2>\t\t\t\t<\/div>\n\t\t\t\t<\/div>\n\t\t\t\t\t<\/div>\n\t\t<\/div>\n\t\t\t\t\t<\/div>\n\t\t<\/section>\n\t\t\t\t<section class=\"elementor-section elementor-top-section elementor-element elementor-element-cdaa48b elementor-section-boxed elementor-section-height-default elementor-section-height-default\" data-id=\"cdaa48b\" data-element_type=\"section\">\n\t\t\t\t\t\t<div class=\"elementor-container elementor-column-gap-default\">\n\t\t\t\t\t<div class=\"elementor-column elementor-col-50 elementor-top-column elementor-element elementor-element-15ca375\" data-id=\"15ca375\" data-element_type=\"column\">\n\t\t\t<div class=\"elementor-widget-wrap elementor-element-populated\">\n\t\t\t\t\t\t<div class=\"elementor-element elementor-element-b0904d4 elementor-widget__width-initial elementor-widget elementor-widget-image\" data-id=\"b0904d4\" data-element_type=\"widget\" data-widget_type=\"image.default\">\n\t\t\t\t<div class=\"elementor-widget-container\">\n\t\t\t\t\t\t\t\t\t\t\t\t\t\t\t<img loading=\"lazy\" decoding=\"async\" width=\"409\" height=\"680\" src=\"https:\/\/www.breteuil.fr\/wp-content\/uploads\/2025\/12\/Francois-et-Pauline-de-Breteuil-1.png\" class=\"attachment-large size-large wp-image-10686\" alt=\"Fran\u00e7ois et Pauline de Breteuil\" srcset=\"https:\/\/www.breteuil.fr\/wp-content\/uploads\/2025\/12\/Francois-et-Pauline-de-Breteuil-1.png 409w, https:\/\/www.breteuil.fr\/wp-content\/uploads\/2025\/12\/Francois-et-Pauline-de-Breteuil-1-180x300.png 180w\" sizes=\"(max-width: 409px) 100vw, 409px\" \/>\t\t\t\t\t\t\t\t\t\t\t\t\t\t\t<\/div>\n\t\t\t\t<\/div>\n\t\t\t\t\t<\/div>\n\t\t<\/div>\n\t\t\t\t<div class=\"elementor-column elementor-col-50 elementor-top-column elementor-element elementor-element-089709c\" data-id=\"089709c\" data-element_type=\"column\">\n\t\t\t<div class=\"elementor-widget-wrap elementor-element-populated\">\n\t\t\t\t\t\t<div class=\"elementor-element elementor-element-bc8cd84 elementor-widget__width-initial elementor-widget elementor-widget-text-editor\" data-id=\"bc8cd84\" data-element_type=\"widget\" data-widget_type=\"text-editor.default\">\n\t\t\t\t<div class=\"elementor-widget-container\">\n\t\t\t\t\t\t\t\t\t<p>En 2025, Henri-Fran\u00e7ois de Breteuil transmet le ch\u00e2teau \u00e0 son fils Fran\u00e7ois. Avec sa femme Pauline de Bernis Calvi\u00e8re ils s\u2019attachent \u00e0 poursuivre la pr\u00e9servation de ce patrimoine familial tout en l\u2019ouvrant encore davantage au public.<\/p><p><em>\u00ab\u00a0Aujourd\u2019hui, nous nous inscrivons dans les pas audacieux des ministres Breteuil qui ont servi la France et embelli leur ch\u00e2teau, des h\u00e9ros p\u00e9tulants de Perrault qui ont su, \u00e0 l&rsquo;image du chat Bott\u00e9, s&rsquo;extraire de leur condition, et des entrepreneurs, Henri-Fran\u00e7ois et S\u00e9verine de Breteuil, qui ont v\u00e9cu leur patrimoine comme une chance et pas comme un poids. <\/em><\/p><p><em>Nous souhaitons approfondir cette dynamique en valorisant tous les visages de Breteuil : son histoire, ses contes, son patrimoine b\u00e2ti et mobilier, ses jardins et son parc exceptionnels. Nous accueillons des \u00e9v\u00e9nements, des familles, des artistes, des sorties scolaires et des amoureux de la nature. Le patrimoine ne se transmet pas seulement par la conservation, mais par l\u2019usage. A Breteuil, l\u2019histoire est vivante. Le ch\u00e2teau a travers\u00e9 les si\u00e8cles, les guerres, les r\u00e9volutions, les crises, tout en restant dans notre famille depuis le 17<sup>\u00e8me<\/sup> si\u00e8cle. Le ch\u00e2teau nous parle comme \u00e0 nos anc\u00eatres qui nous ont pr\u00e9c\u00e9d\u00e9s ici. Breteuil est un passeur d\u2019histoires depuis 1610. Et nous sommes tr\u00e8s heureux de le partager avec les visiteurs.\u00a0\u00bb<\/em><\/p><p>Fran\u00e7ois et Pauline de Breteuil<\/p>\t\t\t\t\t\t\t\t<\/div>\n\t\t\t\t<\/div>\n\t\t\t\t\t<\/div>\n\t\t<\/div>\n\t\t\t\t\t<\/div>\n\t\t<\/section>\n\t\t\t\t<section class=\"elementor-section elementor-top-section elementor-element elementor-element-0fe621c elementor-section-boxed elementor-section-height-default elementor-section-height-default\" data-id=\"0fe621c\" data-element_type=\"section\">\n\t\t\t\t\t\t<div class=\"elementor-container elementor-column-gap-default\">\n\t\t\t\t\t<div class=\"elementor-column elementor-col-100 elementor-top-column elementor-element elementor-element-619a484\" data-id=\"619a484\" data-element_type=\"column\">\n\t\t\t<div class=\"elementor-widget-wrap elementor-element-populated\">\n\t\t\t\t\t\t<div class=\"elementor-element elementor-element-c90868c elementor-widget elementor-widget-spacer\" data-id=\"c90868c\" data-element_type=\"widget\" data-widget_type=\"spacer.default\">\n\t\t\t\t<div class=\"elementor-widget-container\">\n\t\t\t\t\t\t\t<div class=\"elementor-spacer\">\n\t\t\t<div class=\"elementor-spacer-inner\"><\/div>\n\t\t<\/div>\n\t\t\t\t\t\t<\/div>\n\t\t\t\t<\/div>\n\t\t\t\t<div class=\"elementor-element elementor-element-9b83c64 elementor-widget elementor-widget-spacer\" data-id=\"9b83c64\" data-element_type=\"widget\" data-widget_type=\"spacer.default\">\n\t\t\t\t<div class=\"elementor-widget-container\">\n\t\t\t\t\t\t\t<div class=\"elementor-spacer\">\n\t\t\t<div class=\"elementor-spacer-inner\"><\/div>\n\t\t<\/div>\n\t\t\t\t\t\t<\/div>\n\t\t\t\t<\/div>\n\t\t\t\t\t<\/div>\n\t\t<\/div>\n\t\t\t\t\t<\/div>\n\t\t<\/section>\n\t\t\t\t<section class=\"elementor-section elementor-top-section elementor-element elementor-element-3e5073a elementor-section-full_width elementor-section-height-default elementor-section-height-default\" data-id=\"3e5073a\" data-element_type=\"section\" data-settings=\"{&quot;background_background&quot;:&quot;classic&quot;}\">\n\t\t\t\t\t\t<div class=\"elementor-container elementor-column-gap-default\">\n\t\t\t\t\t<div class=\"elementor-column elementor-col-100 elementor-top-column elementor-element elementor-element-e6ee555\" data-id=\"e6ee555\" data-element_type=\"column\">\n\t\t\t<div class=\"elementor-widget-wrap elementor-element-populated\">\n\t\t\t\t\t\t<div class=\"elementor-element elementor-element-3c8f450 elementor-widget elementor-widget-spacer\" data-id=\"3c8f450\" data-element_type=\"widget\" data-widget_type=\"spacer.default\">\n\t\t\t\t<div class=\"elementor-widget-container\">\n\t\t\t\t\t\t\t<div class=\"elementor-spacer\">\n\t\t\t<div class=\"elementor-spacer-inner\"><\/div>\n\t\t<\/div>\n\t\t\t\t\t\t<\/div>\n\t\t\t\t<\/div>\n\t\t\t\t\t<\/div>\n\t\t<\/div>\n\t\t\t\t\t<\/div>\n\t\t<\/section>\n\t\t\t\t<section class=\"elementor-section elementor-top-section elementor-element elementor-element-9ca44d3 elementor-section-boxed elementor-section-height-default elementor-section-height-default\" data-id=\"9ca44d3\" data-element_type=\"section\">\n\t\t\t\t\t\t<div class=\"elementor-container elementor-column-gap-default\">\n\t\t\t\t\t<div class=\"elementor-column elementor-col-100 elementor-top-column elementor-element elementor-element-9775ed6\" data-id=\"9775ed6\" data-element_type=\"column\">\n\t\t\t<div class=\"elementor-widget-wrap elementor-element-populated\">\n\t\t\t\t\t\t<div class=\"elementor-element elementor-element-cb17307 elementor-widget elementor-widget-spacer\" data-id=\"cb17307\" data-element_type=\"widget\" data-widget_type=\"spacer.default\">\n\t\t\t\t<div class=\"elementor-widget-container\">\n\t\t\t\t\t\t\t<div class=\"elementor-spacer\">\n\t\t\t<div class=\"elementor-spacer-inner\"><\/div>\n\t\t<\/div>\n\t\t\t\t\t\t<\/div>\n\t\t\t\t<\/div>\n\t\t\t\t<div class=\"elementor-element elementor-element-679534d elementor-widget elementor-widget-heading\" data-id=\"679534d\" data-element_type=\"widget\" data-widget_type=\"heading.default\">\n\t\t\t\t<div class=\"elementor-widget-container\">\n\t\t\t\t\t<h2 class=\"elementor-heading-title elementor-size-default\">Les membres de la famille de Breteuil<\/h2>\t\t\t\t<\/div>\n\t\t\t\t<\/div>\n\t\t\t\t<div class=\"elementor-element elementor-element-c911e56 elementor-widget elementor-widget-spacer\" data-id=\"c911e56\" data-element_type=\"widget\" data-widget_type=\"spacer.default\">\n\t\t\t\t<div class=\"elementor-widget-container\">\n\t\t\t\t\t\t\t<div class=\"elementor-spacer\">\n\t\t\t<div class=\"elementor-spacer-inner\"><\/div>\n\t\t<\/div>\n\t\t\t\t\t\t<\/div>\n\t\t\t\t<\/div>\n\t\t\t\t<div class=\"elementor-element elementor-element-2379831 elementor-widget elementor-widget-gallery\" data-id=\"2379831\" data-element_type=\"widget\" data-settings=\"{&quot;gallery_layout&quot;:&quot;justified&quot;,&quot;lazyload&quot;:&quot;yes&quot;,&quot;ideal_row_height&quot;:{&quot;unit&quot;:&quot;px&quot;,&quot;size&quot;:200,&quot;sizes&quot;:[]},&quot;ideal_row_height_tablet&quot;:{&quot;unit&quot;:&quot;px&quot;,&quot;size&quot;:150,&quot;sizes&quot;:[]},&quot;ideal_row_height_mobile&quot;:{&quot;unit&quot;:&quot;px&quot;,&quot;size&quot;:150,&quot;sizes&quot;:[]},&quot;gap&quot;:{&quot;unit&quot;:&quot;px&quot;,&quot;size&quot;:10,&quot;sizes&quot;:[]},&quot;gap_tablet&quot;:{&quot;unit&quot;:&quot;px&quot;,&quot;size&quot;:10,&quot;sizes&quot;:[]},&quot;gap_mobile&quot;:{&quot;unit&quot;:&quot;px&quot;,&quot;size&quot;:10,&quot;sizes&quot;:[]},&quot;link_to&quot;:&quot;file&quot;,&quot;overlay_background&quot;:&quot;yes&quot;,&quot;content_hover_animation&quot;:&quot;fade-in&quot;}\" data-widget_type=\"gallery.default\">\n\t\t\t\t<div class=\"elementor-widget-container\">\n\t\t\t\t\t\t\t<div class=\"elementor-gallery__container\">\n\t\t\t\t\t\t\t<a class=\"e-gallery-item elementor-gallery-item elementor-animated-content\" href=\"https:\/\/www.breteuil.fr\/wp-content\/uploads\/2021\/03\/chateaudebreteuil-louis-de-breteuil.jpg\" data-elementor-open-lightbox=\"yes\" data-elementor-lightbox-slideshow=\"2379831\" data-elementor-lightbox-title=\"Portrait de Louis Nicolas de Breteuil\" data-elementor-lightbox-description=\"Portrait de Louis Nicolas de Breteuil\" data-e-action-hash=\"#elementor-action%3Aaction%3Dlightbox%26settings%3DeyJpZCI6Mzg1MSwidXJsIjoiaHR0cHM6XC9cL3d3dy5icmV0ZXVpbC5mclwvd3AtY29udGVudFwvdXBsb2Fkc1wvMjAyMVwvMDNcL2NoYXRlYXVkZWJyZXRldWlsLWxvdWlzLWRlLWJyZXRldWlsLmpwZyIsInNsaWRlc2hvdyI6IjIzNzk4MzEifQ%3D%3D\">\n\t\t\t\t\t<div class=\"e-gallery-image elementor-gallery-item__image\" data-thumbnail=\"https:\/\/www.breteuil.fr\/wp-content\/uploads\/2021\/03\/chateaudebreteuil-louis-de-breteuil-240x300.jpg\" data-width=\"240\" data-height=\"300\" aria-label=\"Portrait de Louis Nicolas de Breteuil\" role=\"img\" ><\/div>\n\t\t\t\t\t\t\t\t\t\t\t<div class=\"elementor-gallery-item__overlay\"><\/div>\n\t\t\t\t\t\t\t\t\t\t\t\t\t\t<\/a>\n\t\t\t\t\t\t\t<a class=\"e-gallery-item elementor-gallery-item elementor-animated-content\" href=\"https:\/\/www.breteuil.fr\/wp-content\/uploads\/2021\/02\/chateaudebreteuil-comte-bulkeley.jpg\" data-elementor-open-lightbox=\"yes\" data-elementor-lightbox-slideshow=\"2379831\" data-elementor-lightbox-title=\"chateaudebreteuil-comte-bulkeley\" data-e-action-hash=\"#elementor-action%3Aaction%3Dlightbox%26settings%3DeyJpZCI6MjgzNywidXJsIjoiaHR0cHM6XC9cL3d3dy5icmV0ZXVpbC5mclwvd3AtY29udGVudFwvdXBsb2Fkc1wvMjAyMVwvMDJcL2NoYXRlYXVkZWJyZXRldWlsLWNvbXRlLWJ1bGtlbGV5LmpwZyIsInNsaWRlc2hvdyI6IjIzNzk4MzEifQ%3D%3D\">\n\t\t\t\t\t<div class=\"e-gallery-image elementor-gallery-item__image\" data-thumbnail=\"https:\/\/www.breteuil.fr\/wp-content\/uploads\/2021\/02\/chateaudebreteuil-comte-bulkeley-240x300.jpg\" data-width=\"240\" data-height=\"300\" aria-label=\"\" role=\"img\" ><\/div>\n\t\t\t\t\t\t\t\t\t\t\t<div class=\"elementor-gallery-item__overlay\"><\/div>\n\t\t\t\t\t\t\t\t\t\t\t\t\t\t<\/a>\n\t\t\t\t\t\t\t<a class=\"e-gallery-item elementor-gallery-item elementor-animated-content\" href=\"https:\/\/www.breteuil.fr\/wp-content\/uploads\/2021\/02\/chateaudebreteuil-lady-o-brien.jpg\" data-elementor-open-lightbox=\"yes\" data-elementor-lightbox-slideshow=\"2379831\" data-elementor-lightbox-title=\"chateaudebreteuil-lady-o-brien\" data-e-action-hash=\"#elementor-action%3Aaction%3Dlightbox%26settings%3DeyJpZCI6Mjg0NCwidXJsIjoiaHR0cHM6XC9cL3d3dy5icmV0ZXVpbC5mclwvd3AtY29udGVudFwvdXBsb2Fkc1wvMjAyMVwvMDJcL2NoYXRlYXVkZWJyZXRldWlsLWxhZHktby1icmllbi5qcGciLCJzbGlkZXNob3ciOiIyMzc5ODMxIn0%3D\">\n\t\t\t\t\t<div class=\"e-gallery-image elementor-gallery-item__image\" data-thumbnail=\"https:\/\/www.breteuil.fr\/wp-content\/uploads\/2021\/02\/chateaudebreteuil-lady-o-brien-240x300.jpg\" data-width=\"240\" data-height=\"300\" aria-label=\"\" role=\"img\" ><\/div>\n\t\t\t\t\t\t\t\t\t\t\t<div class=\"elementor-gallery-item__overlay\"><\/div>\n\t\t\t\t\t\t\t\t\t\t\t\t\t\t<\/a>\n\t\t\t\t\t\t\t<a class=\"e-gallery-item elementor-gallery-item elementor-animated-content\" href=\"https:\/\/www.breteuil.fr\/wp-content\/uploads\/2021\/03\/chateaudebreteuil-louis-nicolas-de-breteuil.jpg\" data-elementor-open-lightbox=\"yes\" data-elementor-lightbox-slideshow=\"2379831\" data-elementor-lightbox-title=\"Portrait de Louis Nicolas de Breteuil\" data-elementor-lightbox-description=\"Portrait de Louis Nicolas de Breteuil\" data-e-action-hash=\"#elementor-action%3Aaction%3Dlightbox%26settings%3DeyJpZCI6Mzg1MiwidXJsIjoiaHR0cHM6XC9cL3d3dy5icmV0ZXVpbC5mclwvd3AtY29udGVudFwvdXBsb2Fkc1wvMjAyMVwvMDNcL2NoYXRlYXVkZWJyZXRldWlsLWxvdWlzLW5pY29sYXMtZGUtYnJldGV1aWwuanBnIiwic2xpZGVzaG93IjoiMjM3OTgzMSJ9\">\n\t\t\t\t\t<div class=\"e-gallery-image elementor-gallery-item__image\" data-thumbnail=\"https:\/\/www.breteuil.fr\/wp-content\/uploads\/2021\/03\/chateaudebreteuil-louis-nicolas-de-breteuil-240x300.jpg\" data-width=\"240\" data-height=\"300\" aria-label=\"Portrait de Louis Nicolas de Breteuil\" role=\"img\" ><\/div>\n\t\t\t\t\t\t\t\t\t\t\t<div class=\"elementor-gallery-item__overlay\"><\/div>\n\t\t\t\t\t\t\t\t\t\t\t\t\t\t<\/a>\n\t\t\t\t\t\t\t<a class=\"e-gallery-item elementor-gallery-item elementor-animated-content\" href=\"https:\/\/www.breteuil.fr\/wp-content\/uploads\/2021\/03\/chateaudebreteuil-gabrielle-anne-de-breteuil.jpg\" data-elementor-open-lightbox=\"yes\" data-elementor-lightbox-slideshow=\"2379831\" data-elementor-lightbox-title=\"Portrait de Gabrielle Anne de Breteuil\" data-elementor-lightbox-description=\"Portrait de Gabrielle Anne de Breteuil\" data-e-action-hash=\"#elementor-action%3Aaction%3Dlightbox%26settings%3DeyJpZCI6Mzg0OCwidXJsIjoiaHR0cHM6XC9cL3d3dy5icmV0ZXVpbC5mclwvd3AtY29udGVudFwvdXBsb2Fkc1wvMjAyMVwvMDNcL2NoYXRlYXVkZWJyZXRldWlsLWdhYnJpZWxsZS1hbm5lLWRlLWJyZXRldWlsLmpwZyIsInNsaWRlc2hvdyI6IjIzNzk4MzEifQ%3D%3D\">\n\t\t\t\t\t<div class=\"e-gallery-image elementor-gallery-item__image\" data-thumbnail=\"https:\/\/www.breteuil.fr\/wp-content\/uploads\/2021\/03\/chateaudebreteuil-gabrielle-anne-de-breteuil-240x300.jpg\" data-width=\"240\" data-height=\"300\" aria-label=\"Portrait de Gabrielle Anne de Breteuil\" role=\"img\" ><\/div>\n\t\t\t\t\t\t\t\t\t\t\t<div class=\"elementor-gallery-item__overlay\"><\/div>\n\t\t\t\t\t\t\t\t\t\t\t\t\t\t<\/a>\n\t\t\t\t\t\t\t<a class=\"e-gallery-item elementor-gallery-item elementor-animated-content\" href=\"https:\/\/www.breteuil.fr\/wp-content\/uploads\/2021\/02\/chateaudebreteuil-portrait-voltaire-gabrielle-emilie-chatelet.jpg\" data-elementor-open-lightbox=\"yes\" data-elementor-lightbox-slideshow=\"2379831\" data-elementor-lightbox-title=\"chateaudebreteuil-portrait-voltaire-gabrielle-emilie-chatelet\" data-e-action-hash=\"#elementor-action%3Aaction%3Dlightbox%26settings%3DeyJpZCI6Mjg1NCwidXJsIjoiaHR0cHM6XC9cL3d3dy5icmV0ZXVpbC5mclwvd3AtY29udGVudFwvdXBsb2Fkc1wvMjAyMVwvMDJcL2NoYXRlYXVkZWJyZXRldWlsLXBvcnRyYWl0LXZvbHRhaXJlLWdhYnJpZWxsZS1lbWlsaWUtY2hhdGVsZXQuanBnIiwic2xpZGVzaG93IjoiMjM3OTgzMSJ9\">\n\t\t\t\t\t<div class=\"e-gallery-image elementor-gallery-item__image\" data-thumbnail=\"https:\/\/www.breteuil.fr\/wp-content\/uploads\/2021\/02\/chateaudebreteuil-portrait-voltaire-gabrielle-emilie-chatelet-239x300.jpg\" data-width=\"239\" data-height=\"300\" aria-label=\"\" role=\"img\" ><\/div>\n\t\t\t\t\t\t\t\t\t\t\t<div class=\"elementor-gallery-item__overlay\"><\/div>\n\t\t\t\t\t\t\t\t\t\t\t\t\t\t<\/a>\n\t\t\t\t\t\t\t<a class=\"e-gallery-item elementor-gallery-item elementor-animated-content\" href=\"https:\/\/www.breteuil.fr\/wp-content\/uploads\/2021\/02\/chateaudebreteuil-portrait-francois-victor-de-breteuil.jpg\" data-elementor-open-lightbox=\"yes\" data-elementor-lightbox-slideshow=\"2379831\" data-elementor-lightbox-title=\"chateaudebreteuil-portrait-francois-victor-de-breteuil\" data-e-action-hash=\"#elementor-action%3Aaction%3Dlightbox%26settings%3DeyJpZCI6Mjg1MSwidXJsIjoiaHR0cHM6XC9cL3d3dy5icmV0ZXVpbC5mclwvd3AtY29udGVudFwvdXBsb2Fkc1wvMjAyMVwvMDJcL2NoYXRlYXVkZWJyZXRldWlsLXBvcnRyYWl0LWZyYW5jb2lzLXZpY3Rvci1kZS1icmV0ZXVpbC5qcGciLCJzbGlkZXNob3ciOiIyMzc5ODMxIn0%3D\">\n\t\t\t\t\t<div class=\"e-gallery-image elementor-gallery-item__image\" data-thumbnail=\"https:\/\/www.breteuil.fr\/wp-content\/uploads\/2021\/02\/chateaudebreteuil-portrait-francois-victor-de-breteuil-240x300.jpg\" data-width=\"240\" data-height=\"300\" aria-label=\"\" role=\"img\" ><\/div>\n\t\t\t\t\t\t\t\t\t\t\t<div class=\"elementor-gallery-item__overlay\"><\/div>\n\t\t\t\t\t\t\t\t\t\t\t\t\t\t<\/a>\n\t\t\t\t\t\t\t<a class=\"e-gallery-item elementor-gallery-item elementor-animated-content\" href=\"https:\/\/www.breteuil.fr\/wp-content\/uploads\/2021\/03\/chateaudebreteuil-louis-auguste-baron-breteuil-peinture.jpg\" data-elementor-open-lightbox=\"yes\" data-elementor-lightbox-slideshow=\"2379831\" data-elementor-lightbox-title=\"Portrait de Louis Auguste, baron de Breteuil\" data-elementor-lightbox-description=\"Portrait de Louis Auguste, baron de Breteuil\" data-e-action-hash=\"#elementor-action%3Aaction%3Dlightbox%26settings%3DeyJpZCI6Mzg0OSwidXJsIjoiaHR0cHM6XC9cL3d3dy5icmV0ZXVpbC5mclwvd3AtY29udGVudFwvdXBsb2Fkc1wvMjAyMVwvMDNcL2NoYXRlYXVkZWJyZXRldWlsLWxvdWlzLWF1Z3VzdGUtYmFyb24tYnJldGV1aWwtcGVpbnR1cmUuanBnIiwic2xpZGVzaG93IjoiMjM3OTgzMSJ9\">\n\t\t\t\t\t<div class=\"e-gallery-image elementor-gallery-item__image\" data-thumbnail=\"https:\/\/www.breteuil.fr\/wp-content\/uploads\/2021\/03\/chateaudebreteuil-louis-auguste-baron-breteuil-peinture-214x300.jpg\" data-width=\"214\" data-height=\"300\" aria-label=\"Portrait de Louis Auguste, baron de Breteuil\" role=\"img\" ><\/div>\n\t\t\t\t\t\t\t\t\t\t\t<div class=\"elementor-gallery-item__overlay\"><\/div>\n\t\t\t\t\t\t\t\t\t\t\t\t\t\t<\/a>\n\t\t\t\t\t\t\t<a class=\"e-gallery-item elementor-gallery-item elementor-animated-content\" href=\"https:\/\/www.breteuil.fr\/wp-content\/uploads\/2021\/02\/chateaudebreteuil-portrait-charles-comte-breteuil.jpg\" data-elementor-open-lightbox=\"yes\" data-elementor-lightbox-slideshow=\"2379831\" data-elementor-lightbox-title=\"chateaudebreteuil-portrait-charles-comte-breteuil\" data-e-action-hash=\"#elementor-action%3Aaction%3Dlightbox%26settings%3DeyJpZCI6Mjg0OCwidXJsIjoiaHR0cHM6XC9cL3d3dy5icmV0ZXVpbC5mclwvd3AtY29udGVudFwvdXBsb2Fkc1wvMjAyMVwvMDJcL2NoYXRlYXVkZWJyZXRldWlsLXBvcnRyYWl0LWNoYXJsZXMtY29tdGUtYnJldGV1aWwuanBnIiwic2xpZGVzaG93IjoiMjM3OTgzMSJ9\">\n\t\t\t\t\t<div class=\"e-gallery-image elementor-gallery-item__image\" data-thumbnail=\"https:\/\/www.breteuil.fr\/wp-content\/uploads\/2021\/02\/chateaudebreteuil-portrait-charles-comte-breteuil-240x300.jpg\" data-width=\"240\" data-height=\"300\" aria-label=\"\" role=\"img\" ><\/div>\n\t\t\t\t\t\t\t\t\t\t\t<div class=\"elementor-gallery-item__overlay\"><\/div>\n\t\t\t\t\t\t\t\t\t\t\t\t\t\t<\/a>\n\t\t\t\t\t\t\t<a class=\"e-gallery-item elementor-gallery-item elementor-animated-content\" href=\"https:\/\/www.breteuil.fr\/wp-content\/uploads\/2021\/02\/chateaudebreteuil-portrait-charlotte-louise-olympe-breteuil.jpg\" data-elementor-open-lightbox=\"yes\" data-elementor-lightbox-slideshow=\"2379831\" data-elementor-lightbox-title=\"chateaudebreteuil-portrait-charlotte-louise-olympe-breteuil\" data-e-action-hash=\"#elementor-action%3Aaction%3Dlightbox%26settings%3DeyJpZCI6Mjg1MCwidXJsIjoiaHR0cHM6XC9cL3d3dy5icmV0ZXVpbC5mclwvd3AtY29udGVudFwvdXBsb2Fkc1wvMjAyMVwvMDJcL2NoYXRlYXVkZWJyZXRldWlsLXBvcnRyYWl0LWNoYXJsb3R0ZS1sb3Vpc2Utb2x5bXBlLWJyZXRldWlsLmpwZyIsInNsaWRlc2hvdyI6IjIzNzk4MzEifQ%3D%3D\">\n\t\t\t\t\t<div class=\"e-gallery-image elementor-gallery-item__image\" data-thumbnail=\"https:\/\/www.breteuil.fr\/wp-content\/uploads\/2021\/02\/chateaudebreteuil-portrait-charlotte-louise-olympe-breteuil-240x300.jpg\" data-width=\"240\" data-height=\"300\" aria-label=\"\" role=\"img\" ><\/div>\n\t\t\t\t\t\t\t\t\t\t\t<div class=\"elementor-gallery-item__overlay\"><\/div>\n\t\t\t\t\t\t\t\t\t\t\t\t\t\t<\/a>\n\t\t\t\t\t\t\t<a class=\"e-gallery-item elementor-gallery-item elementor-animated-content\" href=\"https:\/\/www.breteuil.fr\/wp-content\/uploads\/2021\/02\/chateaudebreteuil-portrait-charlotte-fould.jpg\" data-elementor-open-lightbox=\"yes\" data-elementor-lightbox-slideshow=\"2379831\" data-elementor-lightbox-title=\"chateaudebreteuil-portrait-charlotte-fould\" data-e-action-hash=\"#elementor-action%3Aaction%3Dlightbox%26settings%3DeyJpZCI6Mjg0OSwidXJsIjoiaHR0cHM6XC9cL3d3dy5icmV0ZXVpbC5mclwvd3AtY29udGVudFwvdXBsb2Fkc1wvMjAyMVwvMDJcL2NoYXRlYXVkZWJyZXRldWlsLXBvcnRyYWl0LWNoYXJsb3R0ZS1mb3VsZC5qcGciLCJzbGlkZXNob3ciOiIyMzc5ODMxIn0%3D\">\n\t\t\t\t\t<div class=\"e-gallery-image elementor-gallery-item__image\" data-thumbnail=\"https:\/\/www.breteuil.fr\/wp-content\/uploads\/2021\/02\/chateaudebreteuil-portrait-charlotte-fould-240x300.jpg\" data-width=\"240\" data-height=\"300\" aria-label=\"\" role=\"img\" ><\/div>\n\t\t\t\t\t\t\t\t\t\t\t<div class=\"elementor-gallery-item__overlay\"><\/div>\n\t\t\t\t\t\t\t\t\t\t\t\t\t\t<\/a>\n\t\t\t\t\t\t\t<a class=\"e-gallery-item elementor-gallery-item elementor-animated-content\" href=\"https:\/\/www.breteuil.fr\/wp-content\/uploads\/2021\/02\/chateaudebreteuil-portrait-henri-breteuil.jpg\" data-elementor-open-lightbox=\"yes\" data-elementor-lightbox-slideshow=\"2379831\" data-elementor-lightbox-title=\"chateaudebreteuil-portrait-henri-breteuil\" data-e-action-hash=\"#elementor-action%3Aaction%3Dlightbox%26settings%3DeyJpZCI6Mjg1MiwidXJsIjoiaHR0cHM6XC9cL3d3dy5icmV0ZXVpbC5mclwvd3AtY29udGVudFwvdXBsb2Fkc1wvMjAyMVwvMDJcL2NoYXRlYXVkZWJyZXRldWlsLXBvcnRyYWl0LWhlbnJpLWJyZXRldWlsLmpwZyIsInNsaWRlc2hvdyI6IjIzNzk4MzEifQ%3D%3D\">\n\t\t\t\t\t<div class=\"e-gallery-image elementor-gallery-item__image\" data-thumbnail=\"https:\/\/www.breteuil.fr\/wp-content\/uploads\/2021\/02\/chateaudebreteuil-portrait-henri-breteuil-300x300.jpg\" data-width=\"300\" data-height=\"300\" aria-label=\"\" role=\"img\" ><\/div>\n\t\t\t\t\t\t\t\t\t\t\t<div class=\"elementor-gallery-item__overlay\"><\/div>\n\t\t\t\t\t\t\t\t\t\t\t\t\t\t<\/a>\n\t\t\t\t\t\t\t<a class=\"e-gallery-item elementor-gallery-item elementor-animated-content\" href=\"https:\/\/www.breteuil.fr\/wp-content\/uploads\/2021\/02\/chateaudebreteuil-portrait-marcellite-garner.jpg\" data-elementor-open-lightbox=\"yes\" data-elementor-lightbox-slideshow=\"2379831\" data-elementor-lightbox-title=\"chateaudebreteuil-portrait-marcellite-garner\" data-e-action-hash=\"#elementor-action%3Aaction%3Dlightbox%26settings%3DeyJpZCI6Mjg1MywidXJsIjoiaHR0cHM6XC9cL3d3dy5icmV0ZXVpbC5mclwvd3AtY29udGVudFwvdXBsb2Fkc1wvMjAyMVwvMDJcL2NoYXRlYXVkZWJyZXRldWlsLXBvcnRyYWl0LW1hcmNlbGxpdGUtZ2FybmVyLmpwZyIsInNsaWRlc2hvdyI6IjIzNzk4MzEifQ%3D%3D\">\n\t\t\t\t\t<div class=\"e-gallery-image elementor-gallery-item__image\" data-thumbnail=\"https:\/\/www.breteuil.fr\/wp-content\/uploads\/2021\/02\/chateaudebreteuil-portrait-marcellite-garner-240x300.jpg\" data-width=\"240\" data-height=\"300\" aria-label=\"\" role=\"img\" ><\/div>\n\t\t\t\t\t\t\t\t\t\t\t<div class=\"elementor-gallery-item__overlay\"><\/div>\n\t\t\t\t\t\t\t\t\t\t\t\t\t\t<\/a>\n\t\t\t\t\t\t\t<a class=\"e-gallery-item elementor-gallery-item elementor-animated-content\" href=\"https:\/\/www.breteuil.fr\/wp-content\/uploads\/2021\/02\/chateaudebreteuil-henri-francois-de-breteuil.jpg\" data-elementor-open-lightbox=\"yes\" data-elementor-lightbox-slideshow=\"2379831\" data-elementor-lightbox-title=\"chateaudebreteuil-henri-francois-de-breteuil\" data-e-action-hash=\"#elementor-action%3Aaction%3Dlightbox%26settings%3DeyJpZCI6Mjg0MywidXJsIjoiaHR0cHM6XC9cL3d3dy5icmV0ZXVpbC5mclwvd3AtY29udGVudFwvdXBsb2Fkc1wvMjAyMVwvMDJcL2NoYXRlYXVkZWJyZXRldWlsLWhlbnJpLWZyYW5jb2lzLWRlLWJyZXRldWlsLmpwZyIsInNsaWRlc2hvdyI6IjIzNzk4MzEifQ%3D%3D\">\n\t\t\t\t\t<div class=\"e-gallery-image elementor-gallery-item__image\" data-thumbnail=\"https:\/\/www.breteuil.fr\/wp-content\/uploads\/2021\/02\/chateaudebreteuil-henri-francois-de-breteuil-300x300.jpg\" data-width=\"300\" data-height=\"300\" aria-label=\"\" role=\"img\" ><\/div>\n\t\t\t\t\t\t\t\t\t\t\t<div class=\"elementor-gallery-item__overlay\"><\/div>\n\t\t\t\t\t\t\t\t\t\t\t\t\t\t<\/a>\n\t\t\t\t\t<\/div>\n\t\t\t\t\t<\/div>\n\t\t\t\t<\/div>\n\t\t\t\t<div class=\"elementor-element elementor-element-bb487aa elementor-widget elementor-widget-spacer\" data-id=\"bb487aa\" data-element_type=\"widget\" data-widget_type=\"spacer.default\">\n\t\t\t\t<div class=\"elementor-widget-container\">\n\t\t\t\t\t\t\t<div class=\"elementor-spacer\">\n\t\t\t<div class=\"elementor-spacer-inner\"><\/div>\n\t\t<\/div>\n\t\t\t\t\t\t<\/div>\n\t\t\t\t<\/div>\n\t\t\t\t\t<\/div>\n\t\t<\/div>\n\t\t\t\t\t<\/div>\n\t\t<\/section>\n\t\t\t\t<section class=\"elementor-section elementor-top-section elementor-element elementor-element-1590376d elementor-section-boxed elementor-section-height-default elementor-section-height-default\" data-id=\"1590376d\" data-element_type=\"section\" data-settings=\"{&quot;background_background&quot;:&quot;classic&quot;}\">\n\t\t\t\t\t\t<div class=\"elementor-container elementor-column-gap-default\">\n\t\t\t\t\t<div class=\"elementor-column elementor-col-100 elementor-top-column elementor-element elementor-element-a32b9a5\" data-id=\"a32b9a5\" data-element_type=\"column\">\n\t\t\t<div class=\"elementor-widget-wrap elementor-element-populated\">\n\t\t\t\t\t\t<div class=\"elementor-element elementor-element-5ad36514 elementor-widget elementor-widget-spacer\" data-id=\"5ad36514\" data-element_type=\"widget\" data-widget_type=\"spacer.default\">\n\t\t\t\t<div class=\"elementor-widget-container\">\n\t\t\t\t\t\t\t<div class=\"elementor-spacer\">\n\t\t\t<div class=\"elementor-spacer-inner\"><\/div>\n\t\t<\/div>\n\t\t\t\t\t\t<\/div>\n\t\t\t\t<\/div>\n\t\t\t\t<section class=\"elementor-section elementor-inner-section elementor-element elementor-element-130b715f elementor-section-full_width elementor-section-content-middle elementor-section-height-default elementor-section-height-default\" data-id=\"130b715f\" data-element_type=\"section\">\n\t\t\t\t\t\t<div class=\"elementor-container elementor-column-gap-default\">\n\t\t\t\t\t<div class=\"elementor-column elementor-col-33 elementor-inner-column elementor-element elementor-element-a2db9e8\" data-id=\"a2db9e8\" data-element_type=\"column\">\n\t\t\t<div class=\"elementor-widget-wrap elementor-element-populated\">\n\t\t\t\t\t\t<div class=\"elementor-element elementor-element-5e1cd5ae elementor-widget elementor-widget-heading\" data-id=\"5e1cd5ae\" data-element_type=\"widget\" data-widget_type=\"heading.default\">\n\t\t\t\t<div class=\"elementor-widget-container\">\n\t\t\t\t\t<h3 class=\"elementor-heading-title elementor-size-default\">Vous pourriez \u00eatre int\u00e9ress\u00e9(e) par ces contenus<\/h3>\t\t\t\t<\/div>\n\t\t\t\t<\/div>\n\t\t\t\t\t<\/div>\n\t\t<\/div>\n\t\t\t\t<div class=\"elementor-column elementor-col-33 elementor-inner-column elementor-element elementor-element-4fc9523a\" data-id=\"4fc9523a\" data-element_type=\"column\" data-settings=\"{&quot;background_background&quot;:&quot;classic&quot;}\">\n\t\t\t<div class=\"elementor-widget-wrap elementor-element-populated\">\n\t\t\t\t\t\t<div class=\"elementor-element elementor-element-195f32ea elementor-view-default elementor-position-top elementor-mobile-position-top elementor-widget elementor-widget-icon-box\" data-id=\"195f32ea\" data-element_type=\"widget\" data-widget_type=\"icon-box.default\">\n\t\t\t\t<div class=\"elementor-widget-container\">\n\t\t\t\t\t\t\t<div class=\"elementor-icon-box-wrapper\">\n\n\t\t\t\t\t\t<div class=\"elementor-icon-box-icon\">\n\t\t\t\t<a href=\"\/charles-perrault-un-homme-a-plusieurs-facettes\/\" class=\"elementor-icon\" tabindex=\"-1\" aria-label=\"Les scenes des contes de perrault\">\n\t\t\t\t<i aria-hidden=\"true\" class=\"fas fa-book\"><\/i>\t\t\t\t<\/a>\n\t\t\t<\/div>\n\t\t\t\n\t\t\t\t\t\t<div class=\"elementor-icon-box-content\">\n\n\t\t\t\t\t\t\t\t\t<h4 class=\"elementor-icon-box-title\">\n\t\t\t\t\t\t<a href=\"\/charles-perrault-un-homme-a-plusieurs-facettes\/\" >\n\t\t\t\t\t\t\tLes scenes des contes de perrault\t\t\t\t\t\t<\/a>\n\t\t\t\t\t<\/h4>\n\t\t\t\t\n\t\t\t\t\t\t\t\t\t<p class=\"elementor-icon-box-description\">\n\t\t\t\t\t\tCharles Perrault et Louis de Breteuil \u00e9taient tr\u00e8s proches. En souvenir de leur belle amiti\u00e9, ses contes ont \u00e9t\u00e9 mis en sc\u00e8ne \u00e0 Breteuil.\t\t\t\t\t<\/p>\n\t\t\t\t\n\t\t\t<\/div>\n\t\t\t\n\t\t<\/div>\n\t\t\t\t\t\t<\/div>\n\t\t\t\t<\/div>\n\t\t\t\t\t<\/div>\n\t\t<\/div>\n\t\t\t\t<div class=\"elementor-column elementor-col-33 elementor-inner-column elementor-element elementor-element-162f091\" data-id=\"162f091\" data-element_type=\"column\" data-settings=\"{&quot;background_background&quot;:&quot;classic&quot;}\">\n\t\t\t<div class=\"elementor-widget-wrap elementor-element-populated\">\n\t\t\t\t\t\t<div class=\"elementor-element elementor-element-457d7c5b elementor-view-default elementor-position-top elementor-mobile-position-top elementor-widget elementor-widget-icon-box\" data-id=\"457d7c5b\" data-element_type=\"widget\" data-widget_type=\"icon-box.default\">\n\t\t\t\t<div class=\"elementor-widget-container\">\n\t\t\t\t\t\t\t<div class=\"elementor-icon-box-wrapper\">\n\n\t\t\t\t\t\t<div class=\"elementor-icon-box-icon\">\n\t\t\t\t<a href=\"\/la-conteuse\/\" class=\"elementor-icon\" tabindex=\"-1\" aria-label=\"la conteuse\">\n\t\t\t\t<i aria-hidden=\"true\" class=\"fas fa-book-reader\"><\/i>\t\t\t\t<\/a>\n\t\t\t<\/div>\n\t\t\t\n\t\t\t\t\t\t<div class=\"elementor-icon-box-content\">\n\n\t\t\t\t\t\t\t\t\t<h4 class=\"elementor-icon-box-title\">\n\t\t\t\t\t\t<a href=\"\/la-conteuse\/\" >\n\t\t\t\t\t\t\tla conteuse\t\t\t\t\t\t<\/a>\n\t\t\t\t\t<\/h4>\n\t\t\t\t\n\t\t\t\t\t\t\t\t\t<p class=\"elementor-icon-box-description\">\n\t\t\t\t\t\tIl \u00e9tait une fois... les contes de Charles Perrault\t\t\t\t\t<\/p>\n\t\t\t\t\n\t\t\t<\/div>\n\t\t\t\n\t\t<\/div>\n\t\t\t\t\t\t<\/div>\n\t\t\t\t<\/div>\n\t\t\t\t\t<\/div>\n\t\t<\/div>\n\t\t\t\t\t<\/div>\n\t\t<\/section>\n\t\t\t\t<section class=\"elementor-section elementor-inner-section elementor-element elementor-element-a6d1888 elementor-section-full_width elementor-section-content-middle elementor-section-height-default elementor-section-height-default\" data-id=\"a6d1888\" data-element_type=\"section\">\n\t\t\t\t\t\t<div class=\"elementor-container elementor-column-gap-default\">\n\t\t\t\t\t<div class=\"elementor-column elementor-col-33 elementor-inner-column elementor-element elementor-element-545799bc\" data-id=\"545799bc\" data-element_type=\"column\" data-settings=\"{&quot;background_background&quot;:&quot;classic&quot;}\">\n\t\t\t<div class=\"elementor-widget-wrap elementor-element-populated\">\n\t\t\t\t\t\t<div class=\"elementor-element elementor-element-4eda7827 elementor-view-default elementor-position-top elementor-mobile-position-top elementor-widget elementor-widget-icon-box\" data-id=\"4eda7827\" data-element_type=\"widget\" data-widget_type=\"icon-box.default\">\n\t\t\t\t<div class=\"elementor-widget-container\">\n\t\t\t\t\t\t\t<div class=\"elementor-icon-box-wrapper\">\n\n\t\t\t\t\t\t<div class=\"elementor-icon-box-icon\">\n\t\t\t\t<a href=\"\/charles-perrault-un-homme-a-plusieurs-facettes\/\" class=\"elementor-icon\" tabindex=\"-1\" aria-label=\"Les jardins et le parc de Breteuil\">\n\t\t\t\t<i aria-hidden=\"true\" class=\"fas fa-tree\"><\/i>\t\t\t\t<\/a>\n\t\t\t<\/div>\n\t\t\t\n\t\t\t\t\t\t<div class=\"elementor-icon-box-content\">\n\n\t\t\t\t\t\t\t\t\t<h4 class=\"elementor-icon-box-title\">\n\t\t\t\t\t\t<a href=\"\/charles-perrault-un-homme-a-plusieurs-facettes\/\" >\n\t\t\t\t\t\t\tLes jardins et le parc de Breteuil\t\t\t\t\t\t<\/a>\n\t\t\t\t\t<\/h4>\n\t\t\t\t\n\t\t\t\t\t\t\t\t\t<p class=\"elementor-icon-box-description\">\n\t\t\t\t\t\tAvec ses jardins \u00e0 la fran\u00e7aise, son jardin des Princes, son labyrinthe et son parc romantique, Breteuil offre de belles promenades.\t\t\t\t\t<\/p>\n\t\t\t\t\n\t\t\t<\/div>\n\t\t\t\n\t\t<\/div>\n\t\t\t\t\t\t<\/div>\n\t\t\t\t<\/div>\n\t\t\t\t\t<\/div>\n\t\t<\/div>\n\t\t\t\t<div class=\"elementor-column elementor-col-33 elementor-inner-column elementor-element elementor-element-2454c885\" data-id=\"2454c885\" data-element_type=\"column\" data-settings=\"{&quot;background_background&quot;:&quot;classic&quot;}\">\n\t\t\t<div class=\"elementor-widget-wrap elementor-element-populated\">\n\t\t\t\t\t\t<div class=\"elementor-element elementor-element-160b4791 elementor-view-default elementor-position-top elementor-mobile-position-top elementor-widget elementor-widget-icon-box\" data-id=\"160b4791\" data-element_type=\"widget\" data-widget_type=\"icon-box.default\">\n\t\t\t\t<div class=\"elementor-widget-container\">\n\t\t\t\t\t\t\t<div class=\"elementor-icon-box-wrapper\">\n\n\t\t\t\t\t\t<div class=\"elementor-icon-box-icon\">\n\t\t\t\t<a href=\"\/horaires-tarifs-acces\/\" class=\"elementor-icon\" tabindex=\"-1\" aria-label=\"La visite de Breteuil\">\n\t\t\t\t<i aria-hidden=\"true\" class=\"fas fa-ticket-alt\"><\/i>\t\t\t\t<\/a>\n\t\t\t<\/div>\n\t\t\t\n\t\t\t\t\t\t<div class=\"elementor-icon-box-content\">\n\n\t\t\t\t\t\t\t\t\t<h4 class=\"elementor-icon-box-title\">\n\t\t\t\t\t\t<a href=\"\/horaires-tarifs-acces\/\" >\n\t\t\t\t\t\t\tLa visite de Breteuil\t\t\t\t\t\t<\/a>\n\t\t\t\t\t<\/h4>\n\t\t\t\t\n\t\t\t\t\t\t\t\t\t<p class=\"elementor-icon-box-description\">\n\t\t\t\t\t\tLe ch\u00e2teau de Breteuil fait revivre la vie quotidienne d\u2019une famille au coeur de l\u2019histoire de France. Le parc de 75 ha comprend plusieurs jardins qui plairont \u00e0 tous les go\u00fbts.\t\t\t\t\t<\/p>\n\t\t\t\t\n\t\t\t<\/div>\n\t\t\t\n\t\t<\/div>\n\t\t\t\t\t\t<\/div>\n\t\t\t\t<\/div>\n\t\t\t\t\t<\/div>\n\t\t<\/div>\n\t\t\t\t<div class=\"elementor-column elementor-col-33 elementor-inner-column elementor-element elementor-element-2402eb4a\" data-id=\"2402eb4a\" data-element_type=\"column\" data-settings=\"{&quot;background_background&quot;:&quot;classic&quot;}\">\n\t\t\t<div class=\"elementor-widget-wrap elementor-element-populated\">\n\t\t\t\t\t\t<div class=\"elementor-element elementor-element-f1d5b8f elementor-view-default elementor-position-top elementor-mobile-position-top elementor-widget elementor-widget-icon-box\" data-id=\"f1d5b8f\" data-element_type=\"widget\" data-widget_type=\"icon-box.default\">\n\t\t\t\t<div class=\"elementor-widget-container\">\n\t\t\t\t\t\t\t<div class=\"elementor-icon-box-wrapper\">\n\n\t\t\t\t\t\t<div class=\"elementor-icon-box-icon\">\n\t\t\t\t<a href=\"\/en-famille\/\" class=\"elementor-icon\" tabindex=\"-1\" aria-label=\"Breteuil en Famille\">\n\t\t\t\t<i aria-hidden=\"true\" class=\"fas fa-child\"><\/i>\t\t\t\t<\/a>\n\t\t\t<\/div>\n\t\t\t\n\t\t\t\t\t\t<div class=\"elementor-icon-box-content\">\n\n\t\t\t\t\t\t\t\t\t<h4 class=\"elementor-icon-box-title\">\n\t\t\t\t\t\t<a href=\"\/en-famille\/\" >\n\t\t\t\t\t\t\tBreteuil en Famille\t\t\t\t\t\t<\/a>\n\t\t\t\t\t<\/h4>\n\t\t\t\t\n\t\t\t\t\t\t\t\t\t<p class=\"elementor-icon-box-description\">\n\t\t\t\t\t\tCh\u00e2teau des contes de Perrault, Breteuil offre des nombreuses animations pour occuper week-ends et vacances scolaires.\t\t\t\t\t<\/p>\n\t\t\t\t\n\t\t\t<\/div>\n\t\t\t\n\t\t<\/div>\n\t\t\t\t\t\t<\/div>\n\t\t\t\t<\/div>\n\t\t\t\t\t<\/div>\n\t\t<\/div>\n\t\t\t\t\t<\/div>\n\t\t<\/section>\n\t\t\t\t<div class=\"elementor-element elementor-element-794c74e6 elementor-widget elementor-widget-spacer\" data-id=\"794c74e6\" data-element_type=\"widget\" data-widget_type=\"spacer.default\">\n\t\t\t\t<div class=\"elementor-widget-container\">\n\t\t\t\t\t\t\t<div class=\"elementor-spacer\">\n\t\t\t<div class=\"elementor-spacer-inner\"><\/div>\n\t\t<\/div>\n\t\t\t\t\t\t<\/div>\n\t\t\t\t<\/div>\n\t\t\t\t\t<\/div>\n\t\t<\/div>\n\t\t\t\t\t<\/div>\n\t\t<\/section>\n\t\t\t\t<\/div>\n\t\t","protected":false},"excerpt":{"rendered":"<p>D\u00e9couvrir le patrimoine Breteuil dans l&rsquo;histoire de France En visitant le ch\u00e2teau de Breteuil, vous vous laisserez transporter dans un autre temps ! L\u2019architecture du XVII\u00e8me si\u00e8cle, les tableaux royaux, le tr\u00e8s beau mobilier du XVIII\u00e8me si\u00e8cle et l\u2019impressionnante collection de portraits de famille sont le d\u00e9cor prestigieux d\u2019une visite captivante, atypique et rendue ludique [&hellip;]<\/p>\n","protected":false},"author":2,"featured_media":0,"parent":0,"menu_order":0,"comment_status":"closed","ping_status":"closed","template":"","meta":{"site-sidebar-layout":"no-sidebar","site-content-layout":"page-builder","ast-site-content-layout":"full-width-container","site-content-style":"unboxed","site-sidebar-style":"unboxed","ast-global-header-display":"","ast-banner-title-visibility":"","ast-main-header-display":"","ast-hfb-above-header-display":"","ast-hfb-below-header-display":"","ast-hfb-mobile-header-display":"","site-post-title":"disabled","ast-breadcrumbs-content":"","ast-featured-img":"disabled","footer-sml-layout":"","theme-transparent-header-meta":"default","adv-header-id-meta":"","stick-header-meta":"","header-above-stick-meta":"","header-main-stick-meta":"","header-below-stick-meta":"","astra-migrate-meta-layouts":"set","ast-page-background-enabled":"default","ast-page-background-meta":{"desktop":{"background-color":"","background-image":"","background-repeat":"repeat","background-position":"center center","background-size":"auto","background-attachment":"scroll","background-type":"","background-media":"","overlay-type":"","overlay-color":"","overlay-opacity":"","overlay-gradient":""},"tablet":{"background-color":"","background-image":"","background-repeat":"repeat","background-position":"center center","background-size":"auto","background-attachment":"scroll","background-type":"","background-media":"","overlay-type":"","overlay-color":"","overlay-opacity":"","overlay-gradient":""},"mobile":{"background-color":"","background-image":"","background-repeat":"repeat","background-position":"center center","background-size":"auto","background-attachment":"scroll","background-type":"","background-media":"","overlay-type":"","overlay-color":"","overlay-opacity":"","overlay-gradient":""}},"ast-content-background-meta":{"desktop":{"background-color":"var(--ast-global-color-5)","background-image":"","background-repeat":"repeat","background-position":"center center","background-size":"auto","background-attachment":"scroll","background-type":"","background-media":"","overlay-type":"","overlay-color":"","overlay-opacity":"","overlay-gradient":""},"tablet":{"background-color":"var(--ast-global-color-5)","background-image":"","background-repeat":"repeat","background-position":"center center","background-size":"auto","background-attachment":"scroll","background-type":"","background-media":"","overlay-type":"","overlay-color":"","overlay-opacity":"","overlay-gradient":""},"mobile":{"background-color":"var(--ast-global-color-5)","background-image":"","background-repeat":"repeat","background-position":"center center","background-size":"auto","background-attachment":"scroll","background-type":"","background-media":"","overlay-type":"","overlay-color":"","overlay-opacity":"","overlay-gradient":""}},"footnotes":""},"class_list":["post-2725","page","type-page","status-publish","hentry"],"publishpress_future_action":{"enabled":false,"date":"2026-05-06 10:10:59","action":"change-status","newStatus":"draft","terms":[],"taxonomy":"translation_priority","extraData":[]},"publishpress_future_workflow_manual_trigger":{"enabledWorkflows":[]},"rttpg_featured_image_url":null,"rttpg_author":{"display_name":"Rachel Coudray","author_link":"https:\/\/www.breteuil.fr\/fr\/author\/poliphilia\/"},"rttpg_comment":0,"rttpg_category":" <a href=\"https:\/\/www.breteuil.fr\/fr\/?taxonomy=translation_priority&#038;term=facultatif\" rel=\"tag\">Facultatif<\/a>","rttpg_excerpt":"D\u00e9couvrir le patrimoine Breteuil dans l&rsquo;histoire de France En visitant le ch\u00e2teau de Breteuil, vous vous laisserez transporter dans un autre temps ! L\u2019architecture du XVII\u00e8me si\u00e8cle, les tableaux royaux, le tr\u00e8s beau mobilier du XVIII\u00e8me si\u00e8cle et l\u2019impressionnante collection de portraits de famille sont le d\u00e9cor prestigieux d\u2019une visite captivante, atypique et rendue ludique\u2026","_links":{"self":[{"href":"https:\/\/www.breteuil.fr\/fr\/wp-json\/wp\/v2\/pages\/2725","targetHints":{"allow":["GET"]}}],"collection":[{"href":"https:\/\/www.breteuil.fr\/fr\/wp-json\/wp\/v2\/pages"}],"about":[{"href":"https:\/\/www.breteuil.fr\/fr\/wp-json\/wp\/v2\/types\/page"}],"author":[{"embeddable":true,"href":"https:\/\/www.breteuil.fr\/fr\/wp-json\/wp\/v2\/users\/2"}],"replies":[{"embeddable":true,"href":"https:\/\/www.breteuil.fr\/fr\/wp-json\/wp\/v2\/comments?post=2725"}],"version-history":[{"count":4,"href":"https:\/\/www.breteuil.fr\/fr\/wp-json\/wp\/v2\/pages\/2725\/revisions"}],"predecessor-version":[{"id":10691,"href":"https:\/\/www.breteuil.fr\/fr\/wp-json\/wp\/v2\/pages\/2725\/revisions\/10691"}],"wp:attachment":[{"href":"https:\/\/www.breteuil.fr\/fr\/wp-json\/wp\/v2\/media?parent=2725"}],"curies":[{"name":"wp","href":"https:\/\/api.w.org\/{rel}","templated":true}]}}