{"id":3558,"date":"2021-03-08T17:12:33","date_gmt":"2021-03-08T17:12:33","guid":{"rendered":"http:\/\/www.xwih1552.odns.fr\/?page_id=3558"},"modified":"2022-03-31T12:45:09","modified_gmt":"2022-03-31T12:45:09","slug":"charles-perrault-un-homme-a-plusieurs-facettes","status":"publish","type":"page","link":"https:\/\/www.breteuil.fr\/fr\/charles-perrault-un-homme-a-plusieurs-facettes\/","title":{"rendered":"Charles Perrault, un homme \u00e0 plusieurs facettes"},"content":{"rendered":"\t\t<div data-elementor-type=\"wp-page\" data-elementor-id=\"3558\" class=\"elementor elementor-3558\" data-elementor-post-type=\"page\">\n\t\t\t\t\t\t<section class=\"elementor-section elementor-top-section elementor-element elementor-element-7cc1d2db elementor-reverse-mobile elementor-section-boxed elementor-section-height-default elementor-section-height-default\" data-id=\"7cc1d2db\" data-element_type=\"section\" data-settings=\"{&quot;background_background&quot;:&quot;classic&quot;,&quot;shape_divider_bottom&quot;:&quot;waves&quot;,&quot;shape_divider_bottom_negative&quot;:&quot;yes&quot;}\">\n\t\t\t\t\t<div class=\"elementor-shape elementor-shape-bottom\" aria-hidden=\"true\" data-negative=\"true\">\n\t\t\t<svg xmlns=\"http:\/\/www.w3.org\/2000\/svg\" viewBox=\"0 0 1000 100\" preserveAspectRatio=\"none\">\n\t<path class=\"elementor-shape-fill\" d=\"M790.5,93.1c-59.3-5.3-116.8-18-192.6-50c-29.6-12.7-76.9-31-100.5-35.9c-23.6-4.9-52.6-7.8-75.5-5.3\n\tc-10.2,1.1-22.6,1.4-50.1,7.4c-27.2,6.3-58.2,16.6-79.4,24.7c-41.3,15.9-94.9,21.9-134,22.6C72,58.2,0,25.8,0,25.8V100h1000V65.3\n\tc0,0-51.5,19.4-106.2,25.7C839.5,97,814.1,95.2,790.5,93.1z\"\/>\n<\/svg>\t\t<\/div>\n\t\t\t\t\t<div class=\"elementor-container elementor-column-gap-default\">\n\t\t\t\t\t<div class=\"elementor-column elementor-col-100 elementor-top-column elementor-element elementor-element-18d65450\" data-id=\"18d65450\" data-element_type=\"column\">\n\t\t\t<div class=\"elementor-widget-wrap\">\n\t\t\t\t\t\t\t<\/div>\n\t\t<\/div>\n\t\t\t\t\t<\/div>\n\t\t<\/section>\n\t\t\t\t<section class=\"elementor-section elementor-top-section elementor-element elementor-element-67d1d86d elementor-section-boxed elementor-section-height-default elementor-section-height-default\" data-id=\"67d1d86d\" data-element_type=\"section\">\n\t\t\t\t\t\t<div class=\"elementor-container elementor-column-gap-default\">\n\t\t\t\t\t<div class=\"elementor-column elementor-col-100 elementor-top-column elementor-element elementor-element-7a3a8600\" data-id=\"7a3a8600\" data-element_type=\"column\">\n\t\t\t<div class=\"elementor-widget-wrap elementor-element-populated\">\n\t\t\t\t\t\t<div class=\"elementor-element elementor-element-2fb4527b elementor-widget__width-auto elementor-widget elementor-widget-heading\" data-id=\"2fb4527b\" data-element_type=\"widget\" data-widget_type=\"heading.default\">\n\t\t\t\t<div class=\"elementor-widget-container\">\n\t\t\t\t\t<h4 class=\"elementor-heading-title elementor-size-medium\">D\u00c9COUVRIR LE PATRIMOINE<\/h4>\t\t\t\t<\/div>\n\t\t\t\t<\/div>\n\t\t\t\t<div class=\"elementor-element elementor-element-af258ca elementor-widget elementor-widget-heading\" data-id=\"af258ca\" data-element_type=\"widget\" data-widget_type=\"heading.default\">\n\t\t\t\t<div class=\"elementor-widget-container\">\n\t\t\t\t\t<h1 class=\"elementor-heading-title elementor-size-xl\">Charles Perrault, un homme \u00e0 plusieurs facettes<\/h1>\t\t\t\t<\/div>\n\t\t\t\t<\/div>\n\t\t\t\t<div class=\"elementor-element elementor-element-222eec9c elementor-widget-divider--view-line elementor-widget elementor-widget-divider\" data-id=\"222eec9c\" data-element_type=\"widget\" data-widget_type=\"divider.default\">\n\t\t\t\t<div class=\"elementor-widget-container\">\n\t\t\t\t\t\t\t<div class=\"elementor-divider\">\n\t\t\t<span class=\"elementor-divider-separator\">\n\t\t\t\t\t\t<\/span>\n\t\t<\/div>\n\t\t\t\t\t\t<\/div>\n\t\t\t\t<\/div>\n\t\t\t\t\t<\/div>\n\t\t<\/div>\n\t\t\t\t\t<\/div>\n\t\t<\/section>\n\t\t\t\t<section class=\"elementor-section elementor-top-section elementor-element elementor-element-324fe210 elementor-section-boxed elementor-section-height-default elementor-section-height-default\" data-id=\"324fe210\" data-element_type=\"section\">\n\t\t\t\t\t\t<div class=\"elementor-container elementor-column-gap-default\">\n\t\t\t\t\t<div class=\"elementor-column elementor-col-100 elementor-top-column elementor-element elementor-element-3eebf0a6\" data-id=\"3eebf0a6\" data-element_type=\"column\">\n\t\t\t<div class=\"elementor-widget-wrap elementor-element-populated\">\n\t\t\t\t\t\t<div class=\"elementor-element elementor-element-40b04153 elementor-widget elementor-widget-text-editor\" data-id=\"40b04153\" data-element_type=\"widget\" data-widget_type=\"text-editor.default\">\n\t\t\t\t<div class=\"elementor-widget-container\">\n\t\t\t\t\t\t\t\t\t<p>Si <em>Les Contes<\/em> de Charles Perrault sont lus par un large public depuis leur publication, l&rsquo;auteur lui, demeure peu connu. Homme libre, proche du pouvoir, Charles Perrault est un t\u00e9moin et un acteur du Grand Si\u00e8cle.<\/p>\t\t\t\t\t\t\t\t<\/div>\n\t\t\t\t<\/div>\n\t\t\t\t\t<\/div>\n\t\t<\/div>\n\t\t\t\t\t<\/div>\n\t\t<\/section>\n\t\t\t\t<section class=\"elementor-section elementor-top-section elementor-element elementor-element-7159dd47 elementor-section-boxed elementor-section-height-default elementor-section-height-default\" data-id=\"7159dd47\" data-element_type=\"section\">\n\t\t\t\t\t\t<div class=\"elementor-container elementor-column-gap-default\">\n\t\t\t\t\t<div class=\"elementor-column elementor-col-100 elementor-top-column elementor-element elementor-element-4222c39b\" data-id=\"4222c39b\" data-element_type=\"column\">\n\t\t\t<div class=\"elementor-widget-wrap elementor-element-populated\">\n\t\t\t\t\t\t<div class=\"elementor-element elementor-element-7eab8534 elementor-widget elementor-widget-heading\" data-id=\"7eab8534\" data-element_type=\"widget\" data-widget_type=\"heading.default\">\n\t\t\t\t<div class=\"elementor-widget-container\">\n\t\t\t\t\t<h2 class=\"elementor-heading-title elementor-size-default\">Un homme au service du roi<\/h2>\t\t\t\t<\/div>\n\t\t\t\t<\/div>\n\t\t\t\t\t<\/div>\n\t\t<\/div>\n\t\t\t\t\t<\/div>\n\t\t<\/section>\n\t\t\t\t<section class=\"elementor-section elementor-top-section elementor-element elementor-element-b594ace elementor-section-boxed elementor-section-height-default elementor-section-height-default\" data-id=\"b594ace\" data-element_type=\"section\">\n\t\t\t\t\t\t<div class=\"elementor-container elementor-column-gap-default\">\n\t\t\t\t\t<div class=\"elementor-column elementor-col-50 elementor-top-column elementor-element elementor-element-8cc1810\" data-id=\"8cc1810\" data-element_type=\"column\">\n\t\t\t<div class=\"elementor-widget-wrap elementor-element-populated\">\n\t\t\t\t\t\t<div class=\"elementor-element elementor-element-777f1fda elementor-widget elementor-widget-text-editor\" data-id=\"777f1fda\" data-element_type=\"widget\" data-widget_type=\"text-editor.default\">\n\t\t\t\t<div class=\"elementor-widget-container\">\n\t\t\t\t\t\t\t\t\t<p>La vie de Charles Perrault est tr\u00e8s peu connue. Il nait le 12 janvier 1628 dans une famille tourangelle install\u00e9e \u00e0 Paris, assez ais\u00e9e et lettr\u00e9e. Cadet d\u2019une fratrie de 7 enfants, il fait des \u00e9tudes brillantes au coll\u00e8ge de Beauvais. \u00ab J\u2019ai toujours \u00e9t\u00e9 des premiers dans mes classes \u00bb. Il \u00e9tudie la philosophie. Il quitte la classe \u00e0 la suite d\u2019un d\u00e9saccord avec son professeur, en compagnie d\u2019un camarade. A partir de l\u00e0, il se forge sa propre culture et lit p\u00eale-m\u00eale des \u0153uvres sacr\u00e9es et profanes, la Bible, l\u2019histoire de France. Ses libres lectures l\u2019am\u00e8nent \u00e0 mettre en vers burlesques le sixi\u00e8me livre de l\u2019<em>En\u00e9ide<\/em>. En 1651, il devient avocat et suit les traces de son p\u00e8re et de son fr\u00e8re ain\u00e9. Tr\u00e8s rapidement, ses fonctions l\u2019ennuient et il devient receveur des finances aupr\u00e8s de son autre fr\u00e8re et commence une carri\u00e8re politique. C\u2019est \u00e0 cette \u00e9poque qu\u2019il travaille aupr\u00e8s de Louis de Breteuil, alors contr\u00f4leur g\u00e9n\u00e9ral des finances de Louis XIV. Ce travail lui laisse le temps de se consacrer \u00e0 la po\u00e9sie. Il assiste \u00e0 partir de 1663 Colbert, ministre d\u2019Etat. Pendant 20 ans, il travaille aupr\u00e8s du puissant ministre, d\u2019abord comme commis, puis comme contr\u00f4leur g\u00e9n\u00e9ral des B\u00e2timents (l\u2019\u00e9quivalent d\u2019un ministre), et, \u00e0 partir de 1672, comme acad\u00e9micien. Plus particuli\u00e8rement, charg\u00e9 de promouvoir la politique culturelle de Louis XIV, il dirige avec Jean Chapelain le service de la propagande royale, et, \u00e0 ce titre, suscite et corrige les \u00e9loges du roi et distribue les gratifications destin\u00e9es aux artistes ralli\u00e9s. Il porte aussi les instructions de Colbert aux diverses acad\u00e9mies qui viennent d\u2019\u00eatre cr\u00e9\u00e9es, compose des devises c\u00e9l\u00e9brant les victoires et les r\u00e9alisations de Louis XIV, surveille l\u2019\u00e9dification des palais et des monuments destin\u00e9s \u00e0 donner une haute id\u00e9e de la magnificence royale. Il a notamment confi\u00e9 le chantier de la colonnade du Louvre \u00e0 son fr\u00e8re architecte, Claude Perrault. Son inimiti\u00e9 avec Racine, Boileau et surtout Louvois lui font perdre sa place en 1683, quelques mois avant la mort de Colbert.<\/p>\t\t\t\t\t\t\t\t<\/div>\n\t\t\t\t<\/div>\n\t\t\t\t\t<\/div>\n\t\t<\/div>\n\t\t\t\t<div class=\"elementor-column elementor-col-50 elementor-top-column elementor-element elementor-element-70c2fc9\" data-id=\"70c2fc9\" data-element_type=\"column\">\n\t\t\t<div class=\"elementor-widget-wrap elementor-element-populated\">\n\t\t\t\t\t\t<div class=\"elementor-element elementor-element-c733a9b elementor-widget elementor-widget-image\" data-id=\"c733a9b\" data-element_type=\"widget\" data-widget_type=\"image.default\">\n\t\t\t\t<div class=\"elementor-widget-container\">\n\t\t\t\t\t\t\t\t\t\t\t\t\t\t\t<img fetchpriority=\"high\" decoding=\"async\" width=\"800\" height=\"1000\" src=\"https:\/\/www.breteuil.fr\/wp-content\/uploads\/2021\/03\/chateaudebreteuil-portrait-charles-perrault.jpg\" class=\"attachment-large size-large wp-image-3803\" alt=\"Portrait de Charles Perrault, auteur des Contes\" srcset=\"https:\/\/www.breteuil.fr\/wp-content\/uploads\/2021\/03\/chateaudebreteuil-portrait-charles-perrault.jpg 800w, https:\/\/www.breteuil.fr\/wp-content\/uploads\/2021\/03\/chateaudebreteuil-portrait-charles-perrault-240x300.jpg 240w, https:\/\/www.breteuil.fr\/wp-content\/uploads\/2021\/03\/chateaudebreteuil-portrait-charles-perrault-768x960.jpg 768w\" sizes=\"(max-width: 800px) 100vw, 800px\" \/>\t\t\t\t\t\t\t\t\t\t\t\t\t\t\t<\/div>\n\t\t\t\t<\/div>\n\t\t\t\t\t<\/div>\n\t\t<\/div>\n\t\t\t\t\t<\/div>\n\t\t<\/section>\n\t\t\t\t<section class=\"elementor-section elementor-top-section elementor-element elementor-element-6a974c02 elementor-section-boxed elementor-section-height-default elementor-section-height-default\" data-id=\"6a974c02\" data-element_type=\"section\">\n\t\t\t\t\t\t<div class=\"elementor-container elementor-column-gap-default\">\n\t\t\t\t\t<div class=\"elementor-column elementor-col-100 elementor-top-column elementor-element elementor-element-7517a698\" data-id=\"7517a698\" data-element_type=\"column\">\n\t\t\t<div class=\"elementor-widget-wrap elementor-element-populated\">\n\t\t\t\t\t\t<div class=\"elementor-element elementor-element-1ff24970 elementor-widget elementor-widget-spacer\" data-id=\"1ff24970\" data-element_type=\"widget\" data-widget_type=\"spacer.default\">\n\t\t\t\t<div class=\"elementor-widget-container\">\n\t\t\t\t\t\t\t<div class=\"elementor-spacer\">\n\t\t\t<div class=\"elementor-spacer-inner\"><\/div>\n\t\t<\/div>\n\t\t\t\t\t\t<\/div>\n\t\t\t\t<\/div>\n\t\t\t\t<div class=\"elementor-element elementor-element-17dc2dbc elementor-widget elementor-widget-heading\" data-id=\"17dc2dbc\" data-element_type=\"widget\" data-widget_type=\"heading.default\">\n\t\t\t\t<div class=\"elementor-widget-container\">\n\t\t\t\t\t<h2 class=\"elementor-heading-title elementor-size-default\">Un homme de lettre \u00e9clectique<\/h2>\t\t\t\t<\/div>\n\t\t\t\t<\/div>\n\t\t\t\t<div class=\"elementor-element elementor-element-f7dbce7 elementor-widget elementor-widget-text-editor\" data-id=\"f7dbce7\" data-element_type=\"widget\" data-widget_type=\"text-editor.default\">\n\t\t\t\t<div class=\"elementor-widget-container\">\n\t\t\t\t\t\t\t\t\t<p>Perrault est un homme de lettre \u00e9clectique. Il s\u2019essaie au genre galant avec <em>Dialogue de l\u2019amour et de l\u2019amiti\u00e9<\/em> (1660). Il r\u00e9dige quelques po\u00e8mes comme le <em>Portrait d\u2019Iris<\/em> et le <em>Si\u00e8cle de Louis le Grand<\/em>. Ce po\u00e8me est lu \u00e0 l\u2019Acad\u00e9mie en 1687 et place le XVII\u00e8me si\u00e8cle au-dessus de tous les si\u00e8cles pr\u00e9c\u00e9dents et inaugure la querelle des Anciens et des Modernes et scandalise l\u2019Acad\u00e9mie par un discours audacieux. Il publie \u00e9galement un essai <em>Parall\u00e8les des anciens et des modernes<\/em> en 4 volumes entre 1688 et 1698. Deux groupes d\u2019\u00e9crivains s\u2019opposent. Les Anciens dont font partie La Fontaine, Boileau ou encore Racine pr\u00f4nent l\u2019adaptation des \u0153uvres antiques dans leur ouvrage. Les Modernes emmen\u00e9s par Perrault pensent que les \u0153uvres de l\u2019Antiquit\u00e9 grecque et romaine peuvent \u00eatre d\u00e9pass\u00e9es par des formes artistiques nouvelles. Il commence en 1696 et termine cinq ans plus tard un ouvrage intitul\u00e9\u00a0<i>Hommes Illustres<\/i> qui ont paru en France pendant le XVIIe si\u00e8cle, ouvrage \u00ab tendancieux \u00bb qui contribue \u00e0 cr\u00e9er le mythe du si\u00e8cle de Louis XIV mais qui donne beaucoup de renseignements sur l\u2019\u00e9poque.<\/p>\t\t\t\t\t\t\t\t<\/div>\n\t\t\t\t<\/div>\n\t\t\t\t<div class=\"elementor-element elementor-element-6d0f333f elementor-widget elementor-widget-spacer\" data-id=\"6d0f333f\" data-element_type=\"widget\" data-widget_type=\"spacer.default\">\n\t\t\t\t<div class=\"elementor-widget-container\">\n\t\t\t\t\t\t\t<div class=\"elementor-spacer\">\n\t\t\t<div class=\"elementor-spacer-inner\"><\/div>\n\t\t<\/div>\n\t\t\t\t\t\t<\/div>\n\t\t\t\t<\/div>\n\t\t\t\t\t<\/div>\n\t\t<\/div>\n\t\t\t\t\t<\/div>\n\t\t<\/section>\n\t\t\t\t<section class=\"elementor-section elementor-top-section elementor-element elementor-element-83fb8f1 elementor-section-boxed elementor-section-height-default elementor-section-height-default\" data-id=\"83fb8f1\" data-element_type=\"section\">\n\t\t\t\t\t\t<div class=\"elementor-container elementor-column-gap-default\">\n\t\t\t\t\t<div class=\"elementor-column elementor-col-100 elementor-top-column elementor-element elementor-element-2a7a76d\" data-id=\"2a7a76d\" data-element_type=\"column\">\n\t\t\t<div class=\"elementor-widget-wrap elementor-element-populated\">\n\t\t\t\t\t\t<div class=\"elementor-element elementor-element-6805b65d elementor-widget elementor-widget-heading\" data-id=\"6805b65d\" data-element_type=\"widget\" data-widget_type=\"heading.default\">\n\t\t\t\t<div class=\"elementor-widget-container\">\n\t\t\t\t\t<h2 class=\"elementor-heading-title elementor-size-default\">Les Contes de ma M\u00e8re l\u2019Oye<\/h2>\t\t\t\t<\/div>\n\t\t\t\t<\/div>\n\t\t\t\t<div class=\"elementor-element elementor-element-3d64fdcd elementor-widget elementor-widget-text-editor\" data-id=\"3d64fdcd\" data-element_type=\"widget\" data-widget_type=\"text-editor.default\">\n\t\t\t\t<div class=\"elementor-widget-container\">\n\t\t\t\t\t\t\t\t\t<p>Mais Perrault restera c\u00e9l\u00e8bre surtout pour ses contes. Apr\u00e8s avoir abandonn\u00e9 d\u00e9finitivement sa carri\u00e8re politique, il se consacre \u00e0 sa famille. Il a \u00e9pous\u00e9 \u00e0 l\u2019\u00e2ge de 49 ans Marie Guichon, \u00e2g\u00e9e de 19 ans, et a eu quatre enfants. En 1697, Perrault publie <em>Histoires ou contes du temps pass\u00e9<\/em> avec des moralit\u00e9s plus connu du grand public sous le nom <em>Les Contes de ma m\u00e8re l\u2019Oye<\/em> qu\u2019on retrouve dans le cartouche qui orne le frontispice du recueil. Cet ouvrage comporte huit contes en prose auxquels il faut ajouter une nouvelle et deux contes en vers parus ant\u00e9rieurement. La paternit\u00e9 de l\u2019\u0153uvre est attribu\u00e9e \u00e0 son fils Pierre Perrault Darmancour et fera d\u00e9bat pendant plusieurs ann\u00e9es avant de lui \u00eatre finalement reconnue. Ce recueil est publi\u00e9 \u00e0 une \u00e9poque o\u00f9 les contes de f\u00e9es sont tr\u00e8s en vogue chez les adultes de la bourgeoisie et de l\u2019aristocratie. La litt\u00e9rature enfantine n\u2019est pas un genre attest\u00e9 et les enfants ne constituent pas un public distinct. L\u2019orientation p\u00e9dagogique de Perrault vers une litt\u00e9rature enfantine est en r\u00e9alit\u00e9 tardive. Ce recueil, qu\u2019on croit \u00e9crit pour les enfants, ne contient en r\u00e9alit\u00e9 qu\u2019un seul conte qui leur est destin\u00e9 <em>Le Petit Chaperon rouge<\/em>. C\u2019est aussi le seul conte qui finisse mal. Il s\u2019agit d\u2019un texte destin\u00e9 \u00e0 mettre en garde les jeunes filles contre les \u00ab loups \u00bb, les hommes galants et pi\u00e8ges de la Cour. Perrault joue sur l\u2019ambigu\u00eft\u00e9. Il multiplie les formulettes, insiste sur les rythmes ternaires et sur les structures, dans un style litt\u00e9raire soutenu, pensant ainsi au public cultiv\u00e9 de la Cour et de la ville. Le succ\u00e8s de l\u2019ouvrage est imm\u00e9diat. Un genre litt\u00e9raire nouveau est n\u00e9, celui du conte merveilleux. Le colportage puis l\u2019imagerie d\u2019Epinal ont contribu\u00e9 au succ\u00e8s des <em>Contes de ma m\u00e8re l\u2019Oye<\/em> mais c\u2019est surtout \u00e0 partir de 1833, la loi Guizot sur l\u2019enseignement primaire qui va permettre cette grande diffusion.<\/p>\t\t\t\t\t\t\t\t<\/div>\n\t\t\t\t<\/div>\n\t\t\t\t<div class=\"elementor-element elementor-element-54cdae5 elementor-widget elementor-widget-gallery\" data-id=\"54cdae5\" data-element_type=\"widget\" data-settings=\"{&quot;aspect_ratio&quot;:&quot;4:3&quot;,&quot;lazyload&quot;:&quot;yes&quot;,&quot;gallery_layout&quot;:&quot;grid&quot;,&quot;columns&quot;:4,&quot;columns_tablet&quot;:2,&quot;columns_mobile&quot;:1,&quot;gap&quot;:{&quot;unit&quot;:&quot;px&quot;,&quot;size&quot;:10,&quot;sizes&quot;:[]},&quot;gap_tablet&quot;:{&quot;unit&quot;:&quot;px&quot;,&quot;size&quot;:10,&quot;sizes&quot;:[]},&quot;gap_mobile&quot;:{&quot;unit&quot;:&quot;px&quot;,&quot;size&quot;:10,&quot;sizes&quot;:[]},&quot;link_to&quot;:&quot;file&quot;,&quot;overlay_background&quot;:&quot;yes&quot;,&quot;content_hover_animation&quot;:&quot;fade-in&quot;}\" data-widget_type=\"gallery.default\">\n\t\t\t\t<div class=\"elementor-widget-container\">\n\t\t\t\t\t\t\t<div class=\"elementor-gallery__container\">\n\t\t\t\t\t\t\t<a class=\"e-gallery-item elementor-gallery-item elementor-animated-content\" href=\"https:\/\/www.breteuil.fr\/wp-content\/uploads\/2020\/11\/breteuil_cendrillon.jpg\" data-elementor-open-lightbox=\"yes\" data-elementor-lightbox-slideshow=\"54cdae5\" data-elementor-lightbox-title=\"breteuil_cendrillon\" data-e-action-hash=\"#elementor-action%3Aaction%3Dlightbox%26settings%3DeyJpZCI6OTcyLCJ1cmwiOiJodHRwczpcL1wvd3d3LmJyZXRldWlsLmZyXC93cC1jb250ZW50XC91cGxvYWRzXC8yMDIwXC8xMVwvYnJldGV1aWxfY2VuZHJpbGxvbi5qcGciLCJzbGlkZXNob3ciOiI1NGNkYWU1In0%3D\">\n\t\t\t\t\t<div class=\"e-gallery-image elementor-gallery-item__image\" data-thumbnail=\"https:\/\/www.breteuil.fr\/wp-content\/uploads\/2020\/11\/breteuil_cendrillon-768x513.jpg\" data-width=\"768\" data-height=\"513\" aria-label=\"\" role=\"img\" ><\/div>\n\t\t\t\t\t\t\t\t\t\t\t<div class=\"elementor-gallery-item__overlay\"><\/div>\n\t\t\t\t\t\t\t\t\t\t\t\t\t\t<\/a>\n\t\t\t\t\t\t\t<a class=\"e-gallery-item elementor-gallery-item elementor-animated-content\" href=\"https:\/\/www.breteuil.fr\/wp-content\/uploads\/2021\/03\/chateaudebreteuil-scene-conte-perrault-fees.jpg\" data-elementor-open-lightbox=\"yes\" data-elementor-lightbox-slideshow=\"54cdae5\" data-elementor-lightbox-title=\"Sc\u00e8ne de conte  &quot;Les F\u00e9es&quot; d&#039;apr\u00e8s Charles Perrault\" data-elementor-lightbox-description=\"Sc\u00e8ne de conte  &quot;Les F\u00e9es&quot; d&#039;apr\u00e8s Charles Perrault\" data-e-action-hash=\"#elementor-action%3Aaction%3Dlightbox%26settings%3DeyJpZCI6NDczNiwidXJsIjoiaHR0cHM6XC9cL3d3dy5icmV0ZXVpbC5mclwvd3AtY29udGVudFwvdXBsb2Fkc1wvMjAyMVwvMDNcL2NoYXRlYXVkZWJyZXRldWlsLXNjZW5lLWNvbnRlLXBlcnJhdWx0LWZlZXMuanBnIiwic2xpZGVzaG93IjoiNTRjZGFlNSJ9\">\n\t\t\t\t\t<div class=\"e-gallery-image elementor-gallery-item__image\" data-thumbnail=\"https:\/\/www.breteuil.fr\/wp-content\/uploads\/2021\/03\/chateaudebreteuil-scene-conte-perrault-fees-768x512.jpg\" data-width=\"768\" data-height=\"512\" aria-label=\"Sc\u00e8ne de conte &quot;Les F\u00e9es&quot; d&#039;apr\u00e8s Charles Perrault\" role=\"img\" ><\/div>\n\t\t\t\t\t\t\t\t\t\t\t<div class=\"elementor-gallery-item__overlay\"><\/div>\n\t\t\t\t\t\t\t\t\t\t\t\t\t\t<\/a>\n\t\t\t\t\t\t\t<a class=\"e-gallery-item elementor-gallery-item elementor-animated-content\" href=\"https:\/\/www.breteuil.fr\/wp-content\/uploads\/2021\/03\/chateaudebreteuil-scene-conte-perrault-chat-botte.jpg\" data-elementor-open-lightbox=\"yes\" data-elementor-lightbox-slideshow=\"54cdae5\" data-elementor-lightbox-title=\"Sc\u00e8ne de conte du &quot;Chat bott\u00e9&quot; d&#039;apr\u00e8s Charles Perrault\" data-elementor-lightbox-description=\"Sc\u00e8ne de conte du &quot;Chat bott\u00e9&quot; d&#039;apr\u00e8s Charles Perrault\" data-e-action-hash=\"#elementor-action%3Aaction%3Dlightbox%26settings%3DeyJpZCI6NDczOSwidXJsIjoiaHR0cHM6XC9cL3d3dy5icmV0ZXVpbC5mclwvd3AtY29udGVudFwvdXBsb2Fkc1wvMjAyMVwvMDNcL2NoYXRlYXVkZWJyZXRldWlsLXNjZW5lLWNvbnRlLXBlcnJhdWx0LWNoYXQtYm90dGUuanBnIiwic2xpZGVzaG93IjoiNTRjZGFlNSJ9\">\n\t\t\t\t\t<div class=\"e-gallery-image elementor-gallery-item__image\" data-thumbnail=\"https:\/\/www.breteuil.fr\/wp-content\/uploads\/2021\/03\/chateaudebreteuil-scene-conte-perrault-chat-botte-768x512.jpg\" data-width=\"768\" data-height=\"512\" aria-label=\"Sc\u00e8ne de conte du &quot;Chat bott\u00e9&quot; d&#039;apr\u00e8s Charles Perrault\" role=\"img\" ><\/div>\n\t\t\t\t\t\t\t\t\t\t\t<div class=\"elementor-gallery-item__overlay\"><\/div>\n\t\t\t\t\t\t\t\t\t\t\t\t\t\t<\/a>\n\t\t\t\t\t\t\t<a class=\"e-gallery-item elementor-gallery-item elementor-animated-content\" href=\"https:\/\/www.breteuil.fr\/wp-content\/uploads\/2021\/03\/chateaudebreteuil-scene-conte-perrault-barbe-bleue-alain-warnier.jpg\" data-elementor-open-lightbox=\"yes\" data-elementor-lightbox-slideshow=\"54cdae5\" data-elementor-lightbox-title=\"Sc\u00e8ne de conte de &quot;Barbe Bleue&quot; d&#039;apr\u00e8s Charles Perrault\" data-elementor-lightbox-description=\"Sc\u00e8ne de conte de &quot;Barbe Bleue&quot; d&#039;apr\u00e8s Charles Perrault\" data-e-action-hash=\"#elementor-action%3Aaction%3Dlightbox%26settings%3DeyJpZCI6NDc0MCwidXJsIjoiaHR0cHM6XC9cL3d3dy5icmV0ZXVpbC5mclwvd3AtY29udGVudFwvdXBsb2Fkc1wvMjAyMVwvMDNcL2NoYXRlYXVkZWJyZXRldWlsLXNjZW5lLWNvbnRlLXBlcnJhdWx0LWJhcmJlLWJsZXVlLWFsYWluLXdhcm5pZXIuanBnIiwic2xpZGVzaG93IjoiNTRjZGFlNSJ9\">\n\t\t\t\t\t<div class=\"e-gallery-image elementor-gallery-item__image\" data-thumbnail=\"https:\/\/www.breteuil.fr\/wp-content\/uploads\/2021\/03\/chateaudebreteuil-scene-conte-perrault-barbe-bleue-alain-warnier-768x512.jpg\" data-width=\"768\" data-height=\"512\" aria-label=\"Sc\u00e8ne de conte de &quot;Barbe Bleue&quot; d&#039;apr\u00e8s Charles Perrault\" role=\"img\" ><\/div>\n\t\t\t\t\t\t\t\t\t\t\t<div class=\"elementor-gallery-item__overlay\"><\/div>\n\t\t\t\t\t\t\t\t\t\t\t\t\t\t<\/a>\n\t\t\t\t\t\t\t<a class=\"e-gallery-item elementor-gallery-item elementor-animated-content\" href=\"https:\/\/www.breteuil.fr\/wp-content\/uploads\/2021\/03\/chateaudebreteuil-scene-conte-perrault-cendrillon.jpg\" data-elementor-open-lightbox=\"yes\" data-elementor-lightbox-slideshow=\"54cdae5\" data-elementor-lightbox-title=\"Sc\u00e8ne de conte de &quot;Cendrillon&quot; d&#039;apr\u00e8s Charles Perrault\" data-elementor-lightbox-description=\"Sc\u00e8ne de conte de &quot;Cendrillon&quot; d&#039;apr\u00e8s Charles Perrault\" data-e-action-hash=\"#elementor-action%3Aaction%3Dlightbox%26settings%3DeyJpZCI6NDc0MSwidXJsIjoiaHR0cHM6XC9cL3d3dy5icmV0ZXVpbC5mclwvd3AtY29udGVudFwvdXBsb2Fkc1wvMjAyMVwvMDNcL2NoYXRlYXVkZWJyZXRldWlsLXNjZW5lLWNvbnRlLXBlcnJhdWx0LWNlbmRyaWxsb24uanBnIiwic2xpZGVzaG93IjoiNTRjZGFlNSJ9\">\n\t\t\t\t\t<div class=\"e-gallery-image elementor-gallery-item__image\" data-thumbnail=\"https:\/\/www.breteuil.fr\/wp-content\/uploads\/2021\/03\/chateaudebreteuil-scene-conte-perrault-cendrillon-768x512.jpg\" data-width=\"768\" data-height=\"512\" aria-label=\"Sc\u00e8ne de conte de &quot;Cendrillon&quot; d&#039;apr\u00e8s Charles Perrault\" role=\"img\" ><\/div>\n\t\t\t\t\t\t\t\t\t\t\t<div class=\"elementor-gallery-item__overlay\"><\/div>\n\t\t\t\t\t\t\t\t\t\t\t\t\t\t<\/a>\n\t\t\t\t\t\t\t<a class=\"e-gallery-item elementor-gallery-item elementor-animated-content\" href=\"https:\/\/www.breteuil.fr\/wp-content\/uploads\/2021\/03\/chateaudebreteuil-scene-conte-perrault-petit-chaperon-rouge.jpg\" data-elementor-open-lightbox=\"yes\" data-elementor-lightbox-slideshow=\"54cdae5\" data-elementor-lightbox-title=\"Sc\u00e8ne de conte du &quot;Petit Chaperon rouge&quot; d&#039;apr\u00e8s Charles Perrault\" data-elementor-lightbox-description=\"Sc\u00e8ne de conte du &quot;Petit Chaperon rouge&quot; d&#039;apr\u00e8s Charles Perrault\" data-e-action-hash=\"#elementor-action%3Aaction%3Dlightbox%26settings%3DeyJpZCI6NDc0MiwidXJsIjoiaHR0cHM6XC9cL3d3dy5icmV0ZXVpbC5mclwvd3AtY29udGVudFwvdXBsb2Fkc1wvMjAyMVwvMDNcL2NoYXRlYXVkZWJyZXRldWlsLXNjZW5lLWNvbnRlLXBlcnJhdWx0LXBldGl0LWNoYXBlcm9uLXJvdWdlLmpwZyIsInNsaWRlc2hvdyI6IjU0Y2RhZTUifQ%3D%3D\">\n\t\t\t\t\t<div class=\"e-gallery-image elementor-gallery-item__image\" data-thumbnail=\"https:\/\/www.breteuil.fr\/wp-content\/uploads\/2021\/03\/chateaudebreteuil-scene-conte-perrault-petit-chaperon-rouge-768x512.jpg\" data-width=\"768\" data-height=\"512\" aria-label=\"Sc\u00e8ne de conte du &quot;Petit Chaperon rouge&quot; d&#039;apr\u00e8s Charles Perrault\" role=\"img\" ><\/div>\n\t\t\t\t\t\t\t\t\t\t\t<div class=\"elementor-gallery-item__overlay\"><\/div>\n\t\t\t\t\t\t\t\t\t\t\t\t\t\t<\/a>\n\t\t\t\t\t\t\t<a class=\"e-gallery-item elementor-gallery-item elementor-animated-content\" href=\"https:\/\/www.breteuil.fr\/wp-content\/uploads\/2021\/03\/chateaudebreteuil-scene-conte-perrault-peau-d-ane.jpg\" data-elementor-open-lightbox=\"yes\" data-elementor-lightbox-slideshow=\"54cdae5\" data-elementor-lightbox-title=\"Sc\u00e8ne de conte de &quot;Peau d&#039;\u00c2ne&quot; d&#039;apr\u00e8s Charles Perrault\" data-elementor-lightbox-description=\"Sc\u00e8ne de conte de &quot;Peau d&#039;\u00c2ne&quot; d&#039;apr\u00e8s Charles Perrault\" data-e-action-hash=\"#elementor-action%3Aaction%3Dlightbox%26settings%3DeyJpZCI6NDc0MywidXJsIjoiaHR0cHM6XC9cL3d3dy5icmV0ZXVpbC5mclwvd3AtY29udGVudFwvdXBsb2Fkc1wvMjAyMVwvMDNcL2NoYXRlYXVkZWJyZXRldWlsLXNjZW5lLWNvbnRlLXBlcnJhdWx0LXBlYXUtZC1hbmUuanBnIiwic2xpZGVzaG93IjoiNTRjZGFlNSJ9\">\n\t\t\t\t\t<div class=\"e-gallery-image elementor-gallery-item__image\" data-thumbnail=\"https:\/\/www.breteuil.fr\/wp-content\/uploads\/2021\/03\/chateaudebreteuil-scene-conte-perrault-peau-d-ane-768x768.jpg\" data-width=\"768\" data-height=\"768\" aria-label=\"Sc\u00e8ne de conte de &quot;Peau d&#039;\u00c2ne&quot; d&#039;apr\u00e8s Charles Perrault\" role=\"img\" ><\/div>\n\t\t\t\t\t\t\t\t\t\t\t<div class=\"elementor-gallery-item__overlay\"><\/div>\n\t\t\t\t\t\t\t\t\t\t\t\t\t\t<\/a>\n\t\t\t\t\t<\/div>\n\t\t\t\t\t<\/div>\n\t\t\t\t<\/div>\n\t\t\t\t\t<\/div>\n\t\t<\/div>\n\t\t\t\t\t<\/div>\n\t\t<\/section>\n\t\t\t\t<section class=\"elementor-section elementor-top-section elementor-element elementor-element-2a7c03d9 elementor-section-boxed elementor-section-height-default elementor-section-height-default\" data-id=\"2a7c03d9\" data-element_type=\"section\">\n\t\t\t\t\t\t<div class=\"elementor-container elementor-column-gap-default\">\n\t\t\t\t\t<div class=\"elementor-column elementor-col-100 elementor-top-column elementor-element elementor-element-2aa08c37\" data-id=\"2aa08c37\" data-element_type=\"column\">\n\t\t\t<div class=\"elementor-widget-wrap elementor-element-populated\">\n\t\t\t\t\t\t<div class=\"elementor-element elementor-element-2c1ee7d elementor-widget elementor-widget-text-editor\" data-id=\"2c1ee7d\" data-element_type=\"widget\" data-widget_type=\"text-editor.default\">\n\t\t\t\t<div class=\"elementor-widget-container\">\n\t\t\t\t\t\t\t\t\t<p>Peu apr\u00e8s les contes, il entreprend la r\u00e9daction de ses <em>M\u00e9moires de ma vie<\/em>, un plaidoyer qui pr\u00e9sente l\u2019auteur et ses fr\u00e8res comme les v\u00e9ritables inspirateurs de l\u2019art de l\u2019\u00e9poque. L\u2019\u0153uvre reste inachev\u00e9e et ne sera publi\u00e9e qu\u2019en 1757. Charles Perrault d\u00e9c\u00e8de \u00e0 Paris le 16 mai 1703, \u00e0 l\u2019\u00e2ge de 75 ans.<\/p>\t\t\t\t\t\t\t\t<\/div>\n\t\t\t\t<\/div>\n\t\t\t\t<div class=\"elementor-element elementor-element-3f41501 elementor-widget elementor-widget-spacer\" data-id=\"3f41501\" data-element_type=\"widget\" data-widget_type=\"spacer.default\">\n\t\t\t\t<div class=\"elementor-widget-container\">\n\t\t\t\t\t\t\t<div class=\"elementor-spacer\">\n\t\t\t<div class=\"elementor-spacer-inner\"><\/div>\n\t\t<\/div>\n\t\t\t\t\t\t<\/div>\n\t\t\t\t<\/div>\n\t\t\t\t\t<\/div>\n\t\t<\/div>\n\t\t\t\t\t<\/div>\n\t\t<\/section>\n\t\t\t\t<section class=\"elementor-section elementor-top-section elementor-element elementor-element-18d847cb elementor-section-boxed elementor-section-height-default elementor-section-height-default\" data-id=\"18d847cb\" data-element_type=\"section\" data-settings=\"{&quot;background_background&quot;:&quot;classic&quot;}\">\n\t\t\t\t\t\t<div class=\"elementor-container elementor-column-gap-default\">\n\t\t\t\t\t<div class=\"elementor-column elementor-col-100 elementor-top-column elementor-element elementor-element-a6c2504\" data-id=\"a6c2504\" data-element_type=\"column\">\n\t\t\t<div class=\"elementor-widget-wrap elementor-element-populated\">\n\t\t\t\t\t\t<div class=\"elementor-element elementor-element-189ecd7b elementor-widget elementor-widget-spacer\" data-id=\"189ecd7b\" data-element_type=\"widget\" data-widget_type=\"spacer.default\">\n\t\t\t\t<div class=\"elementor-widget-container\">\n\t\t\t\t\t\t\t<div class=\"elementor-spacer\">\n\t\t\t<div class=\"elementor-spacer-inner\"><\/div>\n\t\t<\/div>\n\t\t\t\t\t\t<\/div>\n\t\t\t\t<\/div>\n\t\t\t\t<section class=\"elementor-section elementor-inner-section elementor-element elementor-element-17ef37e3 elementor-section-full_width elementor-section-content-middle elementor-section-height-default elementor-section-height-default\" data-id=\"17ef37e3\" data-element_type=\"section\">\n\t\t\t\t\t\t<div class=\"elementor-container elementor-column-gap-default\">\n\t\t\t\t\t<div class=\"elementor-column elementor-col-33 elementor-inner-column elementor-element elementor-element-c332373\" data-id=\"c332373\" data-element_type=\"column\">\n\t\t\t<div class=\"elementor-widget-wrap elementor-element-populated\">\n\t\t\t\t\t\t<div class=\"elementor-element elementor-element-60143076 elementor-widget elementor-widget-heading\" data-id=\"60143076\" data-element_type=\"widget\" data-widget_type=\"heading.default\">\n\t\t\t\t<div class=\"elementor-widget-container\">\n\t\t\t\t\t<h3 class=\"elementor-heading-title elementor-size-default\">Vous pourriez \u00eatre int\u00e9ress\u00e9(e) par ces contenus<\/h3>\t\t\t\t<\/div>\n\t\t\t\t<\/div>\n\t\t\t\t\t<\/div>\n\t\t<\/div>\n\t\t\t\t<div class=\"elementor-column elementor-col-33 elementor-inner-column elementor-element elementor-element-427d644d\" data-id=\"427d644d\" data-element_type=\"column\" data-settings=\"{&quot;background_background&quot;:&quot;classic&quot;}\">\n\t\t\t<div class=\"elementor-widget-wrap elementor-element-populated\">\n\t\t\t\t\t\t<div class=\"elementor-element elementor-element-54b518e9 elementor-view-default elementor-position-top elementor-mobile-position-top elementor-widget elementor-widget-icon-box\" data-id=\"54b518e9\" data-element_type=\"widget\" data-widget_type=\"icon-box.default\">\n\t\t\t\t<div class=\"elementor-widget-container\">\n\t\t\t\t\t\t\t<div class=\"elementor-icon-box-wrapper\">\n\n\t\t\t\t\t\t<div class=\"elementor-icon-box-icon\">\n\t\t\t\t<a href=\"\/la-conteuse\/\" class=\"elementor-icon\" tabindex=\"-1\" aria-label=\"La conteuse\">\n\t\t\t\t<i aria-hidden=\"true\" class=\"fas fa-book-reader\"><\/i>\t\t\t\t<\/a>\n\t\t\t<\/div>\n\t\t\t\n\t\t\t\t\t\t<div class=\"elementor-icon-box-content\">\n\n\t\t\t\t\t\t\t\t\t<h4 class=\"elementor-icon-box-title\">\n\t\t\t\t\t\t<a href=\"\/la-conteuse\/\" >\n\t\t\t\t\t\t\tLa conteuse\t\t\t\t\t\t<\/a>\n\t\t\t\t\t<\/h4>\n\t\t\t\t\n\t\t\t\t\t\t\t\t\t<p class=\"elementor-icon-box-description\">\n\t\t\t\t\t\t\u201cIl \u00e9tait une fois ...\u201d, voici la c\u00e9l\u00e8bre phrase par laquelle les histoires de la conteuse commencent.\t\t\t\t\t<\/p>\n\t\t\t\t\n\t\t\t<\/div>\n\t\t\t\n\t\t<\/div>\n\t\t\t\t\t\t<\/div>\n\t\t\t\t<\/div>\n\t\t\t\t\t<\/div>\n\t\t<\/div>\n\t\t\t\t<div class=\"elementor-column elementor-col-33 elementor-inner-column elementor-element elementor-element-363eee54\" data-id=\"363eee54\" data-element_type=\"column\" data-settings=\"{&quot;background_background&quot;:&quot;classic&quot;}\">\n\t\t\t<div class=\"elementor-widget-wrap elementor-element-populated\">\n\t\t\t\t\t\t<div class=\"elementor-element elementor-element-4a850494 elementor-view-default elementor-position-top elementor-mobile-position-top elementor-widget elementor-widget-icon-box\" data-id=\"4a850494\" data-element_type=\"widget\" data-widget_type=\"icon-box.default\">\n\t\t\t\t<div class=\"elementor-widget-container\">\n\t\t\t\t\t\t\t<div class=\"elementor-icon-box-wrapper\">\n\n\t\t\t\t\t\t<div class=\"elementor-icon-box-icon\">\n\t\t\t\t<a href=\"\/breteuil-dans-lhistoire\/\" class=\"elementor-icon\" tabindex=\"-1\" aria-label=\"Breteuil dans l&#039;histoire\">\n\t\t\t\t<i aria-hidden=\"true\" class=\"fas fa-history\"><\/i>\t\t\t\t<\/a>\n\t\t\t<\/div>\n\t\t\t\n\t\t\t\t\t\t<div class=\"elementor-icon-box-content\">\n\n\t\t\t\t\t\t\t\t\t<h4 class=\"elementor-icon-box-title\">\n\t\t\t\t\t\t<a href=\"\/breteuil-dans-lhistoire\/\" >\n\t\t\t\t\t\t\tBreteuil dans l'histoire\t\t\t\t\t\t<\/a>\n\t\t\t\t\t<\/h4>\n\t\t\t\t\n\t\t\t\t\t\t\t\t\t<p class=\"elementor-icon-box-description\">\n\t\t\t\t\t\tD\u00e9couvrez les grandes figures de la famille de Breteuil dont Louis de Breteuil, grand ami de Charles Perrault.\t\t\t\t\t<\/p>\n\t\t\t\t\n\t\t\t<\/div>\n\t\t\t\n\t\t<\/div>\n\t\t\t\t\t\t<\/div>\n\t\t\t\t<\/div>\n\t\t\t\t\t<\/div>\n\t\t<\/div>\n\t\t\t\t\t<\/div>\n\t\t<\/section>\n\t\t\t\t<div class=\"elementor-element elementor-element-4428310b elementor-widget elementor-widget-spacer\" data-id=\"4428310b\" data-element_type=\"widget\" data-widget_type=\"spacer.default\">\n\t\t\t\t<div class=\"elementor-widget-container\">\n\t\t\t\t\t\t\t<div class=\"elementor-spacer\">\n\t\t\t<div class=\"elementor-spacer-inner\"><\/div>\n\t\t<\/div>\n\t\t\t\t\t\t<\/div>\n\t\t\t\t<\/div>\n\t\t\t\t\t<\/div>\n\t\t<\/div>\n\t\t\t\t\t<\/div>\n\t\t<\/section>\n\t\t\t\t<\/div>\n\t\t","protected":false},"excerpt":{"rendered":"<p>D\u00c9COUVRIR LE PATRIMOINE Charles Perrault, un homme \u00e0 plusieurs facettes Si Les Contes de Charles Perrault sont lus par un large public depuis leur publication, l&rsquo;auteur lui, demeure peu connu. Homme libre, proche du pouvoir, Charles Perrault est un t\u00e9moin et un acteur du Grand Si\u00e8cle. Un homme au service du roi La vie de [&hellip;]<\/p>\n","protected":false},"author":2,"featured_media":0,"parent":0,"menu_order":0,"comment_status":"closed","ping_status":"closed","template":"","meta":{"site-sidebar-layout":"no-sidebar","site-content-layout":"page-builder","ast-site-content-layout":"default","site-content-style":"default","site-sidebar-style":"default","ast-global-header-display":"","ast-banner-title-visibility":"","ast-main-header-display":"","ast-hfb-above-header-display":"","ast-hfb-below-header-display":"","ast-hfb-mobile-header-display":"","site-post-title":"disabled","ast-breadcrumbs-content":"","ast-featured-img":"disabled","footer-sml-layout":"","theme-transparent-header-meta":"default","adv-header-id-meta":"","stick-header-meta":"","header-above-stick-meta":"","header-main-stick-meta":"","header-below-stick-meta":"","astra-migrate-meta-layouts":"default","ast-page-background-enabled":"default","ast-page-background-meta":{"desktop":{"background-color":"","background-image":"","background-repeat":"repeat","background-position":"center center","background-size":"auto","background-attachment":"scroll","background-type":"","background-media":"","overlay-type":"","overlay-color":"","overlay-opacity":"","overlay-gradient":""},"tablet":{"background-color":"","background-image":"","background-repeat":"repeat","background-position":"center center","background-size":"auto","background-attachment":"scroll","background-type":"","background-media":"","overlay-type":"","overlay-color":"","overlay-opacity":"","overlay-gradient":""},"mobile":{"background-color":"","background-image":"","background-repeat":"repeat","background-position":"center center","background-size":"auto","background-attachment":"scroll","background-type":"","background-media":"","overlay-type":"","overlay-color":"","overlay-opacity":"","overlay-gradient":""}},"ast-content-background-meta":{"desktop":{"background-color":"var(--ast-global-color-5)","background-image":"","background-repeat":"repeat","background-position":"center center","background-size":"auto","background-attachment":"scroll","background-type":"","background-media":"","overlay-type":"","overlay-color":"","overlay-opacity":"","overlay-gradient":""},"tablet":{"background-color":"var(--ast-global-color-5)","background-image":"","background-repeat":"repeat","background-position":"center center","background-size":"auto","background-attachment":"scroll","background-type":"","background-media":"","overlay-type":"","overlay-color":"","overlay-opacity":"","overlay-gradient":""},"mobile":{"background-color":"var(--ast-global-color-5)","background-image":"","background-repeat":"repeat","background-position":"center center","background-size":"auto","background-attachment":"scroll","background-type":"","background-media":"","overlay-type":"","overlay-color":"","overlay-opacity":"","overlay-gradient":""}},"footnotes":""},"class_list":["post-3558","page","type-page","status-publish","hentry"],"publishpress_future_action":{"enabled":false,"date":"2026-05-08 15:37:55","action":"change-status","newStatus":"draft","terms":[],"taxonomy":"translation_priority","extraData":[]},"publishpress_future_workflow_manual_trigger":{"enabledWorkflows":[]},"rttpg_featured_image_url":null,"rttpg_author":{"display_name":"Rachel Coudray","author_link":"https:\/\/www.breteuil.fr\/fr\/author\/poliphilia\/"},"rttpg_comment":0,"rttpg_category":" <a href=\"https:\/\/www.breteuil.fr\/fr\/?taxonomy=translation_priority&#038;term=facultatif\" rel=\"tag\">Facultatif<\/a>","rttpg_excerpt":"D\u00c9COUVRIR LE PATRIMOINE Charles Perrault, un homme \u00e0 plusieurs facettes Si Les Contes de Charles Perrault sont lus par un large public depuis leur publication, l&rsquo;auteur lui, demeure peu connu. Homme libre, proche du pouvoir, Charles Perrault est un t\u00e9moin et un acteur du Grand Si\u00e8cle. Un homme au service du roi La vie de\u2026","_links":{"self":[{"href":"https:\/\/www.breteuil.fr\/fr\/wp-json\/wp\/v2\/pages\/3558","targetHints":{"allow":["GET"]}}],"collection":[{"href":"https:\/\/www.breteuil.fr\/fr\/wp-json\/wp\/v2\/pages"}],"about":[{"href":"https:\/\/www.breteuil.fr\/fr\/wp-json\/wp\/v2\/types\/page"}],"author":[{"embeddable":true,"href":"https:\/\/www.breteuil.fr\/fr\/wp-json\/wp\/v2\/users\/2"}],"replies":[{"embeddable":true,"href":"https:\/\/www.breteuil.fr\/fr\/wp-json\/wp\/v2\/comments?post=3558"}],"version-history":[{"count":4,"href":"https:\/\/www.breteuil.fr\/fr\/wp-json\/wp\/v2\/pages\/3558\/revisions"}],"predecessor-version":[{"id":7510,"href":"https:\/\/www.breteuil.fr\/fr\/wp-json\/wp\/v2\/pages\/3558\/revisions\/7510"}],"wp:attachment":[{"href":"https:\/\/www.breteuil.fr\/fr\/wp-json\/wp\/v2\/media?parent=3558"}],"curies":[{"name":"wp","href":"https:\/\/api.w.org\/{rel}","templated":true}]}}