{"id":5443,"date":"2021-03-30T11:14:38","date_gmt":"2021-03-30T11:14:38","guid":{"rendered":"http:\/\/www.xwih1552.odns.fr\/?page_id=5443"},"modified":"2021-03-30T11:40:08","modified_gmt":"2021-03-30T11:40:08","slug":"parc-naturel-regional-haute-vallee-chevreuse","status":"publish","type":"page","link":"https:\/\/www.breteuil.fr\/fr\/parc-naturel-regional-haute-vallee-chevreuse\/","title":{"rendered":"Le parc naturel r\u00e9gional de la Haute Vall\u00e9e de Chevreuse"},"content":{"rendered":"\t\t<div data-elementor-type=\"wp-page\" data-elementor-id=\"5443\" class=\"elementor elementor-5443\" data-elementor-post-type=\"page\">\n\t\t\t\t\t\t<section class=\"elementor-section elementor-top-section elementor-element elementor-element-5d3facc2 elementor-reverse-mobile elementor-section-boxed elementor-section-height-default elementor-section-height-default\" data-id=\"5d3facc2\" data-element_type=\"section\" data-settings=\"{&quot;background_background&quot;:&quot;classic&quot;,&quot;shape_divider_bottom&quot;:&quot;waves&quot;,&quot;shape_divider_bottom_negative&quot;:&quot;yes&quot;}\">\n\t\t\t\t\t<div class=\"elementor-shape elementor-shape-bottom\" aria-hidden=\"true\" data-negative=\"true\">\n\t\t\t<svg xmlns=\"http:\/\/www.w3.org\/2000\/svg\" viewBox=\"0 0 1000 100\" preserveAspectRatio=\"none\">\n\t<path class=\"elementor-shape-fill\" d=\"M790.5,93.1c-59.3-5.3-116.8-18-192.6-50c-29.6-12.7-76.9-31-100.5-35.9c-23.6-4.9-52.6-7.8-75.5-5.3\n\tc-10.2,1.1-22.6,1.4-50.1,7.4c-27.2,6.3-58.2,16.6-79.4,24.7c-41.3,15.9-94.9,21.9-134,22.6C72,58.2,0,25.8,0,25.8V100h1000V65.3\n\tc0,0-51.5,19.4-106.2,25.7C839.5,97,814.1,95.2,790.5,93.1z\"\/>\n<\/svg>\t\t<\/div>\n\t\t\t\t\t<div class=\"elementor-container elementor-column-gap-default\">\n\t\t\t\t\t<div class=\"elementor-column elementor-col-100 elementor-top-column elementor-element elementor-element-17b0cd56\" data-id=\"17b0cd56\" data-element_type=\"column\">\n\t\t\t<div class=\"elementor-widget-wrap\">\n\t\t\t\t\t\t\t<\/div>\n\t\t<\/div>\n\t\t\t\t\t<\/div>\n\t\t<\/section>\n\t\t\t\t<section class=\"elementor-section elementor-top-section elementor-element elementor-element-31ec89e7 elementor-section-boxed elementor-section-height-default elementor-section-height-default\" data-id=\"31ec89e7\" data-element_type=\"section\">\n\t\t\t\t\t\t<div class=\"elementor-container elementor-column-gap-default\">\n\t\t\t\t\t<div class=\"elementor-column elementor-col-100 elementor-top-column elementor-element elementor-element-5de9081a\" data-id=\"5de9081a\" data-element_type=\"column\">\n\t\t\t<div class=\"elementor-widget-wrap elementor-element-populated\">\n\t\t\t\t\t\t<div class=\"elementor-element elementor-element-6c76b5fd elementor-widget__width-auto elementor-widget elementor-widget-heading\" data-id=\"6c76b5fd\" data-element_type=\"widget\" data-widget_type=\"heading.default\">\n\t\t\t\t<div class=\"elementor-widget-container\">\n\t\t\t\t\t<h4 class=\"elementor-heading-title elementor-size-medium\">D\u00c9COUVRIR LE PATRIMOINE<\/h4>\t\t\t\t<\/div>\n\t\t\t\t<\/div>\n\t\t\t\t<div class=\"elementor-element elementor-element-15454151 elementor-widget elementor-widget-heading\" data-id=\"15454151\" data-element_type=\"widget\" data-widget_type=\"heading.default\">\n\t\t\t\t<div class=\"elementor-widget-container\">\n\t\t\t\t\t<h1 class=\"elementor-heading-title elementor-size-xl\">Le parc naturel r\u00e9gional de la Haute Vall\u00e9e de Chevreuse <\/h1>\t\t\t\t<\/div>\n\t\t\t\t<\/div>\n\t\t\t\t<div class=\"elementor-element elementor-element-b3186d2 elementor-widget-divider--view-line elementor-widget elementor-widget-divider\" data-id=\"b3186d2\" data-element_type=\"widget\" data-widget_type=\"divider.default\">\n\t\t\t\t<div class=\"elementor-widget-container\">\n\t\t\t\t\t\t\t<div class=\"elementor-divider\">\n\t\t\t<span class=\"elementor-divider-separator\">\n\t\t\t\t\t\t<\/span>\n\t\t<\/div>\n\t\t\t\t\t\t<\/div>\n\t\t\t\t<\/div>\n\t\t\t\t\t<\/div>\n\t\t<\/div>\n\t\t\t\t\t<\/div>\n\t\t<\/section>\n\t\t\t\t<section class=\"elementor-section elementor-top-section elementor-element elementor-element-688c719 elementor-section-boxed elementor-section-height-default elementor-section-height-default\" data-id=\"688c719\" data-element_type=\"section\">\n\t\t\t\t\t\t<div class=\"elementor-container elementor-column-gap-default\">\n\t\t\t\t\t<div class=\"elementor-column elementor-col-100 elementor-top-column elementor-element elementor-element-68d14e5f\" data-id=\"68d14e5f\" data-element_type=\"column\">\n\t\t\t<div class=\"elementor-widget-wrap elementor-element-populated\">\n\t\t\t\t\t\t<div class=\"elementor-element elementor-element-7a899cd8 elementor-widget elementor-widget-text-editor\" data-id=\"7a899cd8\" data-element_type=\"widget\" data-widget_type=\"text-editor.default\">\n\t\t\t\t<div class=\"elementor-widget-container\">\n\t\t\t\t\t\t\t\t\t<p>Le parc naturel r\u00e9gional de la Haute Vall\u00e9e de Chevreuse est l&rsquo;un des principaux parcs d&rsquo;Ile-de-France. Il regroupe un extraordinaire patrimoine naturel et construit. Il est ainsi un merveilleux lieu de promenades et de culture et de d\u00e9tente.<\/p>\t\t\t\t\t\t\t\t<\/div>\n\t\t\t\t<\/div>\n\t\t\t\t\t<\/div>\n\t\t<\/div>\n\t\t\t\t\t<\/div>\n\t\t<\/section>\n\t\t\t\t<section class=\"elementor-section elementor-top-section elementor-element elementor-element-4dc83caf elementor-section-boxed elementor-section-height-default elementor-section-height-default\" data-id=\"4dc83caf\" data-element_type=\"section\">\n\t\t\t\t\t\t<div class=\"elementor-container elementor-column-gap-default\">\n\t\t\t\t\t<div class=\"elementor-column elementor-col-100 elementor-top-column elementor-element elementor-element-721b6d6e\" data-id=\"721b6d6e\" data-element_type=\"column\">\n\t\t\t<div class=\"elementor-widget-wrap elementor-element-populated\">\n\t\t\t\t\t\t<div class=\"elementor-element elementor-element-593e752d elementor-widget elementor-widget-heading\" data-id=\"593e752d\" data-element_type=\"widget\" data-widget_type=\"heading.default\">\n\t\t\t\t<div class=\"elementor-widget-container\">\n\t\t\t\t\t<h2 class=\"elementor-heading-title elementor-size-default\">Patrimoine Naturel et Patrimoine construit du PARC NATUREL R\u00c9GIONAL DE LA HAUTE VALL\u00c9E DE CHEVREUSE <\/h2>\t\t\t\t<\/div>\n\t\t\t\t<\/div>\n\t\t\t\t\t<\/div>\n\t\t<\/div>\n\t\t\t\t\t<\/div>\n\t\t<\/section>\n\t\t\t\t<section class=\"elementor-section elementor-top-section elementor-element elementor-element-62f46e67 elementor-section-boxed elementor-section-height-default elementor-section-height-default\" data-id=\"62f46e67\" data-element_type=\"section\">\n\t\t\t\t\t\t<div class=\"elementor-container elementor-column-gap-default\">\n\t\t\t\t\t<div class=\"elementor-column elementor-col-50 elementor-top-column elementor-element elementor-element-7001ba55\" data-id=\"7001ba55\" data-element_type=\"column\">\n\t\t\t<div class=\"elementor-widget-wrap elementor-element-populated\">\n\t\t\t\t\t\t<div class=\"elementor-element elementor-element-47513161 elementor-widget elementor-widget-text-editor\" data-id=\"47513161\" data-element_type=\"widget\" data-widget_type=\"text-editor.default\">\n\t\t\t\t<div class=\"elementor-widget-container\">\n\t\t\t\t\t\t\t\t\t<p>Le parc naturel r\u00e9gional de la Haute Vall\u00e9e de Chevreuse est un parc naturel r\u00e9gional situ\u00e9 le long et aux alentours de la vall\u00e9e de Chevreuse (partie amont de la vall\u00e9e de l&rsquo;Yvette), de la for\u00eat de Rambouillet et du plateau du Hurepoix.<\/p><p>Situ\u00e9 \u00e0 une vingtaine de kilom\u00e8tres au sud-ouest de Paris, la haute vall\u00e9e de Chevreuse demeure l&rsquo;un des principaux parcs d&rsquo;\u00cele-de-France \u00e0 dominante rurale.<br \/>Partie int\u00e9grante du grand massif forestier de la for\u00eat de Rambouillet qui constitue 40 % de son territoire, 90 % de l&rsquo;espace y est occup\u00e9 par des for\u00eats, des espaces naturels ou des exploitations agricoles.<\/p><p>De nombreux sentiers, dont des sentiers de grande randonn\u00e9e, sillonnent le Parc et permettent de partir \u00e0 pied \u00e0 la d\u00e9couverte des sites. Notamment, le chemin Jean Racine qui relie Chevreuse \u00e0 l&rsquo;abbaye de Port-Royal des Champs.<\/p>\t\t\t\t\t\t\t\t<\/div>\n\t\t\t\t<\/div>\n\t\t\t\t<div class=\"elementor-element elementor-element-18123c40 elementor-widget elementor-widget-text-editor\" data-id=\"18123c40\" data-element_type=\"widget\" data-widget_type=\"text-editor.default\">\n\t\t\t\t<div class=\"elementor-widget-container\">\n\t\t\t\t\t\t\t\t\t<p>Cette r\u00e9gion poss\u00e8de un important patrimoine historique : ch\u00e2teaux, \u00e9glises, manoirs et fortifications f\u00e9odales.<br \/>Les plus proches du ch\u00e2teau de Breteuil sont :<\/p><ul><li>Le <a href=\"https:\/\/www.domaine-dampierre.com\/\" target=\"_blank\" rel=\"noopener\">Domaine de Dampierre<\/a><\/li><li>Le <a href=\"https:\/\/www.parc-naturel-chevreuse.fr\/destination-parc\/chateau-de-la-madeleine\" target=\"_blank\" rel=\"noopener\">ch\u00e2teau de La Madeleine<\/a>, surplombant Chevreuse, lieu embl\u00e9matique de la vall\u00e9e<\/li><li>L\u2019<a href=\"https:\/\/www.port-royal-des-champs.eu\/\" target=\"_blank\" rel=\"noopener\">abbaye de Port-Royal des Champs<\/a>, berceau du jans\u00e9nisme, entre Magny-les-Hameaux et Voisins-le-Bretonneux<\/li><li>L\u2019<a href=\"https:\/\/www.abbayedecernay.com\/\" target=\"_blank\" rel=\"noopener\">abbaye des Vaux de Cernay<\/a>, entre Cernay-la-ville, Senlisse et Auffargis<\/li><li>Les cascades et le petit moulin des Vaux de Cernay, en contrebas de Cernay-la-ville<\/li><li><a href=\"http:\/\/www.chateaudesaintjeandebeauregard.com\/\" target=\"_blank\" rel=\"noopener\">Le domaine de Saint-Jean de Beauregard<\/a><\/li><\/ul>\t\t\t\t\t\t\t\t<\/div>\n\t\t\t\t<\/div>\n\t\t\t\t\t<\/div>\n\t\t<\/div>\n\t\t\t\t<div class=\"elementor-column elementor-col-50 elementor-top-column elementor-element elementor-element-3b44d89d\" data-id=\"3b44d89d\" data-element_type=\"column\">\n\t\t\t<div class=\"elementor-widget-wrap elementor-element-populated\">\n\t\t\t\t\t\t<div class=\"elementor-element elementor-element-779b8a66 elementor-widget elementor-widget-image\" data-id=\"779b8a66\" data-element_type=\"widget\" data-widget_type=\"image.default\">\n\t\t\t\t<div class=\"elementor-widget-container\">\n\t\t\t\t\t\t\t\t\t\t\t\t\t\t\t<img fetchpriority=\"high\" decoding=\"async\" width=\"714\" height=\"1000\" src=\"https:\/\/www.breteuil.fr\/wp-content\/uploads\/2021\/02\/jardindebreteuil-perspective-grenouillere.jpg\" class=\"attachment-medium_large size-medium_large wp-image-3366\" alt=\"Le bassin de la grenouill\u00e8re et la perspective sur LE PARC NATUREL R\u00c9GIONAL DE LA HAUTE VALL\u00c9E DE CHEVREUSE\" srcset=\"https:\/\/www.breteuil.fr\/wp-content\/uploads\/2021\/02\/jardindebreteuil-perspective-grenouillere.jpg 714w, https:\/\/www.breteuil.fr\/wp-content\/uploads\/2021\/02\/jardindebreteuil-perspective-grenouillere-214x300.jpg 214w\" sizes=\"(max-width: 714px) 100vw, 714px\" \/>\t\t\t\t\t\t\t\t\t\t\t\t\t\t\t<\/div>\n\t\t\t\t<\/div>\n\t\t\t\t\t<\/div>\n\t\t<\/div>\n\t\t\t\t\t<\/div>\n\t\t<\/section>\n\t\t\t\t<section class=\"elementor-section elementor-top-section elementor-element elementor-element-c74de8e elementor-section-boxed elementor-section-height-default elementor-section-height-default\" data-id=\"c74de8e\" data-element_type=\"section\">\n\t\t\t\t\t\t<div class=\"elementor-container elementor-column-gap-default\">\n\t\t\t\t\t<div class=\"elementor-column elementor-col-100 elementor-top-column elementor-element elementor-element-26171cd\" data-id=\"26171cd\" data-element_type=\"column\">\n\t\t\t<div class=\"elementor-widget-wrap elementor-element-populated\">\n\t\t\t\t\t\t<div class=\"elementor-element elementor-element-5a5e937 elementor-widget elementor-widget-spacer\" data-id=\"5a5e937\" data-element_type=\"widget\" data-widget_type=\"spacer.default\">\n\t\t\t\t<div class=\"elementor-widget-container\">\n\t\t\t\t\t\t\t<div class=\"elementor-spacer\">\n\t\t\t<div class=\"elementor-spacer-inner\"><\/div>\n\t\t<\/div>\n\t\t\t\t\t\t<\/div>\n\t\t\t\t<\/div>\n\t\t\t\t\t<\/div>\n\t\t<\/div>\n\t\t\t\t\t<\/div>\n\t\t<\/section>\n\t\t\t\t<section class=\"elementor-section elementor-top-section elementor-element elementor-element-19dbb3cb elementor-section-boxed elementor-section-height-default elementor-section-height-default\" data-id=\"19dbb3cb\" data-element_type=\"section\" data-settings=\"{&quot;background_background&quot;:&quot;classic&quot;}\">\n\t\t\t\t\t\t<div class=\"elementor-container elementor-column-gap-default\">\n\t\t\t\t\t<div class=\"elementor-column elementor-col-100 elementor-top-column elementor-element elementor-element-6c20c80b\" data-id=\"6c20c80b\" data-element_type=\"column\">\n\t\t\t<div class=\"elementor-widget-wrap elementor-element-populated\">\n\t\t\t\t\t\t<div class=\"elementor-element elementor-element-d1eae3b elementor-widget elementor-widget-spacer\" data-id=\"d1eae3b\" data-element_type=\"widget\" data-widget_type=\"spacer.default\">\n\t\t\t\t<div class=\"elementor-widget-container\">\n\t\t\t\t\t\t\t<div class=\"elementor-spacer\">\n\t\t\t<div class=\"elementor-spacer-inner\"><\/div>\n\t\t<\/div>\n\t\t\t\t\t\t<\/div>\n\t\t\t\t<\/div>\n\t\t\t\t<section class=\"elementor-section elementor-inner-section elementor-element elementor-element-987680b elementor-section-full_width elementor-section-content-middle elementor-section-height-default elementor-section-height-default\" data-id=\"987680b\" data-element_type=\"section\">\n\t\t\t\t\t\t<div class=\"elementor-container elementor-column-gap-default\">\n\t\t\t\t\t<div class=\"elementor-column elementor-col-33 elementor-inner-column elementor-element elementor-element-99c5cd0\" data-id=\"99c5cd0\" data-element_type=\"column\">\n\t\t\t<div class=\"elementor-widget-wrap elementor-element-populated\">\n\t\t\t\t\t\t<div class=\"elementor-element elementor-element-46f3c619 elementor-widget elementor-widget-heading\" data-id=\"46f3c619\" data-element_type=\"widget\" data-widget_type=\"heading.default\">\n\t\t\t\t<div class=\"elementor-widget-container\">\n\t\t\t\t\t<h3 class=\"elementor-heading-title elementor-size-default\">Vous pourriez \u00eatre int\u00e9ress\u00e9(e) par ces contenus<\/h3>\t\t\t\t<\/div>\n\t\t\t\t<\/div>\n\t\t\t\t\t<\/div>\n\t\t<\/div>\n\t\t\t\t<div class=\"elementor-column elementor-col-33 elementor-inner-column elementor-element elementor-element-185813a6\" data-id=\"185813a6\" data-element_type=\"column\" data-settings=\"{&quot;background_background&quot;:&quot;classic&quot;}\">\n\t\t\t<div class=\"elementor-widget-wrap elementor-element-populated\">\n\t\t\t\t\t\t<div class=\"elementor-element elementor-element-2796ad91 elementor-view-default elementor-position-top elementor-mobile-position-top elementor-widget elementor-widget-icon-box\" data-id=\"2796ad91\" data-element_type=\"widget\" data-widget_type=\"icon-box.default\">\n\t\t\t\t<div class=\"elementor-widget-container\">\n\t\t\t\t\t\t\t<div class=\"elementor-icon-box-wrapper\">\n\n\t\t\t\t\t\t<div class=\"elementor-icon-box-icon\">\n\t\t\t\t<a href=\"\/hebergement\/\" class=\"elementor-icon\" tabindex=\"-1\" aria-label=\"S\u00c9JOURNER \u00c0 BRETEUIL\">\n\t\t\t\t<i aria-hidden=\"true\" class=\"fas fa-bed\"><\/i>\t\t\t\t<\/a>\n\t\t\t<\/div>\n\t\t\t\n\t\t\t\t\t\t<div class=\"elementor-icon-box-content\">\n\n\t\t\t\t\t\t\t\t\t<h4 class=\"elementor-icon-box-title\">\n\t\t\t\t\t\t<a href=\"\/hebergement\/\" >\n\t\t\t\t\t\t\tS\u00c9JOURNER \u00c0 BRETEUIL\t\t\t\t\t\t<\/a>\n\t\t\t\t\t<\/h4>\n\t\t\t\t\n\t\t\t\t\t\t\t\t\t<p class=\"elementor-icon-box-description\">\n\t\t\t\t\t\tVivez une exp\u00e9rience unique en passant une ou plusieurs nuit(s) sur site.\t\t\t\t\t<\/p>\n\t\t\t\t\n\t\t\t<\/div>\n\t\t\t\n\t\t<\/div>\n\t\t\t\t\t\t<\/div>\n\t\t\t\t<\/div>\n\t\t\t\t\t<\/div>\n\t\t<\/div>\n\t\t\t\t<div class=\"elementor-column elementor-col-33 elementor-inner-column elementor-element elementor-element-57f340d8\" data-id=\"57f340d8\" data-element_type=\"column\" data-settings=\"{&quot;background_background&quot;:&quot;classic&quot;}\">\n\t\t\t<div class=\"elementor-widget-wrap elementor-element-populated\">\n\t\t\t\t\t\t<div class=\"elementor-element elementor-element-12790dfa elementor-view-default elementor-position-top elementor-mobile-position-top elementor-widget elementor-widget-icon-box\" data-id=\"12790dfa\" data-element_type=\"widget\" data-widget_type=\"icon-box.default\">\n\t\t\t\t<div class=\"elementor-widget-container\">\n\t\t\t\t\t\t\t<div class=\"elementor-icon-box-wrapper\">\n\n\t\t\t\t\t\t<div class=\"elementor-icon-box-icon\">\n\t\t\t\t<a href=\"\/breteuil-dans-lhistoire\/\" class=\"elementor-icon\" tabindex=\"-1\" aria-label=\"Breteuil dans l&#039;histoire\">\n\t\t\t\t<i aria-hidden=\"true\" class=\"fas fa-history\"><\/i>\t\t\t\t<\/a>\n\t\t\t<\/div>\n\t\t\t\n\t\t\t\t\t\t<div class=\"elementor-icon-box-content\">\n\n\t\t\t\t\t\t\t\t\t<h4 class=\"elementor-icon-box-title\">\n\t\t\t\t\t\t<a href=\"\/breteuil-dans-lhistoire\/\" >\n\t\t\t\t\t\t\tBreteuil dans l'histoire\t\t\t\t\t\t<\/a>\n\t\t\t\t\t<\/h4>\n\t\t\t\t\n\t\t\t\t\t\t\t\t\t<p class=\"elementor-icon-box-description\">\n\t\t\t\t\t\tD\u00e9couvrez les grandes figures de la famille de Breteuil dont Louis de Breteuil, grand ami de Charles Perrault.\t\t\t\t\t<\/p>\n\t\t\t\t\n\t\t\t<\/div>\n\t\t\t\n\t\t<\/div>\n\t\t\t\t\t\t<\/div>\n\t\t\t\t<\/div>\n\t\t\t\t\t<\/div>\n\t\t<\/div>\n\t\t\t\t\t<\/div>\n\t\t<\/section>\n\t\t\t\t<div class=\"elementor-element elementor-element-4edb391c elementor-widget elementor-widget-spacer\" data-id=\"4edb391c\" data-element_type=\"widget\" data-widget_type=\"spacer.default\">\n\t\t\t\t<div class=\"elementor-widget-container\">\n\t\t\t\t\t\t\t<div class=\"elementor-spacer\">\n\t\t\t<div class=\"elementor-spacer-inner\"><\/div>\n\t\t<\/div>\n\t\t\t\t\t\t<\/div>\n\t\t\t\t<\/div>\n\t\t\t\t\t<\/div>\n\t\t<\/div>\n\t\t\t\t\t<\/div>\n\t\t<\/section>\n\t\t\t\t<\/div>\n\t\t","protected":false},"excerpt":{"rendered":"<p>D\u00c9COUVRIR LE PATRIMOINE Le parc naturel r\u00e9gional de la Haute Vall\u00e9e de Chevreuse Le parc naturel r\u00e9gional de la Haute Vall\u00e9e de Chevreuse est l&rsquo;un des principaux parcs d&rsquo;Ile-de-France. Il regroupe un extraordinaire patrimoine naturel et construit. Il est ainsi un merveilleux lieu de promenades et de culture et de d\u00e9tente. Patrimoine Naturel et Patrimoine [&hellip;]<\/p>\n","protected":false},"author":2,"featured_media":0,"parent":0,"menu_order":0,"comment_status":"closed","ping_status":"closed","template":"","meta":{"site-sidebar-layout":"no-sidebar","site-content-layout":"page-builder","ast-site-content-layout":"default","site-content-style":"default","site-sidebar-style":"default","ast-global-header-display":"","ast-banner-title-visibility":"","ast-main-header-display":"","ast-hfb-above-header-display":"","ast-hfb-below-header-display":"","ast-hfb-mobile-header-display":"","site-post-title":"disabled","ast-breadcrumbs-content":"","ast-featured-img":"disabled","footer-sml-layout":"","theme-transparent-header-meta":"default","adv-header-id-meta":"","stick-header-meta":"","header-above-stick-meta":"","header-main-stick-meta":"","header-below-stick-meta":"","astra-migrate-meta-layouts":"default","ast-page-background-enabled":"default","ast-page-background-meta":{"desktop":{"background-color":"","background-image":"","background-repeat":"repeat","background-position":"center center","background-size":"auto","background-attachment":"scroll","background-type":"","background-media":"","overlay-type":"","overlay-color":"","overlay-opacity":"","overlay-gradient":""},"tablet":{"background-color":"","background-image":"","background-repeat":"repeat","background-position":"center center","background-size":"auto","background-attachment":"scroll","background-type":"","background-media":"","overlay-type":"","overlay-color":"","overlay-opacity":"","overlay-gradient":""},"mobile":{"background-color":"","background-image":"","background-repeat":"repeat","background-position":"center center","background-size":"auto","background-attachment":"scroll","background-type":"","background-media":"","overlay-type":"","overlay-color":"","overlay-opacity":"","overlay-gradient":""}},"ast-content-background-meta":{"desktop":{"background-color":"var(--ast-global-color-5)","background-image":"","background-repeat":"repeat","background-position":"center center","background-size":"auto","background-attachment":"scroll","background-type":"","background-media":"","overlay-type":"","overlay-color":"","overlay-opacity":"","overlay-gradient":""},"tablet":{"background-color":"var(--ast-global-color-5)","background-image":"","background-repeat":"repeat","background-position":"center center","background-size":"auto","background-attachment":"scroll","background-type":"","background-media":"","overlay-type":"","overlay-color":"","overlay-opacity":"","overlay-gradient":""},"mobile":{"background-color":"var(--ast-global-color-5)","background-image":"","background-repeat":"repeat","background-position":"center center","background-size":"auto","background-attachment":"scroll","background-type":"","background-media":"","overlay-type":"","overlay-color":"","overlay-opacity":"","overlay-gradient":""}},"footnotes":""},"class_list":["post-5443","page","type-page","status-publish","hentry"],"publishpress_future_action":{"enabled":false,"date":"2026-05-06 10:21:01","action":"change-status","newStatus":"draft","terms":[],"taxonomy":"translation_priority","extraData":[]},"publishpress_future_workflow_manual_trigger":{"enabledWorkflows":[]},"rttpg_featured_image_url":null,"rttpg_author":{"display_name":"Rachel Coudray","author_link":"https:\/\/www.breteuil.fr\/fr\/author\/poliphilia\/"},"rttpg_comment":0,"rttpg_category":" <a href=\"https:\/\/www.breteuil.fr\/fr\/?taxonomy=translation_priority&#038;term=facultatif\" rel=\"tag\">Facultatif<\/a>","rttpg_excerpt":"D\u00c9COUVRIR LE PATRIMOINE Le parc naturel r\u00e9gional de la Haute Vall\u00e9e de Chevreuse Le parc naturel r\u00e9gional de la Haute Vall\u00e9e de Chevreuse est l&rsquo;un des principaux parcs d&rsquo;Ile-de-France. Il regroupe un extraordinaire patrimoine naturel et construit. Il est ainsi un merveilleux lieu de promenades et de culture et de d\u00e9tente. Patrimoine Naturel et Patrimoine\u2026","_links":{"self":[{"href":"https:\/\/www.breteuil.fr\/fr\/wp-json\/wp\/v2\/pages\/5443","targetHints":{"allow":["GET"]}}],"collection":[{"href":"https:\/\/www.breteuil.fr\/fr\/wp-json\/wp\/v2\/pages"}],"about":[{"href":"https:\/\/www.breteuil.fr\/fr\/wp-json\/wp\/v2\/types\/page"}],"author":[{"embeddable":true,"href":"https:\/\/www.breteuil.fr\/fr\/wp-json\/wp\/v2\/users\/2"}],"replies":[{"embeddable":true,"href":"https:\/\/www.breteuil.fr\/fr\/wp-json\/wp\/v2\/comments?post=5443"}],"version-history":[{"count":0,"href":"https:\/\/www.breteuil.fr\/fr\/wp-json\/wp\/v2\/pages\/5443\/revisions"}],"wp:attachment":[{"href":"https:\/\/www.breteuil.fr\/fr\/wp-json\/wp\/v2\/media?parent=5443"}],"curies":[{"name":"wp","href":"https:\/\/api.w.org\/{rel}","templated":true}]}}